{"id":6138,"date":"2024-04-15T16:47:42","date_gmt":"2024-04-15T14:47:42","guid":{"rendered":"https:\/\/dqio.ub.edu\/esdeveniments-2\/"},"modified":"2024-06-04T10:46:39","modified_gmt":"2024-06-04T08:46:39","slug":"events-dqio","status":"publish","type":"page","link":"https:\/\/dqio.ub.edu\/en\/events-dqio\/","title":{"rendered":"Events DQIO"},"content":{"rendered":"<section class=\"l-section wpb_row height_auto width_full with_img parallax_ver\"><div class=\"l-section-img\" role=\"img\" data-img-width=\"2560\" data-img-height=\"1440\" style=\"background-image: url(https:\/\/dqio.ub.edu\/wp-content\/uploads\/2024\/02\/disposicion-cristaleria-microscopio-scaled.jpg);background-repeat: no-repeat;\"><\/div><div class=\"l-section-overlay\" style=\"background:linear-gradient(260deg,rgba(255,255,255,0),#ffffff)\"><\/div><div class=\"l-section-h i-cf\"><div class=\"g-cols vc_row via_grid cols_2 laptops-cols_inherit tablets-cols_inherit mobiles-cols_1 valign_middle type_default stacking_default\"><div class=\"wpb_column vc_column_container\"><div class=\"vc_column-inner\"><div class=\"g-cols wpb_row faculty via_grid cols_1 laptops-cols_inherit tablets-cols_inherit mobiles-cols_1 valign_middle type_boxes stacking_default\" style=\"--gap:0rem;\"><div class=\"wpb_column vc_column_container\"><div class=\"vc_column-inner\"><div class=\"wpb_text_column us_custom_d36548be titol has_text_color\"><div class=\"wpb_wrapper\"><h3>Events<\/h3>\n<\/div><\/div><\/div><\/div><\/div><\/div><\/div><div class=\"wpb_column vc_column_container\"><div class=\"vc_column-inner\"><\/div><\/div><\/div><\/div><\/section><section class=\"l-section wpb_row us_custom_82abb717 height_auto width_custom with_img\" style=\"--site-content-width:1300px;\"><div class=\"l-section-img\" role=\"img\" data-img-width=\"7364\" data-img-height=\"2645\" style=\"background-image: url(https:\/\/dqio.ub.edu\/wp-content\/uploads\/2023\/10\/Group-144.png);\"><\/div><div class=\"l-section-h i-cf\"><div class=\"g-cols vc_row via_grid cols_1 laptops-cols_inherit tablets-cols_inherit mobiles-cols_1 valign_top type_default stacking_default\"><div class=\"wpb_column vc_column_container\"><div class=\"vc_column-inner\"><div class=\"g-cols wpb_row via_grid cols_1 laptops-cols_inherit tablets-cols_inherit mobiles-cols_1 valign_top type_boxes stacking_default\" style=\"--gap:0rem;\"><div class=\"wpb_column vc_column_container\"><div class=\"vc_column-inner\"><div class=\"wpb_text_column us_custom_d36548be has_text_color\"><div class=\"wpb_wrapper\"><h3 style=\"text-align: center;\">Events<\/h3>\n<\/div><\/div><div class=\"w-separator size_medium with_line width_default thick_1 style_solid color_primary align_center\"><div class=\"w-separator-h\"><\/div><\/div><div class=\"w-grid type_grid layout_4485 with_filters\" id=\"us_grid_1\" style=\"--gap:1.5rem;\"><style>.layout_4485 .w-grid-item-h{}.layout_4485 .usg_hwrapper_1{width:100%!important;background:#ffffff!important}.layout_4485 .usg_vwrapper_1{width:100%!important}.layout_4485 .usg_post_content_1{font-size:15px!important;width:100%!important;padding:29px!important}.layout_4485 .usg_post_taxonomy_1{width:120%!important;padding-left:25px!important;padding-top:25px!important;padding-bottom:0px!important}.layout_4485 .usg_hwrapper_2{width:100%!important}.layout_4485 .usg_html_1{color:#ffffff!important;text-align:center!important;font-size:20px!important;max-width:280px!important;min-width:200px!important;position:relative!important;top:0!important;right:0!important;padding:10px!important;background:#2e6da4!important}.layout_4485 .usg_post_image_1{width:30%!important;min-width:200px!important;padding:29px!important}@media (min-width:1025px) and (max-width:1440px){.layout_4485 .usg_html_1{color:#ffffff!important;text-align:center!important;font-size:20px!important;width:12%!important;max-width:20%!important}}@media (min-width:601px) and (max-width:1024px){.layout_4485 .usg_html_1{color:#ffffff!important;text-align:center!important;font-size:10px!important;width:24%!important;max-width:24%!important}}@media (max-width:600px){.layout_4485 .usg_html_1{color:#ffffff!important;text-align:center!important;font-size:10px!important;min-width:148px!important}}<\/style><div class=\"g-filters style_2 align_center\"><button class=\"g-filters-item active\" data-taxonomy=\"*\"><span>All<\/span><\/button><button class=\"g-filters-item\" data-taxonomy=\"events-inorganic\" data-amount=\"2\"><span>Events inorganic<\/span><span class=\"g-filters-item-amount\">2<\/span><\/button><button class=\"g-filters-item\" data-taxonomy=\"inorganica-past-events\" data-amount=\"7\"><span>Inorganica past events<\/span><span class=\"g-filters-item-amount\">7<\/span><\/button><button class=\"g-filters-item\" data-taxonomy=\"esdeveniments-passats-organica-en\" data-amount=\"33\"><span>Organic Past Events<\/span><span class=\"g-filters-item-amount\">33<\/span><\/button><\/div><div class=\"w-grid-list\" data-filter_taxonomy_name=\"category\" data-filter_default_taxonomies=\"esdeveniments-passats-organica-en,events-inorganic,inorganica-past-events,events-organic\">\t<article class=\"w-grid-item size_1x1 post-8543 post type-post status-publish format-standard has-post-thumbnail hentry category-events-inorganic\" data-id=\"8543\">\r\n\t\t<div class=\"w-grid-item-h\">\r\n\t\t\t\t\t\t<div class=\"w-hwrapper usg_hwrapper_1 align_none valign_top\"><div class=\"w-vwrapper usg_vwrapper_1 align_none valign_top\"><div class=\"w-hwrapper usg_hwrapper_2 align_none valign_top\"><div class=\"w-post-elm post_taxonomy usg_post_taxonomy_1 style_badge color_link_inherit\"><span class=\"w-btn us-btn-style_1 term-224 term-events-inorganic\">Events inorganic<\/span><\/div><div class=\"w-html usg_html_1 has_text_color\">30 of June, 2026<\/div><\/div><div class=\"w-hwrapper usg_hwrapper_3 align_none valign_top stack_on_mobiles\"><div class=\"w-post-elm post_content usg_post_content_1 without_sections\"><div class=\"grayband-detail__basic-info\">\n<h5 class=\"mt-3 mt-xl-0 title\">Exhibition: 100 anys de la mec\u00e0nica qu\u00e0ntica (100 Years of Quantum Mechanics), 11\/ 12\/25 &#8211; 06\/30\/26<\/h5>\n<p>The Historic Collection of the CRAI Library at Physics and Chemistry organizes an annual exhibition dedicated to a specific topic. This year, it commemorates the 100th anniversary of the establishment of the foundations of quantum mechanics.<\/p>\n<p>In the summer of 1925, Werner Heisenberg proposed the first formulation of quantum theory \u2014 completed in the autumn of the same year by Max Born, Pascual Jordan, and Heisenberg himself, and independently by Paul Dirac \u2014 known as matrix mechanics. Starting in January 1926, Erwin Schr\u00f6dinger established an alternative formulation: wave mechanics.<\/p>\n<p>&nbsp;<\/p>\n<\/div>\n<div class=\"detail\">\n<div class=\"row detail-info mb-2 mb-lg-0\">\n<div class=\"col-12 col-lg-3 col-xl-2 detail-column\"><span class=\"detail-title\">Location: <\/span><span class=\"detail-text\">CRAI | Library at Physics and Chemistry<\/span><\/div>\n<\/div>\n<div class=\"row detail-info\">\n<div class=\"col-12 col-lg-3 col-xl-2\"><span class=\"detail-title\">Organized by: <\/span><span class=\"detail-text\">Historic Collection at the CRAI Library at Physics and Chemistry\u00a0<\/span><\/div>\n<div>Link: <a href=\"https:\/\/web.ub.edu\/en\/web\/actualitat\/w\/100-anys-mecanica-quantica?referer=agenda\">https:\/\/web.ub.edu\/en\/web\/actualitat\/w\/100-anys-mecanica-quantica?referer=agenda<\/a><\/div>\n<\/div>\n<\/div>\n<div class=\"grayband-detail__basic-info\">\n<p>&nbsp;<\/p>\n<\/div>\n<div class=\"detail\">\n<div class=\"row detail-info mb-2 mb-lg-0\"><\/div>\n<div class=\"row detail-info\">\n<div><\/div>\n<\/div>\n<\/div>\n<\/div><div class=\"w-post-elm post_image usg_post_image_1 has_width\"><img loading=\"lazy\" decoding=\"async\" width=\"325\" height=\"325\" src=\"https:\/\/dqio.ub.edu\/wp-content\/uploads\/2026\/03\/expoCRAI2026.png\" class=\"attachment-full size-full wp-post-image\" alt=\"\" srcset=\"https:\/\/dqio.ub.edu\/wp-content\/uploads\/2026\/03\/expoCRAI2026.png 325w, https:\/\/dqio.ub.edu\/wp-content\/uploads\/2026\/03\/expoCRAI2026-300x300.png 300w, https:\/\/dqio.ub.edu\/wp-content\/uploads\/2026\/03\/expoCRAI2026-150x150.png 150w\" sizes=\"auto, (max-width: 325px) 100vw, 325px\" \/><\/div><\/div><\/div><\/div>\t\t<\/div>\r\n\t\t\t<\/article>\r\n\t<article class=\"w-grid-item size_1x1 post-8295 post type-post status-publish format-standard hentry category-events-inorganic\" data-id=\"8295\">\r\n\t\t<div class=\"w-grid-item-h\">\r\n\t\t\t\t\t\t<div class=\"w-hwrapper usg_hwrapper_1 align_none valign_top\"><div class=\"w-vwrapper usg_vwrapper_1 align_none valign_top\"><div class=\"w-hwrapper usg_hwrapper_2 align_none valign_top\"><div class=\"w-post-elm post_taxonomy usg_post_taxonomy_1 style_badge color_link_inherit\"><span class=\"w-btn us-btn-style_1 term-224 term-events-inorganic\">Events inorganic<\/span><\/div><div class=\"w-html usg_html_1 has_text_color\">22 of May, 2026<\/div><\/div><div class=\"w-hwrapper usg_hwrapper_3 align_none valign_top stack_on_mobiles\"><div class=\"w-post-elm post_content usg_post_content_1 without_sections\"><h5>Seminaris del M\u00e0ster de Qu\u00edmica de Materials Aplicada Curs 2025\/2026<\/h5>\n<p><strong>Lloc<\/strong>: Aula Enric Casassas o Aula Eduard Fontser\u00e9 segons disponibilitat (consultar les pantalles de difusi\u00f3 de la Facultat de Qu\u00edmica per cada seminari concret).<\/p>\n<p><strong>Hora<\/strong>: 12h00-13h00<\/p>\n<h5><strong>Dia\u00a0 \u00a0 \u00a0 \u00a0 \u00a0 \u00a0 \u00a0 \u00a0 \u00a0 \u00a0 \u00a0 \u00a0 \u00a0 Ponent i Instituci\u00f3<\/strong><\/h5>\n<p><strong>17\/10\/25\u00a0 \u00a0 \u00a0 \u00a0 <\/strong>Richard Spontak, \u00a0North Carolina State University (USA)<\/p>\n<p><strong>24\/10\/25\u00a0 \u00a0 \u00a0 \u00a0 <\/strong>Elaine Armelin, \u00a0Universitat Polit\u00e8cnica de Catalunya<\/p>\n<p><strong>07\/11\/25\u00a0 \u00a0 \u00a0 \u00a0 <\/strong>Mar\u00eda Escudero, \u00a0Institut Catal\u00e0 de Nanoci\u00e8ncia i Nanotecnologia (ICN2)<\/p>\n<p><strong>21\/11\/25\u00a0 \u00a0 \u00a0 \u00a0 <\/strong>Francesc Illes, \u00a0Universitat de Barcelona<\/p>\n<p><strong>05\/12\/25\u00a0 \u00a0 \u00a0 \u00a0 <\/strong>Manel Mart\u00ednez, Universitat de Barcelona<\/p>\n<p><strong>19\/12\/25\u00a0 \u00a0 \u00a0 \u00a0 <\/strong>Pablo Guardia, Institut de Ci\u00e8ncia de Materials de Barcelona (ICMAB-CSIC)<\/p>\n<p><strong>20\/02\/26\u00a0 \u00a0 \u00a0 <\/strong>Beatriu Escuder, \u00a0Universitat Jaume I<\/p>\n<p><strong>06\/03\/26\u00a0 \u00a0 \u00a0 <\/strong>Jordi Fern\u00e1ndez, \u00a0Vibrantz<\/p>\n<p><strong>13\/03\/26\u00a0 \u00a0 \u00a0 \u00a0<\/strong>Sergi Cuesta, Vitsolc<\/p>\n<p><strong>27\/03\/26\u00a0 \u00a0 \u00a0 \u00a0<\/strong>M\u00f3nica Gim\u00e9nez-Marqu\u00e9s, \u00a0Institut de Ci\u00e8ncia Molecular (ICMOL)<\/p>\n<p><strong>10\/04\/26\u00a0 \u00a0 \u00a0 \u00a0<\/strong>Neus Bast\u00fas, Institut Catal\u00e0 de Nanoci\u00e8ncia i Nanotecnologia (ICN2)<\/p>\n<p><strong>24\/04\/26 <\/strong>\u00a0 \u00a0 \u00a0 TBA<\/p>\n<p><strong>08\/05\/26\u00a0 \u00a0 \u00a0 \u00a0<\/strong>Sara Rojas Mac\u00edas, \u00a0Universidad de Granada<\/p>\n<p><strong>22\/05\/26\u00a0 \u00a0 \u00a0 \u00a0<\/strong>Matteo Mannini, \u00a0Universit\u00e0 degli Studi di Firenze (Italia)<\/p>\n<\/div><\/div><\/div><\/div>\t\t<\/div>\r\n\t\t\t<\/article>\r\n\t<article class=\"w-grid-item size_1x1 post-8504 post type-post status-publish format-standard hentry category-noticies-organica category-esdeveniments-passats-organica-en\" data-id=\"8504\">\r\n\t\t<div class=\"w-grid-item-h\">\r\n\t\t\t\t\t\t<div class=\"w-hwrapper usg_hwrapper_1 align_none valign_top\"><div class=\"w-vwrapper usg_vwrapper_1 align_none valign_top\"><div class=\"w-hwrapper usg_hwrapper_2 align_none valign_top\"><div class=\"w-post-elm post_taxonomy usg_post_taxonomy_1 style_badge color_link_inherit\"><div class=\"w-post-elm-list\"><span class=\"w-btn us-btn-style_1 term-2 term-noticies-organica\">Not\u00edcies Org\u00e0nica<\/span><span class=\"w-btn us-btn-style_1 term-311 term-esdeveniments-passats-organica-en\">Organic Past Events<\/span><\/div><\/div><div class=\"w-html usg_html_1 has_text_color\">17 of February, 2026<\/div><\/div><div class=\"w-hwrapper usg_hwrapper_3 align_none valign_top stack_on_mobiles\"><div class=\"w-post-elm post_content usg_post_content_1 without_sections\"><h4 style=\"text-align: left\"><strong>Lecture of the Doctoral Program in Organic Chemistry<\/strong><\/h4>\n<h4 style=\"text-align: right\"><strong><img loading=\"lazy\" decoding=\"async\" class=\"wp-image-8505 alignright\" src=\"https:\/\/dqio.ub.edu\/wp-content\/uploads\/2026\/02\/Imagen1-300x300.jpg\" alt=\"\" width=\"192\" height=\"192\" srcset=\"https:\/\/dqio.ub.edu\/wp-content\/uploads\/2026\/02\/Imagen1-300x300.jpg 300w, https:\/\/dqio.ub.edu\/wp-content\/uploads\/2026\/02\/Imagen1-150x150.jpg 150w, https:\/\/dqio.ub.edu\/wp-content\/uploads\/2026\/02\/Imagen1.jpg 472w\" sizes=\"auto, (max-width: 192px) 100vw, 192px\" \/><\/strong><\/h4>\n<h5><strong>In situ lipid synthesis: from functional artificial cells to targeted therapeutics<\/strong><\/h5>\n<p>By Dr. Roberto J. Brea, Centro Interdisciplinar de Qu\u00edmica e Biolox\u00eda (CICA), Universidade da Coru\u00f1a<\/p>\n<p>\ud83d\uddd3 <strong>Date:<\/strong> Tuesday, February 17, 2026<br \/>\n\ud83d\udd5b <strong>Time:<\/strong> 12:00 PM<br \/>\n\ud83d\udccd <strong>Venue:<\/strong> Enric Casassas Lecture Hall, Faculty of Chemistry, University of Barcelona (UB)<\/p>\n<\/div><\/div><\/div><\/div>\t\t<\/div>\r\n\t\t\t<\/article>\r\n\t<article class=\"w-grid-item size_1x1 post-8447 post type-post status-publish format-standard hentry category-esdeveniments-organica category-esdeveniments-passats-organica-en\" data-id=\"8447\">\r\n\t\t<div class=\"w-grid-item-h\">\r\n\t\t\t\t\t\t<div class=\"w-hwrapper usg_hwrapper_1 align_none valign_top\"><div class=\"w-vwrapper usg_vwrapper_1 align_none valign_top\"><div class=\"w-hwrapper usg_hwrapper_2 align_none valign_top\"><div class=\"w-post-elm post_taxonomy usg_post_taxonomy_1 style_badge color_link_inherit\"><div class=\"w-post-elm-list\"><span class=\"w-btn us-btn-style_1 term-214 term-esdeveniments-organica\">Esdeveniments org\u00e0nica<\/span><span class=\"w-btn us-btn-style_1 term-311 term-esdeveniments-passats-organica-en\">Organic Past Events<\/span><\/div><\/div><div class=\"w-html usg_html_1 has_text_color\">10 of February, 2026<\/div><\/div><div class=\"w-hwrapper usg_hwrapper_3 align_none valign_top stack_on_mobiles\"><div class=\"w-post-elm post_content usg_post_content_1 without_sections\"><h4><strong>Lecture of the Doctoral Program in Organic Chemistry<\/strong><\/h4>\n<p><img loading=\"lazy\" decoding=\"async\" class=\"alignnone wp-image-8448 alignright\" src=\"https:\/\/dqio.ub.edu\/wp-content\/uploads\/2026\/02\/Becky_photo-214x300.jpg\" alt=\"\" width=\"168\" height=\"236\" srcset=\"https:\/\/dqio.ub.edu\/wp-content\/uploads\/2026\/02\/Becky_photo-214x300.jpg 214w, https:\/\/dqio.ub.edu\/wp-content\/uploads\/2026\/02\/Becky_photo-731x1024.jpg 731w, https:\/\/dqio.ub.edu\/wp-content\/uploads\/2026\/02\/Becky_photo-scaled.jpg 1829w\" sizes=\"auto, (max-width: 168px) 100vw, 168px\" \/><\/p>\n<h5><strong>Science, Women in Chemistry, Advice &amp; More!<\/strong><\/h5>\n<p>By Dr. Rebecca T. Ruck, Merck Research Laboratories<\/p>\n<p>\ud83d\uddd3 <strong>Date:<\/strong> Tuesday, February 10, 2026<br \/>\n\ud83d\udd5b <strong>Time:<\/strong> 12:00 PM<br \/>\n\ud83d\udccd <strong>Venue:<\/strong> Enric Casassas Lecture Hall, Faculty of Chemistry, University of Barcelona (UB)<\/p>\n<p>Dr. Rebecca T. Ruck, Associate Vice President at Merck Research Laboratories, will share her experience in research, innovation, and leadership in chemistry, as well as her reflections on the role of women in science and advice for young researchers. She currently leads the Enabling Technologies group, driving cutting-edge projects in catalysis, photochemical processes, and biocatalysis applied to the pharmaceutical industry. Internationally recognized for her commitment to diversity and scientific excellence, Dr. Ruck will offer an inspiring perspective on research, scientific careers, and the future of chemistry.<\/p>\n<\/div><\/div><\/div><\/div>\t\t<\/div>\r\n\t\t\t<\/article>\r\n\t<article class=\"w-grid-item size_1x1 post-8415 post type-post status-publish format-standard hentry category-esdeveniments-passats-organica-en\" data-id=\"8415\">\r\n\t\t<div class=\"w-grid-item-h\">\r\n\t\t\t\t\t\t<div class=\"w-hwrapper usg_hwrapper_1 align_none valign_top\"><div class=\"w-vwrapper usg_vwrapper_1 align_none valign_top\"><div class=\"w-hwrapper usg_hwrapper_2 align_none valign_top\"><div class=\"w-post-elm post_taxonomy usg_post_taxonomy_1 style_badge color_link_inherit\"><span class=\"w-btn us-btn-style_1 term-311 term-esdeveniments-passats-organica-en\">Organic Past Events<\/span><\/div><div class=\"w-html usg_html_1 has_text_color\">15 of December, 2025<\/div><\/div><div class=\"w-hwrapper usg_hwrapper_3 align_none valign_top stack_on_mobiles\"><div class=\"w-post-elm post_content usg_post_content_1 without_sections\"><h4><strong>Confer\u00e8ncia del Programa de Doctorat en Qu\u00edmica Org\u00e0nica<\/strong><\/h4>\n<h5><img loading=\"lazy\" decoding=\"async\" class=\"alignnone wp-image-8401 alignright\" src=\"https:\/\/dqio.ub.edu\/wp-content\/uploads\/2025\/12\/JavierReaddeAlaniz-300x300.jpg\" alt=\"\" width=\"194\" height=\"194\" srcset=\"https:\/\/dqio.ub.edu\/wp-content\/uploads\/2025\/12\/JavierReaddeAlaniz-300x300.jpg 300w, https:\/\/dqio.ub.edu\/wp-content\/uploads\/2025\/12\/JavierReaddeAlaniz-1024x1022.jpg 1024w, https:\/\/dqio.ub.edu\/wp-content\/uploads\/2025\/12\/JavierReaddeAlaniz-150x150.jpg 150w, https:\/\/dqio.ub.edu\/wp-content\/uploads\/2025\/12\/JavierReaddeAlaniz.jpg 1920w\" sizes=\"auto, (max-width: 194px) 100vw, 194px\" \/><\/h5>\n<h5><strong>Exploration of light responsive materials<\/strong><\/h5>\n<p>A c\u00e0rrec del Dr. Javier Read de Alaniz, University of California Santa Barbara<\/p>\n<p>\ud83d\uddd3 <strong>Data:<\/strong> Dilluns, 15 de desembre de 2025<br \/>\n\ud83d\udd5b <strong>Hora:<\/strong> 12:00<br \/>\n\ud83d\udccd <strong>Lloc:<\/strong> Aula 105 de la Facultat de Qu\u00edmica (UB)<\/p>\n<\/div><\/div><\/div><\/div>\t\t<\/div>\r\n\t\t\t<\/article>\r\n\t<article class=\"w-grid-item size_1x1 post-8359 post type-post status-publish format-standard hentry category-esdeveniments-passats-organica-en\" data-id=\"8359\">\r\n\t\t<div class=\"w-grid-item-h\">\r\n\t\t\t\t\t\t<div class=\"w-hwrapper usg_hwrapper_1 align_none valign_top\"><div class=\"w-vwrapper usg_vwrapper_1 align_none valign_top\"><div class=\"w-hwrapper usg_hwrapper_2 align_none valign_top\"><div class=\"w-post-elm post_taxonomy usg_post_taxonomy_1 style_badge color_link_inherit\"><span class=\"w-btn us-btn-style_1 term-311 term-esdeveniments-passats-organica-en\">Organic Past Events<\/span><\/div><div class=\"w-html usg_html_1 has_text_color\">10 of December, 2025<\/div><\/div><div class=\"w-hwrapper usg_hwrapper_3 align_none valign_top stack_on_mobiles\"><div class=\"w-post-elm post_content usg_post_content_1 without_sections\"><h4><span style=\"color: #3366ff\">Upcoming PhD Thesis Defense<\/span><\/h4>\n<p><img loading=\"lazy\" decoding=\"async\" class=\"alignnone  wp-image-8356 alignright\" src=\"https:\/\/dqio.ub.edu\/wp-content\/uploads\/2025\/12\/Clara_Fabregat-225x300.jpg\" alt=\"\" width=\"151\" height=\"201\" srcset=\"https:\/\/dqio.ub.edu\/wp-content\/uploads\/2025\/12\/Clara_Fabregat-225x300.jpg 225w, https:\/\/dqio.ub.edu\/wp-content\/uploads\/2025\/12\/Clara_Fabregat-768x1024.jpg 768w, https:\/\/dqio.ub.edu\/wp-content\/uploads\/2025\/12\/Clara_Fabregat.jpg 1536w\" sizes=\"auto, (max-width: 151px) 100vw, 151px\" \/><\/p>\n<p>Next Wednesday, December 10th, at 11:00 a.m., in the Enric Casassas Aula Magna, our colleague Clara Fabregat will defend her PhD thesis entitled &#8220;<em>Development of Novel Carbazole and Dibenzothiophene-based Organic Semiconductors and its application in Organic Field-Effect Transistors<\/em>&#8220;, supervised by Dr. Dolors Velasco and Dr. Jaume Garcia.<\/p>\n<p>Congratulations on all the work done! We wish her all the very best in her future career!<\/p>\n<\/div><\/div><\/div><\/div>\t\t<\/div>\r\n\t\t\t<\/article>\r\n\t<article class=\"w-grid-item size_1x1 post-8339 post type-post status-publish format-standard hentry category-esdeveniments-passats-organica-en\" data-id=\"8339\">\r\n\t\t<div class=\"w-grid-item-h\">\r\n\t\t\t\t\t\t<div class=\"w-hwrapper usg_hwrapper_1 align_none valign_top\"><div class=\"w-vwrapper usg_vwrapper_1 align_none valign_top\"><div class=\"w-hwrapper usg_hwrapper_2 align_none valign_top\"><div class=\"w-post-elm post_taxonomy usg_post_taxonomy_1 style_badge color_link_inherit\"><span class=\"w-btn us-btn-style_1 term-311 term-esdeveniments-passats-organica-en\">Organic Past Events<\/span><\/div><div class=\"w-html usg_html_1 has_text_color\">28 of November, 2025<\/div><\/div><div class=\"w-hwrapper usg_hwrapper_3 align_none valign_top stack_on_mobiles\"><div class=\"w-post-elm post_content usg_post_content_1 without_sections\"><h4><strong>Lecture of the Doctoral Program in Organic Chemistry<img loading=\"lazy\" decoding=\"async\" class=\" wp-image-8335 alignright\" src=\"https:\/\/dqio.ub.edu\/wp-content\/uploads\/2025\/11\/Lennox-208x300.png\" alt=\"\" width=\"144\" height=\"208\" srcset=\"https:\/\/dqio.ub.edu\/wp-content\/uploads\/2025\/11\/Lennox-208x300.png 208w, https:\/\/dqio.ub.edu\/wp-content\/uploads\/2025\/11\/Lennox.png 427w\" sizes=\"auto, (max-width: 144px) 100vw, 144px\" \/><\/strong><\/h4>\n<h5><strong>Electrochemical hypervalent iodine-mediated alkene and alkyne fluorination <\/strong><\/h5>\n<p>By Dr. Alastair Lennox, University of Bristol<\/p>\n<p>\ud83d\uddd3 <strong>Date:<\/strong> Friday, November 28, 2025<br \/>\n\ud83d\udd5b <strong>Time:<\/strong> 12:00 PM<br \/>\n\ud83d\udccd <strong>Venue:<\/strong> Enric Casassas Lecture Hall, Faculty of Chemistry, University of Barcelona (UB)<\/p>\n<\/div><\/div><\/div><\/div>\t\t<\/div>\r\n\t\t\t<\/article>\r\n\t<article class=\"w-grid-item size_1x1 post-8240 post type-post status-publish format-standard hentry category-noticies-organica category-esdeveniments-passats-organica-en\" data-id=\"8240\">\r\n\t\t<div class=\"w-grid-item-h\">\r\n\t\t\t\t\t\t<div class=\"w-hwrapper usg_hwrapper_1 align_none valign_top\"><div class=\"w-vwrapper usg_vwrapper_1 align_none valign_top\"><div class=\"w-hwrapper usg_hwrapper_2 align_none valign_top\"><div class=\"w-post-elm post_taxonomy usg_post_taxonomy_1 style_badge color_link_inherit\"><div class=\"w-post-elm-list\"><span class=\"w-btn us-btn-style_1 term-2 term-noticies-organica\">Not\u00edcies Org\u00e0nica<\/span><span class=\"w-btn us-btn-style_1 term-311 term-esdeveniments-passats-organica-en\">Organic Past Events<\/span><\/div><\/div><div class=\"w-html usg_html_1 has_text_color\">30 of October, 2025<\/div><\/div><div class=\"w-hwrapper usg_hwrapper_3 align_none valign_top stack_on_mobiles\"><div class=\"w-post-elm post_content usg_post_content_1 without_sections\"><h4><strong>Lecture of the Doctoral Program in Organic Chemistry<\/strong><\/h4>\n<h5><img loading=\"lazy\" decoding=\"async\" class=\" wp-image-8234 alignright\" src=\"https:\/\/dqio.ub.edu\/wp-content\/uploads\/2025\/10\/Foto_CMuller-233x300.jpeg\" alt=\"\" width=\"180\" height=\"232\" srcset=\"https:\/\/dqio.ub.edu\/wp-content\/uploads\/2025\/10\/Foto_CMuller-233x300.jpeg 233w, https:\/\/dqio.ub.edu\/wp-content\/uploads\/2025\/10\/Foto_CMuller.jpeg 306w\" sizes=\"auto, (max-width: 180px) 100vw, 180px\" \/><\/h5>\n<h5><em>The di-\u03c0-methane rearrangement in phosphabarrelenes<\/em><\/h5>\n<h5>By Dr. Christian M\u00fcller, Freie Universit\u00e4t Berlin<\/h5>\n<h5>\ud83d\uddd3 <strong>Date:<\/strong> Thursday, October 30, 2025<br \/>\n\ud83d\udd5b <strong>Time:<\/strong> 12:00 PM<br \/>\n\ud83d\udccd <strong>Venue:<\/strong> Enric Casassas Lecture Hall, Faculty of Chemistry, University of Barcelona (UB)<\/h5>\n<\/div><\/div><\/div><\/div>\t\t<\/div>\r\n\t\t\t<\/article>\r\n\t<article class=\"w-grid-item size_1x1 post-8199 post type-post status-publish format-standard hentry category-esdeveniments-passats-organica-en\" data-id=\"8199\">\r\n\t\t<div class=\"w-grid-item-h\">\r\n\t\t\t\t\t\t<div class=\"w-hwrapper usg_hwrapper_1 align_none valign_top\"><div class=\"w-vwrapper usg_vwrapper_1 align_none valign_top\"><div class=\"w-hwrapper usg_hwrapper_2 align_none valign_top\"><div class=\"w-post-elm post_taxonomy usg_post_taxonomy_1 style_badge color_link_inherit\"><span class=\"w-btn us-btn-style_1 term-311 term-esdeveniments-passats-organica-en\">Organic Past Events<\/span><\/div><div class=\"w-html usg_html_1 has_text_color\">17 of October, 2025<\/div><\/div><div class=\"w-hwrapper usg_hwrapper_3 align_none valign_top stack_on_mobiles\"><div class=\"w-post-elm post_content usg_post_content_1 without_sections\"><h4><strong>Lecture of the Doctoral Program in Organic Chemistry<\/strong><\/h4>\n<h5><img loading=\"lazy\" decoding=\"async\" class=\"alignnone size-full wp-image-8195 alignright\" src=\"https:\/\/dqio.ub.edu\/wp-content\/uploads\/2025\/10\/Foto_KMP2.jpg\" alt=\"\" width=\"181\" height=\"229\" \/><\/h5>\n<h5><strong><em>Solar Energy Conversion and Energy Storage Materials<\/em><\/strong><\/h5>\n<h5>By Dr. Kasper Moth\u2013Poulsen, Universitat Polit\u00e8cnica de Catalunya<\/h5>\n<h5>\ud83d\uddd3 <strong>Date:<\/strong> Friday, October 17, 2025<br \/>\n\ud83d\udd5b <strong>Time:<\/strong> 12:00 PM<br \/>\n\ud83d\udccd <strong>Venue:<\/strong> Enric Casassas Lecture Hall, Faculty of Chemistry, University of Barcelona (UB)<\/h5>\n<\/div><\/div><\/div><\/div>\t\t<\/div>\r\n\t\t\t<\/article>\r\n\t<article class=\"w-grid-item size_1x1 post-8169 post type-post status-publish format-standard hentry category-esdeveniments-passats-organica-en\" data-id=\"8169\">\r\n\t\t<div class=\"w-grid-item-h\">\r\n\t\t\t\t\t\t<div class=\"w-hwrapper usg_hwrapper_1 align_none valign_top\"><div class=\"w-vwrapper usg_vwrapper_1 align_none valign_top\"><div class=\"w-hwrapper usg_hwrapper_2 align_none valign_top\"><div class=\"w-post-elm post_taxonomy usg_post_taxonomy_1 style_badge color_link_inherit\"><span class=\"w-btn us-btn-style_1 term-311 term-esdeveniments-passats-organica-en\">Organic Past Events<\/span><\/div><div class=\"w-html usg_html_1 has_text_color\">10 of October, 2025<\/div><\/div><div class=\"w-hwrapper usg_hwrapper_3 align_none valign_top stack_on_mobiles\"><div class=\"w-post-elm post_content usg_post_content_1 without_sections\"><h4><span style=\"color: #333399\">Upcoming PhD Thesis Defense<\/span><\/h4>\n<p><img loading=\"lazy\" decoding=\"async\" class=\"alignnone size-medium wp-image-8163 alignright\" src=\"https:\/\/dqio.ub.edu\/wp-content\/uploads\/2025\/10\/Marta_Lopez-220x300.jpg\" alt=\"\" width=\"220\" height=\"300\" srcset=\"https:\/\/dqio.ub.edu\/wp-content\/uploads\/2025\/10\/Marta_Lopez-220x300.jpg 220w, https:\/\/dqio.ub.edu\/wp-content\/uploads\/2025\/10\/Marta_Lopez-750x1024.jpg 750w, https:\/\/dqio.ub.edu\/wp-content\/uploads\/2025\/10\/Marta_Lopez-scaled.jpg 1876w\" sizes=\"auto, (max-width: 220px) 100vw, 220px\" \/><\/p>\n<p>Next Friday, October 10th, at 11:30 a.m., in the Enric Casassas Aula Magna, our colleague Marta L\u00f3pez will defend her PhD thesis entitled <em>New visible-light activated caging groups based on COUPY dyes for anticancer phototherapeutic applications<\/em>, supervised by Dr. Vicente March\u00e1n.<\/p>\n<p>Congratulations on all the work done! We wish her all the very best in her future career!<\/p>\n<\/div><\/div><\/div><\/div>\t\t<\/div>\r\n\t\t\t<\/article>\r\n\t<article class=\"w-grid-item size_1x1 post-8031 post type-post status-publish format-standard hentry category-esdeveniments-passats-organica-en\" data-id=\"8031\">\r\n\t\t<div class=\"w-grid-item-h\">\r\n\t\t\t\t\t\t<div class=\"w-hwrapper usg_hwrapper_1 align_none valign_top\"><div class=\"w-vwrapper usg_vwrapper_1 align_none valign_top\"><div class=\"w-hwrapper usg_hwrapper_2 align_none valign_top\"><div class=\"w-post-elm post_taxonomy usg_post_taxonomy_1 style_badge color_link_inherit\"><span class=\"w-btn us-btn-style_1 term-311 term-esdeveniments-passats-organica-en\">Organic Past Events<\/span><\/div><div class=\"w-html usg_html_1 has_text_color\">13 of June, 2025<\/div><\/div><div class=\"w-hwrapper usg_hwrapper_3 align_none valign_top stack_on_mobiles\"><div class=\"w-post-elm post_content usg_post_content_1 without_sections\"><h4>Award Ceremony: Josep Castells and Marcial Moreno Ma\u00f1as Prizes<\/h4>\n<p data-start=\"142\" data-end=\"270\">\ud83d\uddd3 <strong>Date:<\/strong> Friday, June 13th<\/p>\n<p data-start=\"142\" data-end=\"270\">\ud83d\udd5b <strong>Time:<\/strong> from 11:00 to 13:00<\/p>\n<p data-start=\"142\" data-end=\"270\">\ud83d\udccd <strong>Venue:<\/strong> Enric Casassas Lecture Hall, Faculty of Chemistry, University of Barcelona (UB)<\/p>\n<\/div><\/div><\/div><\/div>\t\t<\/div>\r\n\t\t\t<\/article>\r\n\t<article class=\"w-grid-item size_1x1 post-8014 post type-post status-publish format-standard hentry category-esdeveniments-passats-organica-en\" data-id=\"8014\">\r\n\t\t<div class=\"w-grid-item-h\">\r\n\t\t\t\t\t\t<div class=\"w-hwrapper usg_hwrapper_1 align_none valign_top\"><div class=\"w-vwrapper usg_vwrapper_1 align_none valign_top\"><div class=\"w-hwrapper usg_hwrapper_2 align_none valign_top\"><div class=\"w-post-elm post_taxonomy usg_post_taxonomy_1 style_badge color_link_inherit\"><span class=\"w-btn us-btn-style_1 term-311 term-esdeveniments-passats-organica-en\">Organic Past Events<\/span><\/div><div class=\"w-html usg_html_1 has_text_color\">5 of June, 2025<\/div><\/div><div class=\"w-hwrapper usg_hwrapper_3 align_none valign_top stack_on_mobiles\"><div class=\"w-post-elm post_content usg_post_content_1 without_sections\"><h4><strong>Lecture of the Doctoral Program in Organic Chemistry<\/strong><\/h4>\n<h5><img loading=\"lazy\" decoding=\"async\" class=\"alignnone  wp-image-8011 alignright\" src=\"https:\/\/dqio.ub.edu\/wp-content\/uploads\/2025\/05\/Wiktor2-300x300.jpg\" alt=\"\" width=\"245\" height=\"245\" srcset=\"https:\/\/dqio.ub.edu\/wp-content\/uploads\/2025\/05\/Wiktor2-300x300.jpg 300w, https:\/\/dqio.ub.edu\/wp-content\/uploads\/2025\/05\/Wiktor2-150x150.jpg 150w, https:\/\/dqio.ub.edu\/wp-content\/uploads\/2025\/05\/Wiktor2.jpg 738w\" sizes=\"auto, (max-width: 245px) 100vw, 245px\" \/><\/h5>\n<h5><strong>Photopharmacology: Towards Image-Guided Pharmacotherapy<\/strong><\/h5>\n<p>By Dr. Wiktor Szymanski, Groningen Research Institute of Pharmacy, University of Groningen<\/p>\n<p>\ud83d\uddd3 <strong>Date:<\/strong> Thursday, June 5, 2025<br \/>\n\ud83d\udd5b <strong>Time:<\/strong> 11:00 PM<br \/>\n\ud83d\udccd <strong>Venue:<\/strong> Eduard Fonser\u00e8 Lecture Hall, Faculty of Physics, University of Barcelona (UB)<\/p>\n<\/div><\/div><\/div><\/div>\t\t<\/div>\r\n\t\t\t<\/article>\r\n\t<article class=\"w-grid-item size_1x1 post-7996 post type-post status-publish format-standard hentry category-esdeveniments-passats-organica-en\" data-id=\"7996\">\r\n\t\t<div class=\"w-grid-item-h\">\r\n\t\t\t\t\t\t<div class=\"w-hwrapper usg_hwrapper_1 align_none valign_top\"><div class=\"w-vwrapper usg_vwrapper_1 align_none valign_top\"><div class=\"w-hwrapper usg_hwrapper_2 align_none valign_top\"><div class=\"w-post-elm post_taxonomy usg_post_taxonomy_1 style_badge color_link_inherit\"><span class=\"w-btn us-btn-style_1 term-311 term-esdeveniments-passats-organica-en\">Organic Past Events<\/span><\/div><div class=\"w-html usg_html_1 has_text_color\">28 of May, 2025<\/div><\/div><div class=\"w-hwrapper usg_hwrapper_3 align_none valign_top stack_on_mobiles\"><div class=\"w-post-elm post_content usg_post_content_1 without_sections\"><h4><strong>Lecture of the Doctoral Program in Organic Chemistry<img loading=\"lazy\" decoding=\"async\" class=\" wp-image-7997 alignright\" src=\"https:\/\/dqio.ub.edu\/wp-content\/uploads\/2025\/05\/FotoCV-226x300.png\" alt=\"\" width=\"159\" height=\"212\" srcset=\"https:\/\/dqio.ub.edu\/wp-content\/uploads\/2025\/05\/FotoCV-226x300.png 226w, https:\/\/dqio.ub.edu\/wp-content\/uploads\/2025\/05\/FotoCV.png 331w\" sizes=\"auto, (max-width: 159px) 100vw, 159px\" \/><\/strong><\/h4>\n<h5><strong>\u00a0<\/strong><\/h5>\n<p>By Dr. Claudio Viegas, Universidade Federal de Alfenas (Brazil)<\/p>\n<p>\ud83d\uddd3 <strong>Date:<\/strong> Wednesday, May 28, 2025<br \/>\n\ud83d\udd5b <strong>Time:<\/strong> 12:00 PM<br \/>\n\ud83d\udccd <strong>Venue:<\/strong> Enric Casassas Lecture Hall, Faculty of Chemistry, University of Barcelona (UB)<\/p>\n<\/div><\/div><\/div><\/div>\t\t<\/div>\r\n\t\t\t<\/article>\r\n\t<article class=\"w-grid-item size_1x1 post-7990 post type-post status-publish format-standard hentry category-esdeveniments-passats-organica-en\" data-id=\"7990\">\r\n\t\t<div class=\"w-grid-item-h\">\r\n\t\t\t\t\t\t<div class=\"w-hwrapper usg_hwrapper_1 align_none valign_top\"><div class=\"w-vwrapper usg_vwrapper_1 align_none valign_top\"><div class=\"w-hwrapper usg_hwrapper_2 align_none valign_top\"><div class=\"w-post-elm post_taxonomy usg_post_taxonomy_1 style_badge color_link_inherit\"><span class=\"w-btn us-btn-style_1 term-311 term-esdeveniments-passats-organica-en\">Organic Past Events<\/span><\/div><div class=\"w-html usg_html_1 has_text_color\">23 of May, 2025<\/div><\/div><div class=\"w-hwrapper usg_hwrapper_3 align_none valign_top stack_on_mobiles\"><div class=\"w-post-elm post_content usg_post_content_1 without_sections\"><h4><strong>Lecture of the Doctoral Program in Organic Chemistry<\/strong><\/h4>\n<h5 style=\"text-align: left\"><strong>Smart Nanocarriers by Design<\/strong><\/h5>\n<p><img loading=\"lazy\" decoding=\"async\" class=\"wp-image-7986 alignright\" src=\"https:\/\/dqio.ub.edu\/wp-content\/uploads\/2025\/05\/Foto_BP-233x300.jpg\" alt=\"\" width=\"144\" height=\"186\" srcset=\"https:\/\/dqio.ub.edu\/wp-content\/uploads\/2025\/05\/Foto_BP-233x300.jpg 233w, https:\/\/dqio.ub.edu\/wp-content\/uploads\/2025\/05\/Foto_BP.jpg 429w\" sizes=\"auto, (max-width: 144px) 100vw, 144px\" \/><\/p>\n<h5 style=\"text-align: right\"><\/h5>\n<p>By Dr. Beatriz Pelaz, CiQUS-Universidad Santiago de Compostela<\/p>\n<p>\ud83d\uddd3 <strong>Date:<\/strong> Friday, May 23rd, 2025<br \/>\n\ud83d\udd5b <strong>Time:<\/strong> 12:00 PM<br \/>\n\ud83d\udccd <strong>Venue:<\/strong> Enric Casassas Lecture Hall, Faculty of Chemistry, University of Barcelona (UB)<\/p>\n<\/div><\/div><\/div><\/div>\t\t<\/div>\r\n\t\t\t<\/article>\r\n\t<article class=\"w-grid-item size_1x1 post-7916 post type-post status-publish format-standard hentry category-esdeveniments-passats-organica-en\" data-id=\"7916\">\r\n\t\t<div class=\"w-grid-item-h\">\r\n\t\t\t\t\t\t<div class=\"w-hwrapper usg_hwrapper_1 align_none valign_top\"><div class=\"w-vwrapper usg_vwrapper_1 align_none valign_top\"><div class=\"w-hwrapper usg_hwrapper_2 align_none valign_top\"><div class=\"w-post-elm post_taxonomy usg_post_taxonomy_1 style_badge color_link_inherit\"><span class=\"w-btn us-btn-style_1 term-311 term-esdeveniments-passats-organica-en\">Organic Past Events<\/span><\/div><div class=\"w-html usg_html_1 has_text_color\">9 of May, 2025<\/div><\/div><div class=\"w-hwrapper usg_hwrapper_3 align_none valign_top stack_on_mobiles\"><div class=\"w-post-elm post_content usg_post_content_1 without_sections\"><h4><\/h4>\n<h4><strong>Lecture of the Doctoral Program in Organic Chemistry<\/strong><\/h4>\n<h5 style=\"text-align: left\"><strong>Peptides and peptidomimetics as chemical tools to harness cell behavior and tissue regeneration on biomaterials<\/strong><\/h5>\n<p>By Dr. Carles Mas-Moruno, Universitat Polit\u00e8cnica de Catalunya (UPC)<\/p>\n<p><img loading=\"lazy\" decoding=\"async\" class=\"alignnone size-medium wp-image-7921 alignright\" src=\"https:\/\/dqio.ub.edu\/wp-content\/uploads\/2025\/05\/m3sqwo2d-1-266x300.jpg\" alt=\"\" width=\"266\" height=\"300\" srcset=\"https:\/\/dqio.ub.edu\/wp-content\/uploads\/2025\/05\/m3sqwo2d-1-266x300.jpg 266w, https:\/\/dqio.ub.edu\/wp-content\/uploads\/2025\/05\/m3sqwo2d-1-906x1024.jpg 906w, https:\/\/dqio.ub.edu\/wp-content\/uploads\/2025\/05\/m3sqwo2d-1.jpg 1202w\" sizes=\"auto, (max-width: 266px) 100vw, 266px\" \/><\/p>\n<p class=\"\" data-start=\"424\" data-end=\"578\">\ud83d\uddd3 <strong data-start=\"427\" data-end=\"436\">Date:<\/strong> Friday, May 9th, 2025<br data-start=\"458\" data-end=\"461\" \/>\ud83d\udd5b <strong data-start=\"464\" data-end=\"473\">Time:<\/strong> 12:00 PM<br data-start=\"482\" data-end=\"485\" \/>\ud83d\udccd <strong data-start=\"488\" data-end=\"498\">Venue:<\/strong> Enric Casassas Lecture Hall, Faculty of Chemistry, University of Barcelona (UB)<\/p>\n<p class=\"\" data-start=\"580\" data-end=\"831\">\n<\/div><\/div><\/div><\/div>\t\t<\/div>\r\n\t\t\t<\/article>\r\n\t<article class=\"w-grid-item size_1x1 post-7863 post type-post status-publish format-standard hentry category-esdeveniments-passats-organica-en\" data-id=\"7863\">\r\n\t\t<div class=\"w-grid-item-h\">\r\n\t\t\t\t\t\t<div class=\"w-hwrapper usg_hwrapper_1 align_none valign_top\"><div class=\"w-vwrapper usg_vwrapper_1 align_none valign_top\"><div class=\"w-hwrapper usg_hwrapper_2 align_none valign_top\"><div class=\"w-post-elm post_taxonomy usg_post_taxonomy_1 style_badge color_link_inherit\"><span class=\"w-btn us-btn-style_1 term-311 term-esdeveniments-passats-organica-en\">Organic Past Events<\/span><\/div><div class=\"w-html usg_html_1 has_text_color\">11 of April, 2025<\/div><\/div><div class=\"w-hwrapper usg_hwrapper_3 align_none valign_top stack_on_mobiles\"><div class=\"w-post-elm post_content usg_post_content_1 without_sections\"><h4><b><span data-contrast=\"auto\">Lecture of the Doctoral Program in Organic Chemistry<\/span><\/b><span data-ccp-props=\"{}\"> <img loading=\"lazy\" decoding=\"async\" class=\" wp-image-7857 alignright\" src=\"https:\/\/dqio.ub.edu\/wp-content\/uploads\/2025\/04\/Screenshot-2023-12-22-at-09.43.12-200x300.png\" alt=\"\" width=\"151\" height=\"227\" srcset=\"https:\/\/dqio.ub.edu\/wp-content\/uploads\/2025\/04\/Screenshot-2023-12-22-at-09.43.12-200x300.png 200w, https:\/\/dqio.ub.edu\/wp-content\/uploads\/2025\/04\/Screenshot-2023-12-22-at-09.43.12.png 595w\" sizes=\"auto, (max-width: 151px) 100vw, 151px\" \/><\/span><\/h4>\n<h5><b><span data-contrast=\"auto\">Novel\u00a0Synthetic\u00a0Methods\u00a0in\u00a0Photochemistry\u00a0and\u00a0Photocatalysis<\/span><\/b><span data-ccp-props=\"{&quot;134233117&quot;:false,&quot;134233118&quot;:false,&quot;201341983&quot;:0,&quot;335551550&quot;:1,&quot;335551620&quot;:1,&quot;335559685&quot;:0,&quot;335559737&quot;:0,&quot;335559738&quot;:0,&quot;335559739&quot;:160,&quot;335559740&quot;:259}\">\u00a0<\/span><\/h5>\n<p><span data-contrast=\"auto\">By Dr. Daniele Leonori, RWTH Aachen University<\/span><span data-ccp-props=\"{}\">\u00a0<\/span><\/p>\n<p><span data-contrast=\"auto\">Date and venue: Friday, April 11th, 2025, at 12:00 PM; Enric Casassas Lecture Hall, Faculty of Chemistry, University of Barcelona (UB)<\/span><span data-ccp-props=\"{}\">\u00a0<\/span><\/p>\n<p><span data-ccp-props=\"{}\">\u00a0<\/span><\/p>\n<\/div><\/div><\/div><\/div>\t\t<\/div>\r\n\t\t\t<\/article>\r\n\t<article class=\"w-grid-item size_1x1 post-7820 post type-post status-publish format-standard hentry category-esdeveniments-passats-organica-en\" data-id=\"7820\">\r\n\t\t<div class=\"w-grid-item-h\">\r\n\t\t\t\t\t\t<div class=\"w-hwrapper usg_hwrapper_1 align_none valign_top\"><div class=\"w-vwrapper usg_vwrapper_1 align_none valign_top\"><div class=\"w-hwrapper usg_hwrapper_2 align_none valign_top\"><div class=\"w-post-elm post_taxonomy usg_post_taxonomy_1 style_badge color_link_inherit\"><span class=\"w-btn us-btn-style_1 term-311 term-esdeveniments-passats-organica-en\">Organic Past Events<\/span><\/div><div class=\"w-html usg_html_1 has_text_color\">28 of March, 2025<\/div><\/div><div class=\"w-hwrapper usg_hwrapper_3 align_none valign_top stack_on_mobiles\"><div class=\"w-post-elm post_content usg_post_content_1 without_sections\"><h4><b><span data-contrast=\"auto\">Lecture of the Doctoral Program in Organic Chemistry<\/span><\/b><span data-ccp-props=\"{}\"> <img loading=\"lazy\" decoding=\"async\" class=\" wp-image-7814 alignright\" src=\"https:\/\/dqio.ub.edu\/wp-content\/uploads\/2025\/03\/FOTO-240x300.jpeg\" alt=\"\" width=\"152\" height=\"190\" srcset=\"https:\/\/dqio.ub.edu\/wp-content\/uploads\/2025\/03\/FOTO-240x300.jpeg 240w, https:\/\/dqio.ub.edu\/wp-content\/uploads\/2025\/03\/FOTO.jpeg 781w\" sizes=\"auto, (max-width: 152px) 100vw, 152px\" \/><\/span><\/h4>\n<h5><b><span data-contrast=\"auto\">Catalyst Control in Complex Molecule Synthesis<\/span><\/b><span data-ccp-props=\"{&quot;134233117&quot;:false,&quot;134233118&quot;:false,&quot;201341983&quot;:0,&quot;335551550&quot;:6,&quot;335551620&quot;:6,&quot;335559685&quot;:0,&quot;335559737&quot;:0,&quot;335559738&quot;:0,&quot;335559739&quot;:160,&quot;335559740&quot;:259}\">\u00a0<\/span><\/h5>\n<p><span data-contrast=\"auto\">By Dr. Darren J. Dixon, University of Oxford<\/span><span data-ccp-props=\"{}\">\u00a0<\/span><\/p>\n<p><span data-contrast=\"auto\">Date and venue: March 28th, 2025, at 12:00 PM; Eduard Fontser\u00e8 Lecture Hall, Faculty of Physics, University of Barcelona (UB).<\/span><span data-ccp-props=\"{}\">\u00a0<\/span><\/p>\n<\/div><\/div><\/div><\/div>\t\t<\/div>\r\n\t\t\t<\/article>\r\n\t<article class=\"w-grid-item size_1x1 post-7749 post type-post status-publish format-standard hentry category-esdeveniments-passats-organica-en\" data-id=\"7749\">\r\n\t\t<div class=\"w-grid-item-h\">\r\n\t\t\t\t\t\t<div class=\"w-hwrapper usg_hwrapper_1 align_none valign_top\"><div class=\"w-vwrapper usg_vwrapper_1 align_none valign_top\"><div class=\"w-hwrapper usg_hwrapper_2 align_none valign_top\"><div class=\"w-post-elm post_taxonomy usg_post_taxonomy_1 style_badge color_link_inherit\"><span class=\"w-btn us-btn-style_1 term-311 term-esdeveniments-passats-organica-en\">Organic Past Events<\/span><\/div><div class=\"w-html usg_html_1 has_text_color\">21 of February, 2025<\/div><\/div><div class=\"w-hwrapper usg_hwrapper_3 align_none valign_top stack_on_mobiles\"><div class=\"w-post-elm post_content usg_post_content_1 without_sections\"><h4><strong>Lecture of the Doctoral Program in Organic Chemistry<\/strong><\/h4>\n<h5><strong>Chemigenetic Tools for Near-Infrared Imaging<img loading=\"lazy\" decoding=\"async\" class=\" wp-image-7741 alignright\" src=\"https:\/\/dqio.ub.edu\/wp-content\/uploads\/2025\/02\/pablo_web_250-1-230x300.jpg\" alt=\"\" width=\"146\" height=\"190\" srcset=\"https:\/\/dqio.ub.edu\/wp-content\/uploads\/2025\/02\/pablo_web_250-1-230x300.jpg 230w, https:\/\/dqio.ub.edu\/wp-content\/uploads\/2025\/02\/pablo_web_250-1.jpg 298w\" sizes=\"auto, (max-width: 146px) 100vw, 146px\" \/><\/strong><\/h5>\n<p>By Dr. Pablo Rivera-Fuentes, University of Zurich<\/p>\n<p>Date and venue: February 21st, 2025, at 12:00 PM; Enric Casassas Lecture Hall, Faculty of Chemistry, University of Barcelona (UB).<\/p>\n<\/div><\/div><\/div><\/div>\t\t<\/div>\r\n\t\t\t<\/article>\r\n\t<article class=\"w-grid-item size_1x1 post-7646 post type-post status-publish format-gallery hentry category-esdeveniments-passats-organica-en post_format-post-format-gallery\" data-id=\"7646\">\r\n\t\t<div class=\"w-grid-item-h\">\r\n\t\t\t\t\t\t<div class=\"w-hwrapper usg_hwrapper_1 align_none valign_top\"><div class=\"w-vwrapper usg_vwrapper_1 align_none valign_top\"><div class=\"w-hwrapper usg_hwrapper_2 align_none valign_top\"><div class=\"w-post-elm post_taxonomy usg_post_taxonomy_1 style_badge color_link_inherit\"><span class=\"w-btn us-btn-style_1 term-311 term-esdeveniments-passats-organica-en\">Organic Past Events<\/span><\/div><div class=\"w-html usg_html_1 has_text_color\">11 of February, 2025<\/div><\/div><div class=\"w-hwrapper usg_hwrapper_3 align_none valign_top stack_on_mobiles\"><div class=\"w-post-elm post_content usg_post_content_1 without_sections\"><h4 style=\"text-align: center;\"><strong>Conferencia F\u00e8lix Serratosa 2025<\/strong><\/h4>\n<p>On Tuesday, February 11th, at the Enric Casassas Lecture Hall, <strong>Professor Ilan Marek<\/strong> (Technion-Israel Institute of Technology) will give his second seminar on <strong>Remote Functionalization<\/strong> as part of the F\u00e8lix Serratosa Conference 2025. For further information see <a href=\"https:\/\/dqio.ub.edu\/wp-content\/uploads\/2025\/02\/Programa-Serratosa-2025.pdf\">Programa Serratosa 2025<\/a><\/p>\n<p><img loading=\"lazy\" decoding=\"async\" class=\"wp-image-7650 aligncenter\" src=\"https:\/\/dqio.ub.edu\/wp-content\/uploads\/2025\/02\/ilan3-700x700-1-300x300.jpg\" alt=\"\" width=\"255\" height=\"255\" srcset=\"https:\/\/dqio.ub.edu\/wp-content\/uploads\/2025\/02\/ilan3-700x700-1-300x300.jpg 300w, https:\/\/dqio.ub.edu\/wp-content\/uploads\/2025\/02\/ilan3-700x700-1-150x150.jpg 150w, https:\/\/dqio.ub.edu\/wp-content\/uploads\/2025\/02\/ilan3-700x700-1.jpg 700w\" sizes=\"auto, (max-width: 255px) 100vw, 255px\" \/><\/p>\n<\/div><\/div><\/div><\/div>\t\t<\/div>\r\n\t\t\t<\/article>\r\n\t<article class=\"w-grid-item size_1x1 post-7627 post type-post status-publish format-standard hentry category-esdeveniments-passats-organica-en\" data-id=\"7627\">\r\n\t\t<div class=\"w-grid-item-h\">\r\n\t\t\t\t\t\t<div class=\"w-hwrapper usg_hwrapper_1 align_none valign_top\"><div class=\"w-vwrapper usg_vwrapper_1 align_none valign_top\"><div class=\"w-hwrapper usg_hwrapper_2 align_none valign_top\"><div class=\"w-post-elm post_taxonomy usg_post_taxonomy_1 style_badge color_link_inherit\"><span class=\"w-btn us-btn-style_1 term-311 term-esdeveniments-passats-organica-en\">Organic Past Events<\/span><\/div><div class=\"w-html usg_html_1 has_text_color\">7 of February, 2025<\/div><\/div><div class=\"w-hwrapper usg_hwrapper_3 align_none valign_top stack_on_mobiles\"><div class=\"w-post-elm post_content usg_post_content_1 without_sections\"><h4><strong>Lecture of the Doctoral Program in Organic Chemistry<\/strong><strong><img loading=\"lazy\" decoding=\"async\" class=\"wp-image-7632 alignright\" src=\"https:\/\/dqio.ub.edu\/wp-content\/uploads\/2025\/02\/thumbnail_job_2023-1-300x300.jpg\" alt=\"\" width=\"189\" height=\"189\" srcset=\"https:\/\/dqio.ub.edu\/wp-content\/uploads\/2025\/02\/thumbnail_job_2023-1-300x300.jpg 300w, https:\/\/dqio.ub.edu\/wp-content\/uploads\/2025\/02\/thumbnail_job_2023-1-1024x1024.jpg 1024w, https:\/\/dqio.ub.edu\/wp-content\/uploads\/2025\/02\/thumbnail_job_2023-1-150x150.jpg 150w, https:\/\/dqio.ub.edu\/wp-content\/uploads\/2025\/02\/thumbnail_job_2023-1.jpg 1126w\" sizes=\"auto, (max-width: 189px) 100vw, 189px\" \/><\/strong><\/h4>\n<h5><strong>Regulating non-equilibrium self-assembly with chemical fuels\u2014Spinning ribbons, dissipative structures, and an approach towards synthetic life <\/strong><\/h5>\n<p>By Dr. Job Boekhoven, Technical University of Munich<\/p>\n<p>Date and venue: February 7th, 2025, at 12:00 PM; Eduard Fontser\u00e8 Lecture Hall, Faculty of Physics, University of Barcelona (UB).<\/p>\n<\/div><\/div><\/div><\/div>\t\t<\/div>\r\n\t\t\t<\/article>\r\n\t<article class=\"w-grid-item size_1x1 post-7713 post type-post status-publish format-standard has-post-thumbnail hentry category-inorganica-past-events\" data-id=\"7713\">\r\n\t\t<div class=\"w-grid-item-h\">\r\n\t\t\t\t\t\t<div class=\"w-hwrapper usg_hwrapper_1 align_none valign_top\"><div class=\"w-vwrapper usg_vwrapper_1 align_none valign_top\"><div class=\"w-hwrapper usg_hwrapper_2 align_none valign_top\"><div class=\"w-post-elm post_taxonomy usg_post_taxonomy_1 style_badge color_link_inherit\"><span class=\"w-btn us-btn-style_1 term-301 term-inorganica-past-events\">Inorganica past events<\/span><\/div><div class=\"w-html usg_html_1 has_text_color\">5 of February, 2025<\/div><\/div><div class=\"w-hwrapper usg_hwrapper_3 align_none valign_top stack_on_mobiles\"><div class=\"w-post-elm post_content usg_post_content_1 without_sections\"><h5>Success of the Second Meeting of Inorganic and Organometallic Chemistry in Tarragona<\/h5>\n<p>From 5 to 7 February 2025, <strong>the Second Meeting of Inorganic and Organometallic Chemistry of the SCQ, RQIO 2025<\/strong>, was held in Tarragona, an event that brought together researchers and experts in the area with the aim of sharing advances and promoting scientific collaboration. The meeting had a wide participation of specialists from various institutions, including several <strong>members of our Inorganic Chemistry Section of the University of Barcelona (UB).<\/strong><\/p>\n<p>During the event, 5 plenary conferences, 28 oral communications, 27 flash presentations and 20 communications in poster format were presented, giving prominence to doctoral students and new researchers. Among the participants from the UB, presentations on new materials, the design of metal complexes with potential in sustainable chemistry stood out.<\/p>\n<p>In addition to the scientific activities, the meeting offered spaces for the exchange of ideas and the generation of future collaborations between research groups.<\/p>\n<p>In the attached photo, most of the meeting attendees and the event organizers, including the members of our Section who have been part of the organization of the event, Dr. Guillem Arom\u00ed and Leon\u00ed A. Barrios (LabMolDesign), as well as members of the <strong>research groups CATHOM, CIC, EE, MATCAT, LabMolDesign, LM2N, MagMol, Matheu Lab, MEC and SuNS.<\/strong><\/p>\n<p>We thank the organizers Montse Dieguez, Mar\u00eda Biosca, Elisenda Mas (Universitat Rovira i Virgili), M\u00f3nica H. P\u00e9rez-Temprano, Arjan W. Kleij (ICIQ), the Scientific Committee and the Catalan Society of Chemistry (SCQ) and all the participants for the excellent welcome and we hope to continue actively participating in future editions of this key event for the chemical community.<\/p>\n<\/div><div class=\"w-post-elm post_image usg_post_image_1 has_width\"><img loading=\"lazy\" decoding=\"async\" width=\"1600\" height=\"900\" src=\"https:\/\/dqio.ub.edu\/wp-content\/uploads\/2025\/02\/RQIO-PARTICIPANTS-e1739180136201.jpg\" class=\"attachment-full size-full wp-post-image\" alt=\"\" \/><\/div><\/div><\/div><\/div>\t\t<\/div>\r\n\t\t\t<\/article>\r\n\t<article class=\"w-grid-item size_1x1 post-7593 post type-post status-publish format-standard hentry category-noticies-organica category-esdeveniments-passats-organica-en\" data-id=\"7593\">\r\n\t\t<div class=\"w-grid-item-h\">\r\n\t\t\t\t\t\t<div class=\"w-hwrapper usg_hwrapper_1 align_none valign_top\"><div class=\"w-vwrapper usg_vwrapper_1 align_none valign_top\"><div class=\"w-hwrapper usg_hwrapper_2 align_none valign_top\"><div class=\"w-post-elm post_taxonomy usg_post_taxonomy_1 style_badge color_link_inherit\"><div class=\"w-post-elm-list\"><span class=\"w-btn us-btn-style_1 term-2 term-noticies-organica\">Not\u00edcies Org\u00e0nica<\/span><span class=\"w-btn us-btn-style_1 term-311 term-esdeveniments-passats-organica-en\">Organic Past Events<\/span><\/div><\/div><div class=\"w-html usg_html_1 has_text_color\">24 of January, 2025<\/div><\/div><div class=\"w-hwrapper usg_hwrapper_3 align_none valign_top stack_on_mobiles\"><div class=\"w-post-elm post_content usg_post_content_1 without_sections\"><h4><strong>Lecture of the Doctoral Program in Organic Chemistry<\/strong><\/h4>\n<h5><strong>A Structure-Based Approach to Tackle Protein Aggregation in Parkinson&#8217;s Disease<\/strong><\/h5>\n<p>By Dr. Salvador Ventura, Institut de Biotecnologia i de Biomedicina, UAB<\/p>\n<p>Date and venue: January 24th, 2025, at 12:00 PM; Enric Casassas Lecture Hall, Faculty of Chemistry, University of Barcelona (UB).<\/p>\n<p><strong>\u00a0<\/strong><\/p>\n<\/div><\/div><\/div><\/div>\t\t<\/div>\r\n\t\t\t<\/article>\r\n\t<article class=\"w-grid-item size_1x1 post-7533 post type-post status-publish format-standard hentry category-esdeveniments-passats-organica-en\" data-id=\"7533\">\r\n\t\t<div class=\"w-grid-item-h\">\r\n\t\t\t\t\t\t<div class=\"w-hwrapper usg_hwrapper_1 align_none valign_top\"><div class=\"w-vwrapper usg_vwrapper_1 align_none valign_top\"><div class=\"w-hwrapper usg_hwrapper_2 align_none valign_top\"><div class=\"w-post-elm post_taxonomy usg_post_taxonomy_1 style_badge color_link_inherit\"><span class=\"w-btn us-btn-style_1 term-311 term-esdeveniments-passats-organica-en\">Organic Past Events<\/span><\/div><div class=\"w-html usg_html_1 has_text_color\">13 of December, 2024<\/div><\/div><div class=\"w-hwrapper usg_hwrapper_3 align_none valign_top stack_on_mobiles\"><div class=\"w-post-elm post_content usg_post_content_1 without_sections\"><p><strong><img loading=\"lazy\" decoding=\"async\" class=\" wp-image-7530 alignright\" src=\"https:\/\/dqio.ub.edu\/wp-content\/uploads\/2024\/12\/Imagen_Igor-240x300.jpg\" alt=\"\" width=\"193\" height=\"241\" srcset=\"https:\/\/dqio.ub.edu\/wp-content\/uploads\/2024\/12\/Imagen_Igor-240x300.jpg 240w, https:\/\/dqio.ub.edu\/wp-content\/uploads\/2024\/12\/Imagen_Igor.jpg 248w\" sizes=\"auto, (max-width: 193px) 100vw, 193px\" \/><\/strong><\/p>\n<p><strong>Lecture of the Doctoral Program in Organic Chemistry<\/strong><\/p>\n<p><strong>Mechanistic understanding-led transition metal catalyzed C-H functionalization<\/strong><\/p>\n<p>By Dr. Igor Larrosa, University of Manchester<\/p>\n<p>Date and venue: December 13th, 2024, at 12:00 PM; Enric Casassas Lecture Hall, Faculty of Chemistry, University of Barcelona (UB).<\/p>\n<\/div><\/div><\/div><\/div>\t\t<\/div>\r\n\t\t\t<\/article>\r\n\t<article class=\"w-grid-item size_1x1 post-7509 post type-post status-publish format-standard hentry category-esdeveniments-passats-organica-en\" data-id=\"7509\">\r\n\t\t<div class=\"w-grid-item-h\">\r\n\t\t\t\t\t\t<div class=\"w-hwrapper usg_hwrapper_1 align_none valign_top\"><div class=\"w-vwrapper usg_vwrapper_1 align_none valign_top\"><div class=\"w-hwrapper usg_hwrapper_2 align_none valign_top\"><div class=\"w-post-elm post_taxonomy usg_post_taxonomy_1 style_badge color_link_inherit\"><span class=\"w-btn us-btn-style_1 term-311 term-esdeveniments-passats-organica-en\">Organic Past Events<\/span><\/div><div class=\"w-html usg_html_1 has_text_color\">12 of December, 2024<\/div><\/div><div class=\"w-hwrapper usg_hwrapper_3 align_none valign_top stack_on_mobiles\"><div class=\"w-post-elm post_content usg_post_content_1 without_sections\"><p>Beatriz Piniello will defend her Thesis entitled <em>Computational modeling of inverting glycosyltransferase reaction mechanisms<\/em>, supervised by Dr. Carme Rovira Virgili, on Thursday, December 12th, at 11:3<img loading=\"lazy\" decoding=\"async\" class=\"size-medium wp-image-7499 alignright\" src=\"https:\/\/dqio.ub.edu\/wp-content\/uploads\/2024\/12\/Beatriz-Pinello-300x280.png\" alt=\"\" width=\"300\" height=\"280\" srcset=\"https:\/\/dqio.ub.edu\/wp-content\/uploads\/2024\/12\/Beatriz-Pinello-300x280.png 300w, https:\/\/dqio.ub.edu\/wp-content\/uploads\/2024\/12\/Beatriz-Pinello.png 567w\" sizes=\"auto, (max-width: 300px) 100vw, 300px\" \/>0 AM in the Enric Casassas Auditorium<\/p>\n<p>Congratulations on the work accomplished, and best wishes for your professional future<\/p>\n<\/div><\/div><\/div><\/div>\t\t<\/div>\r\n\t\t\t<\/article>\r\n\t<article class=\"w-grid-item size_1x1 post-7544 post type-post status-publish format-standard hentry category-esdeveniments-passats-organica-en\" data-id=\"7544\">\r\n\t\t<div class=\"w-grid-item-h\">\r\n\t\t\t\t\t\t<div class=\"w-hwrapper usg_hwrapper_1 align_none valign_top\"><div class=\"w-vwrapper usg_vwrapper_1 align_none valign_top\"><div class=\"w-hwrapper usg_hwrapper_2 align_none valign_top\"><div class=\"w-post-elm post_taxonomy usg_post_taxonomy_1 style_badge color_link_inherit\"><span class=\"w-btn us-btn-style_1 term-311 term-esdeveniments-passats-organica-en\">Organic Past Events<\/span><\/div><div class=\"w-html usg_html_1 has_text_color\">12 of December, 2024<\/div><\/div><div class=\"w-hwrapper usg_hwrapper_3 align_none valign_top stack_on_mobiles\"><div class=\"w-post-elm post_content usg_post_content_1 without_sections\"><div class=\"w-hwrapper usg_hwrapper_3 align_none valign_top stack_on_mobiles\">\n<div class=\"w-post-elm post_content usg_post_content_1 without_sections\">\n<p>Oriol Galeote will defend her Thesis entitled <em>Metal catalysed asymmetric C\u2013C bond forming reactions<\/em>, supervised by Drs. Pere Romea and F\u00e8lix Urp\u00ed on Thursday, December 12th, at 16:0<img loading=\"lazy\" decoding=\"async\" class=\"size-medium wp-image-7540 alignright\" src=\"https:\/\/dqio.ub.edu\/wp-content\/uploads\/2024\/12\/IMG-20241210-WA0004-1-231x300.jpg\" alt=\"\" width=\"231\" height=\"300\" srcset=\"https:\/\/dqio.ub.edu\/wp-content\/uploads\/2024\/12\/IMG-20241210-WA0004-1-231x300.jpg 231w, https:\/\/dqio.ub.edu\/wp-content\/uploads\/2024\/12\/IMG-20241210-WA0004-1-788x1024.jpg 788w, https:\/\/dqio.ub.edu\/wp-content\/uploads\/2024\/12\/IMG-20241210-WA0004-1.jpg 953w\" sizes=\"auto, (max-width: 231px) 100vw, 231px\" \/>0 AM in the Enric Casassas Auditorium<\/p>\n<p>Congratulations on the work accomplished, and best wishes for your professional future !!!<\/p>\n<\/div>\n<\/div>\n<\/div><\/div><\/div><\/div>\t\t<\/div>\r\n\t\t\t<\/article>\r\n\t<article class=\"w-grid-item size_1x1 post-7482 post type-post status-publish format-standard hentry category-esdeveniments-passats-organica-en\" data-id=\"7482\">\r\n\t\t<div class=\"w-grid-item-h\">\r\n\t\t\t\t\t\t<div class=\"w-hwrapper usg_hwrapper_1 align_none valign_top\"><div class=\"w-vwrapper usg_vwrapper_1 align_none valign_top\"><div class=\"w-hwrapper usg_hwrapper_2 align_none valign_top\"><div class=\"w-post-elm post_taxonomy usg_post_taxonomy_1 style_badge color_link_inherit\"><span class=\"w-btn us-btn-style_1 term-311 term-esdeveniments-passats-organica-en\">Organic Past Events<\/span><\/div><div class=\"w-html usg_html_1 has_text_color\">4 of December, 2024<\/div><\/div><div class=\"w-hwrapper usg_hwrapper_3 align_none valign_top stack_on_mobiles\"><div class=\"w-post-elm post_content usg_post_content_1 without_sections\"><p>Irene Cuixart will defend her Thesis entitled <em>Simulations of Glycoside Hydrolase and Phosphorylase Reaction Mechanisms: Families GH20, GH29, GH129, and GH130<\/em>, supervised by Dr. Carme Rovira Virgili, next Wednesday, December 4th, at 11:00 AM in the Enric Casassas Auditorium<\/p>\n<p>Congratulations on the work accomplished, and best wishes for your professional future<img loading=\"lazy\" decoding=\"async\" class=\"size-medium wp-image-7479 alignright\" src=\"https:\/\/dqio.ub.edu\/wp-content\/uploads\/2024\/12\/Irene-Cuxart-1-292x300.jpg\" alt=\"\" width=\"292\" height=\"300\" srcset=\"https:\/\/dqio.ub.edu\/wp-content\/uploads\/2024\/12\/Irene-Cuxart-1-292x300.jpg 292w, https:\/\/dqio.ub.edu\/wp-content\/uploads\/2024\/12\/Irene-Cuxart-1.jpg 713w\" sizes=\"auto, (max-width: 292px) 100vw, 292px\" \/><\/p>\n<\/div><\/div><\/div><\/div>\t\t<\/div>\r\n\t\t\t<\/article>\r\n\t<article class=\"w-grid-item size_1x1 post-7430 post type-post status-publish format-standard hentry category-esdeveniments-passats-organica-en\" data-id=\"7430\">\r\n\t\t<div class=\"w-grid-item-h\">\r\n\t\t\t\t\t\t<div class=\"w-hwrapper usg_hwrapper_1 align_none valign_top\"><div class=\"w-vwrapper usg_vwrapper_1 align_none valign_top\"><div class=\"w-hwrapper usg_hwrapper_2 align_none valign_top\"><div class=\"w-post-elm post_taxonomy usg_post_taxonomy_1 style_badge color_link_inherit\"><span class=\"w-btn us-btn-style_1 term-311 term-esdeveniments-passats-organica-en\">Organic Past Events<\/span><\/div><div class=\"w-html usg_html_1 has_text_color\">22 of November, 2024<\/div><\/div><div class=\"w-hwrapper usg_hwrapper_3 align_none valign_top stack_on_mobiles\"><div class=\"w-post-elm post_content usg_post_content_1 without_sections\"><p><strong>Lecture of the Doctoral Program in Organic Chemistry<\/strong><\/p>\n<p><strong>Supramolecular chemistry of hybrid cyclophane-cyclopeptide receptors and mixed monolayer-protected gold nanoparticles in water<\/strong><\/p>\n<p>By Dr. Stefan Kubik, RPTU Kaiserslautern-Landau<\/p>\n<p>Date and Venue: November, 22nd, 2024 at 12:00; Eduard Fontser\u00e8 lecture hall of the Faculty of Physics (UB)<\/p>\n<\/div><\/div><\/div><\/div>\t\t<\/div>\r\n\t\t\t<\/article>\r\n\t<article class=\"w-grid-item size_1x1 post-7277 post type-post status-publish format-standard hentry category-esdeveniments-passats-organica-en\" data-id=\"7277\">\r\n\t\t<div class=\"w-grid-item-h\">\r\n\t\t\t\t\t\t<div class=\"w-hwrapper usg_hwrapper_1 align_none valign_top\"><div class=\"w-vwrapper usg_vwrapper_1 align_none valign_top\"><div class=\"w-hwrapper usg_hwrapper_2 align_none valign_top\"><div class=\"w-post-elm post_taxonomy usg_post_taxonomy_1 style_badge color_link_inherit\"><span class=\"w-btn us-btn-style_1 term-311 term-esdeveniments-passats-organica-en\">Organic Past Events<\/span><\/div><div class=\"w-html usg_html_1 has_text_color\">25 of October, 2024<\/div><\/div><div class=\"w-hwrapper usg_hwrapper_3 align_none valign_top stack_on_mobiles\"><div class=\"w-post-elm post_content usg_post_content_1 without_sections\"><p><strong>Lecture of the Doctoral Program in Organic Chemistry<\/strong><\/p>\n<p><strong>New molecular systems towards targeted imaging and delivery<\/strong><\/p>\n<p>By Dr. Ona Illa, Universitat Aut\u00f2noma de Barcelona (UAB)<\/p>\n<p>Date and Venue: October, 25th, 2024 at 12:00; Sala de Graus of the Faculty of Physics (UB)<\/p>\n<\/div><\/div><\/div><\/div>\t\t<\/div>\r\n\t\t\t<\/article>\r\n\t<article class=\"w-grid-item size_1x1 post-7237 post type-post status-publish format-standard hentry category-inorganica-past-events\" data-id=\"7237\">\r\n\t\t<div class=\"w-grid-item-h\">\r\n\t\t\t\t\t\t<div class=\"w-hwrapper usg_hwrapper_1 align_none valign_top\"><div class=\"w-vwrapper usg_vwrapper_1 align_none valign_top\"><div class=\"w-hwrapper usg_hwrapper_2 align_none valign_top\"><div class=\"w-post-elm post_taxonomy usg_post_taxonomy_1 style_badge color_link_inherit\"><span class=\"w-btn us-btn-style_1 term-301 term-inorganica-past-events\">Inorganica past events<\/span><\/div><div class=\"w-html usg_html_1 has_text_color\">18 of October, 2024<\/div><\/div><div class=\"w-hwrapper usg_hwrapper_3 align_none valign_top stack_on_mobiles\"><div class=\"w-post-elm post_content usg_post_content_1 without_sections\"><h5>M\u00e0ster de Qu\u00edmica de Materials Aplicada<\/h5>\n<p>Confer\u00e8ncia a c\u00e0rrec de la Dra. In\u00e9s Fernandez\u00a0 del Departament de Qu\u00edmica F\u00edsica i Ci\u00e8ncia de Materials titulada:\u00a0 &#8220;Recerca en materials per emmagatzematge d\u2019energia t\u00e8rmica&#8221;<\/p>\n<p>Lloc: Sala de Graus de F\u00edsica<\/p>\n<p>Dia i hora: Divendres, 18 d\u2019Octubre de 2024, 12:00 h.<\/p>\n<p>Us hi esperem!<\/p>\n<p>&nbsp;<\/p>\n<p>&nbsp;<\/p>\n<\/div><\/div><\/div><\/div>\t\t<\/div>\r\n\t\t\t<\/article>\r\n\t<article class=\"w-grid-item size_1x1 post-7246 post type-post status-publish format-standard has-post-thumbnail hentry category-inorganica-past-events\" data-id=\"7246\">\r\n\t\t<div class=\"w-grid-item-h\">\r\n\t\t\t\t\t\t<div class=\"w-hwrapper usg_hwrapper_1 align_none valign_top\"><div class=\"w-vwrapper usg_vwrapper_1 align_none valign_top\"><div class=\"w-hwrapper usg_hwrapper_2 align_none valign_top\"><div class=\"w-post-elm post_taxonomy usg_post_taxonomy_1 style_badge color_link_inherit\"><span class=\"w-btn us-btn-style_1 term-301 term-inorganica-past-events\">Inorganica past events<\/span><\/div><div class=\"w-html usg_html_1 has_text_color\">14 of October, 2024<\/div><\/div><div class=\"w-hwrapper usg_hwrapper_3 align_none valign_top stack_on_mobiles\"><div class=\"w-post-elm post_content usg_post_content_1 without_sections\"><h5>Historical archive of the Inorganic Chemistry Section: 6th edition of the European Mediterranean Conference on Inorganic Chemistry (<em>FIGIPS)<\/em>, held in Barcelona in 2001.<\/h5>\n<p>We invite all members of our Section to explore the historical archive of the <em>FIGIPS<\/em> conference, which took place in Barcelona in 2001. This event was organized by several of our active and former members, including Prof. Santiago Alvarez, who generously provided this impressive collection of images.<\/p>\n<p>The album is available in the director&#8217;s office in both print and digital formats.<\/p>\n<\/div><div class=\"w-post-elm post_image usg_post_image_1 has_width\"><img loading=\"lazy\" decoding=\"async\" width=\"700\" height=\"495\" src=\"https:\/\/dqio.ub.edu\/wp-content\/uploads\/2024\/10\/2001.07.16.FIGIPS.A26_Mesa_presidencial-e1729242345938.jpg\" class=\"attachment-full size-full wp-post-image\" alt=\"\" \/><\/div><\/div><\/div><\/div>\t\t<\/div>\r\n\t\t\t<\/article>\r\n\t<article class=\"w-grid-item size_1x1 post-7181 post type-post status-publish format-standard hentry category-esdeveniments-passats-organica-en\" data-id=\"7181\">\r\n\t\t<div class=\"w-grid-item-h\">\r\n\t\t\t\t\t\t<div class=\"w-hwrapper usg_hwrapper_1 align_none valign_top\"><div class=\"w-vwrapper usg_vwrapper_1 align_none valign_top\"><div class=\"w-hwrapper usg_hwrapper_2 align_none valign_top\"><div class=\"w-post-elm post_taxonomy usg_post_taxonomy_1 style_badge color_link_inherit\"><span class=\"w-btn us-btn-style_1 term-311 term-esdeveniments-passats-organica-en\">Organic Past Events<\/span><\/div><div class=\"w-html usg_html_1 has_text_color\">11 of October, 2024<\/div><\/div><div class=\"w-hwrapper usg_hwrapper_3 align_none valign_top stack_on_mobiles\"><div class=\"w-post-elm post_content usg_post_content_1 without_sections\"><p><strong>Lecture of the Doctoral Program in Organic Chemistry<\/strong><\/p>\n<p><strong>Catalytic Carbyne Transfer in Organic Synthesis<\/strong><\/p>\n<p>By Prof. Marcos Garc\u00eda Suero, Institut Catal\u00e0 d\u2019Investigaci\u00f3 Qu\u00edmica (ICIQ) (<a href=\"https:\/\/www.iciq.org\/research\/research_group\/dr-marcos-g-suero\/\">Webpage<\/a>)<\/p>\n<p>Date and Venue: October, 11th, 2024 at 12:00; Aula Enric Casassas of the Faculty of Chemistry (UB)<\/p>\n<\/div><\/div><\/div><\/div>\t\t<\/div>\r\n\t\t\t<\/article>\r\n\t<article class=\"w-grid-item size_1x1 post-7159 post type-post status-publish format-standard hentry category-esdeveniments-passats-organica-en\" data-id=\"7159\">\r\n\t\t<div class=\"w-grid-item-h\">\r\n\t\t\t\t\t\t<div class=\"w-hwrapper usg_hwrapper_1 align_none valign_top\"><div class=\"w-vwrapper usg_vwrapper_1 align_none valign_top\"><div class=\"w-hwrapper usg_hwrapper_2 align_none valign_top\"><div class=\"w-post-elm post_taxonomy usg_post_taxonomy_1 style_badge color_link_inherit\"><span class=\"w-btn us-btn-style_1 term-311 term-esdeveniments-passats-organica-en\">Organic Past Events<\/span><\/div><div class=\"w-html usg_html_1 has_text_color\">3 of October, 2024<\/div><\/div><div class=\"w-hwrapper usg_hwrapper_3 align_none valign_top stack_on_mobiles\"><div class=\"w-post-elm post_content usg_post_content_1 without_sections\"><p><strong>Lecture of the Doctoral Program in Organic Chemistry<\/strong><\/p>\n<p><strong>Biomimetic Spirocyclizations for the Synthesis of Indole Alkaloids<img loading=\"lazy\" decoding=\"async\" class=\"size-full wp-image-7160 alignright\" src=\"https:\/\/dqio.ub.edu\/wp-content\/uploads\/2024\/10\/Orru.jpg\" alt=\"\" width=\"200\" height=\"200\" srcset=\"https:\/\/dqio.ub.edu\/wp-content\/uploads\/2024\/10\/Orru.jpg 200w, https:\/\/dqio.ub.edu\/wp-content\/uploads\/2024\/10\/Orru-150x150.jpg 150w\" sizes=\"auto, (max-width: 200px) 100vw, 200px\" \/><\/strong><\/p>\n<p>By Prof. Romano V.A. Orru, Aachen-Maastricht Institute for Biobased Materials (AMIBM) (<a href=\"https:\/\/biobasedorgchem.com\/research\/orru\/\">Webpage<\/a>)<\/p>\n<p>Date and Venue: October, 3rd, 2024 at 12:00; Aula Magna of the Faculty of Pharmacy (UB)<\/p>\n<p>ABSTRACT: In the past 10 years we worked on a number of Tandem- and Multi Component Reaction strategies that involve a spirocyclization process. Especially, the spirocyclizations leading to spiroindelenine scaffolds proved very rewarding. Our one-pot spirocyclizations can be considered a bio-mimetic approach to synthesize indole alkaloid natural products and their derivatives in a concise, atom- and step efficient manner. This opens opportunities for total synthesis, but also for medicinal chemistry studies of these privileged heterocyclic molecules. In this presentation, I will highlight our work in this area over the years in detail discussing both scope and limitations of the methodology, fundamental mechanistic aspects and synthetic its applications.<\/p>\n<\/div><\/div><\/div><\/div>\t\t<\/div>\r\n\t\t\t<\/article>\r\n\t<article class=\"w-grid-item size_1x1 post-7284 post type-post status-publish format-standard has-post-thumbnail hentry category-inorganica-past-events\" data-id=\"7284\">\r\n\t\t<div class=\"w-grid-item-h\">\r\n\t\t\t\t\t\t<div class=\"w-hwrapper usg_hwrapper_1 align_none valign_top\"><div class=\"w-vwrapper usg_vwrapper_1 align_none valign_top\"><div class=\"w-hwrapper usg_hwrapper_2 align_none valign_top\"><div class=\"w-post-elm post_taxonomy usg_post_taxonomy_1 style_badge color_link_inherit\"><span class=\"w-btn us-btn-style_1 term-301 term-inorganica-past-events\">Inorganica past events<\/span><\/div><div class=\"w-html usg_html_1 has_text_color\">30 of September, 2024<\/div><\/div><div class=\"w-hwrapper usg_hwrapper_3 align_none valign_top stack_on_mobiles\"><div class=\"w-post-elm post_content usg_post_content_1 without_sections\"><h5><strong>Acte de Jubilaci\u00f3 dels nostres companys Amparo Caubet, Jaume Granell, Margarita Crespo i Ram\u00f3n Vicente Castillo<\/strong><\/h5>\n<p>El passat dilluns 30 de setembre va ser el darrer dia de feina dels nostres companys Amparo Caubet, Jaume Granell, Margarita Crespo i Ram\u00f3n Vicente Castillo despr\u00e9s de diverses d\u00e8cades a la nostra Secci\u00f3.<\/p>\n<p>Us desitgem tot el millor en aquesta nova etapa i sempre sereu benvinguts, aix\u00f2 \u00e9s casa vostra!<\/p>\n<p>&nbsp;<\/p>\n<\/div><div class=\"w-post-elm post_image usg_post_image_1 has_width\"><img loading=\"lazy\" decoding=\"async\" width=\"554\" height=\"634\" src=\"https:\/\/dqio.ub.edu\/wp-content\/uploads\/2024\/10\/Imagen1-e1729500024751.png\" class=\"attachment-full size-full wp-post-image\" alt=\"\" \/><\/div><\/div><\/div><\/div>\t\t<\/div>\r\n\t\t\t<\/article>\r\n\t<article class=\"w-grid-item size_1x1 post-7141 post type-post status-publish format-standard has-post-thumbnail hentry category-inorganica-past-events\" data-id=\"7141\">\r\n\t\t<div class=\"w-grid-item-h\">\r\n\t\t\t\t\t\t<div class=\"w-hwrapper usg_hwrapper_1 align_none valign_top\"><div class=\"w-vwrapper usg_vwrapper_1 align_none valign_top\"><div class=\"w-hwrapper usg_hwrapper_2 align_none valign_top\"><div class=\"w-post-elm post_taxonomy usg_post_taxonomy_1 style_badge color_link_inherit\"><span class=\"w-btn us-btn-style_1 term-301 term-inorganica-past-events\">Inorganica past events<\/span><\/div><div class=\"w-html usg_html_1 has_text_color\">13 of September, 2024<\/div><\/div><div class=\"w-hwrapper usg_hwrapper_3 align_none valign_top stack_on_mobiles\"><div class=\"w-post-elm post_content usg_post_content_1 without_sections\"><p><strong>The European Innovation Council funds two UB projects to develop cutting-edge technologies<\/strong><\/p>\n<p>Two University of Barcelona projects have been selected by the\u00a0<a href=\"https:\/\/eic.ec.europa.eu\/index_en\" target=\"_blank\" rel=\"noreferrer noopener\">European Innovation Council<\/a>\u00a0to develop cutting-edge technologies within the 2024\u00a0<a href=\"https:\/\/eic.ec.europa.eu\/news\/eic-pathfinder-eu138-million-support-bold-ideas-radically-new-technologies-2024-09-05_en\" target=\"_blank\" rel=\"noreferrer noopener\">Pathfinder Open call<\/a>. Marta Estrader and Josep Puigmart\u00ed Luis, researchers from the UB\u2019s Faculty of Chemistry, lead two consortia to promote advances in the remote detection of aquatic pollution and cell alignment in tissue bioprinting, respectively.<\/p>\n<p>Ram\u00f3n y Cajal researcher at the Faculty of Chemistry\u00a0<strong>Marta Estrader<\/strong>, a member of the UB\u2019s Institute of Nanoscience and Nanotechnology (<a href=\"https:\/\/www.ub.edu\/in2ub\/ca\/\" target=\"_blank\" rel=\"noreferrer noopener\">IN2UB<\/a>), coordinates the WATERsense project, funded with three million euros over four years. The aim is to \u201cremotely detect the presence of pollutants in water at any time\u201d, explains Estrader. \u201cTherefore, we will develop magneto-optical nanosensors that will be able to encapsulate certain pollutants (from pesticides to products derived from the chemical and pharmaceutical industry) on the previously functionalized surface. These substances can be identified using vibrational Raman spectroscopy\u201d, she adds.<\/p>\n<p>The innovation of the WATERsense technology lies in the fact that \u201cthrough a small device that will be installed in rivers, lakes or any point of water, it will be possible to quickly detect the presence of contamination, and the results will be sent immediately via the internet, which will reduce the overall cost compared to the methodology used today\u201d, says Estrader.<\/p>\n<p>Eventually, WATERsense will make it possible to carry out careful analyses of variations in water quality in relation to changes in socio-economic activity or in the demography of a certain place or region. The project involves researchers from the University of Vigo, the Austrian Institute of Technology, the Institute of Physics of the Czech Academy of Sciences, the Institute of Hydrodynamics of the Czech Academy of Sciences, and Lightnovo.<\/p>\n<p>More information: <a href=\"https:\/\/web.ub.edu\/en\/web\/actualitat\/w\/eic-pathfinder-2024\" target=\"_blank\" rel=\"noopener\">https:\/\/web.ub.edu\/en\/web\/actualitat\/w\/eic-pathfinder-2024<\/a><\/p>\n<\/div><div class=\"w-post-elm post_image usg_post_image_1 has_width\"><img loading=\"lazy\" decoding=\"async\" width=\"800\" height=\"534\" src=\"https:\/\/dqio.ub.edu\/wp-content\/uploads\/2024\/09\/martaestrader-e1729242468765.jpg\" class=\"attachment-full size-full wp-post-image\" alt=\"\" \/><\/div><\/div><\/div><\/div>\t\t<\/div>\r\n\t\t\t<\/article>\r\n\t<article class=\"w-grid-item size_1x1 post-6978 post type-post status-publish format-standard hentry category-inorganica-past-events category-esdeveniments-passats-organica-en\" data-id=\"6978\">\r\n\t\t<div class=\"w-grid-item-h\">\r\n\t\t\t\t\t\t<div class=\"w-hwrapper usg_hwrapper_1 align_none valign_top\"><div class=\"w-vwrapper usg_vwrapper_1 align_none valign_top\"><div class=\"w-hwrapper usg_hwrapper_2 align_none valign_top\"><div class=\"w-post-elm post_taxonomy usg_post_taxonomy_1 style_badge color_link_inherit\"><div class=\"w-post-elm-list\"><span class=\"w-btn us-btn-style_1 term-301 term-inorganica-past-events\">Inorganica past events<\/span><span class=\"w-btn us-btn-style_1 term-311 term-esdeveniments-passats-organica-en\">Organic Past Events<\/span><\/div><\/div><div class=\"w-html usg_html_1 has_text_color\">18 of June, 2024<\/div><\/div><div class=\"w-hwrapper usg_hwrapper_3 align_none valign_top stack_on_mobiles\"><div class=\"w-post-elm post_content usg_post_content_1 without_sections\"><div class=\"x_elementToProof\"><b>New Call for Department Grants for the next course 2024-2025<\/b>.<\/div>\n<div class=\"x_elementToProof\">The deadline is September 17, 2024. For further information, visit <a href=\"https:\/\/www.ub.edu\/beques\/grausimasters\/beca_collaboracio\/beca_col_departament\/index.html\">here<\/a>.<\/div>\n<\/div><\/div><\/div><\/div>\t\t<\/div>\r\n\t\t\t<\/article>\r\n\t<article class=\"w-grid-item size_1x1 post-4534 post type-post status-publish format-standard hentry category-esdeveniments-passats-organica-en\" data-id=\"4534\">\r\n\t\t<div class=\"w-grid-item-h\">\r\n\t\t\t\t\t\t<div class=\"w-hwrapper usg_hwrapper_1 align_none valign_top\"><div class=\"w-vwrapper usg_vwrapper_1 align_none valign_top\"><div class=\"w-hwrapper usg_hwrapper_2 align_none valign_top\"><div class=\"w-post-elm post_taxonomy usg_post_taxonomy_1 style_badge color_link_inherit\"><span class=\"w-btn us-btn-style_1 term-311 term-esdeveniments-passats-organica-en\">Organic Past Events<\/span><\/div><div class=\"w-html usg_html_1 has_text_color\">12 of April, 2024<\/div><\/div><div class=\"w-hwrapper usg_hwrapper_3 align_none valign_top stack_on_mobiles\"><div class=\"w-post-elm post_content usg_post_content_1 without_sections\"><div class=\"wpb_text_column\"><div class=\"wpb_wrapper\"><table width=\"100%\">\n<tbody>\n<tr>\n<td width=\"20%\"><strong>Dia<\/strong><\/td>\n<td><\/td>\n<td><\/td>\n<td width=\"75%\">\u00a012\/04\/2024<\/td>\n<\/tr>\n<tr>\n<td width=\"20%\"><strong>Hora<\/strong><\/td>\n<td><\/td>\n<td><\/td>\n<td width=\"75%\">\u00a012:00<\/td>\n<\/tr>\n<tr>\n<td width=\"20%\"><strong>Aula<\/strong><\/td>\n<td><\/td>\n<td><\/td>\n<td width=\"75%\">\u00a0Aula Enric Casassas<\/td>\n<\/tr>\n<tr>\n<td width=\"20%\"><strong>Confer\u00e8ncia<\/strong><\/td>\n<td><\/td>\n<td><\/td>\n<td width=\"75%\"><em>\u2013<\/em><\/td>\n<\/tr>\n<tr>\n<td width=\"20%\"><\/td>\n<td><\/td>\n<td><\/td>\n<td width=\"75%\"><strong>Omar Botureira (Universitat Rovira i Virgili)<\/strong><\/td>\n<\/tr>\n<\/tbody>\n<\/table>\n<\/div><\/div>\n<\/div><\/div><\/div><\/div>\t\t<\/div>\r\n\t\t\t<\/article>\r\n\t<article class=\"w-grid-item size_1x1 post-4728 post type-post status-publish format-standard hentry category-esdeveniments-passats-organica-en\" data-id=\"4728\">\r\n\t\t<div class=\"w-grid-item-h\">\r\n\t\t\t\t\t\t<div class=\"w-hwrapper usg_hwrapper_1 align_none valign_top\"><div class=\"w-vwrapper usg_vwrapper_1 align_none valign_top\"><div class=\"w-hwrapper usg_hwrapper_2 align_none valign_top\"><div class=\"w-post-elm post_taxonomy usg_post_taxonomy_1 style_badge color_link_inherit\"><span class=\"w-btn us-btn-style_1 term-311 term-esdeveniments-passats-organica-en\">Organic Past Events<\/span><\/div><div class=\"w-html usg_html_1 has_text_color\">5 of April, 2024<\/div><\/div><div class=\"w-hwrapper usg_hwrapper_3 align_none valign_top stack_on_mobiles\"><div class=\"w-post-elm post_content usg_post_content_1 without_sections\"><div class=\"wpb_text_column\"><div class=\"wpb_wrapper\"><table width=\"100%\">\n<tbody>\n<tr>\n<td width=\"20%\"><strong>Dia<\/strong><\/td>\n<td><\/td>\n<td><\/td>\n<td width=\"75%\">\u00a05\/04\/2024<\/td>\n<\/tr>\n<tr>\n<td width=\"20%\"><strong>Hora<\/strong><\/td>\n<td><\/td>\n<td><\/td>\n<td width=\"75%\">\u00a012:00<\/td>\n<\/tr>\n<tr>\n<td width=\"20%\"><strong>Aula<\/strong><\/td>\n<td><\/td>\n<td><\/td>\n<td width=\"75%\">\u00a0Aula Enric Casassas<\/td>\n<\/tr>\n<tr>\n<td width=\"20%\"><strong>Confer\u00e8ncia<\/strong><\/td>\n<td><\/td>\n<td><\/td>\n<td width=\"75%\"><u><span lang=\"EN-US\">C\u2013C and C\u2013N Bond Formation Through 1- and 2-Electron Processes<\/span><\/u><\/td>\n<\/tr>\n<tr>\n<td width=\"20%\"><\/td>\n<td><\/td>\n<td><\/td>\n<td width=\"75%\"><strong>Patrick J. Walsh (University of Pennsylvania)<\/strong><\/td>\n<\/tr>\n<\/tbody>\n<\/table>\n<\/div><\/div>\n<\/div><\/div><\/div><\/div>\t\t<\/div>\r\n\t\t\t<\/article>\r\n\t<article class=\"w-grid-item size_1x1 post-4538 post type-post status-publish format-standard hentry category-inorganica-past-events\" data-id=\"4538\">\r\n\t\t<div class=\"w-grid-item-h\">\r\n\t\t\t\t\t\t<div class=\"w-hwrapper usg_hwrapper_1 align_none valign_top\"><div class=\"w-vwrapper usg_vwrapper_1 align_none valign_top\"><div class=\"w-hwrapper usg_hwrapper_2 align_none valign_top\"><div class=\"w-post-elm post_taxonomy usg_post_taxonomy_1 style_badge color_link_inherit\"><span class=\"w-btn us-btn-style_1 term-301 term-inorganica-past-events\">Inorganica past events<\/span><\/div><div class=\"w-html usg_html_1 has_text_color\">20 of March, 2024<\/div><\/div><div class=\"w-hwrapper usg_hwrapper_3 align_none valign_top stack_on_mobiles\"><div class=\"w-post-elm post_content usg_post_content_1 without_sections\"><h6 class=\"w-text\"><span class=\"w-text-h\"><span class=\"w-text-value\">Seminari: \u201cHybrid 2D\/CMOS microchips for memristive Applications\u201d<\/span><\/span><\/h6><div class=\"wpb_text_column\"><div class=\"wpb_wrapper\"><table width=\"100%\">\n<tbody>\n<tr>\n<td width=\"20%\"><strong>Dia<\/strong><\/td>\n<td><\/td>\n<td><\/td>\n<td width=\"75%\">\u00a020-03-2024<\/td>\n<\/tr>\n<tr>\n<td width=\"20%\"><strong>Hora<\/strong><\/td>\n<td><\/td>\n<td><\/td>\n<td width=\"75%\">\u00a012:00<\/td>\n<\/tr>\n<tr>\n<td width=\"20%\"><strong>Aula<\/strong><\/td>\n<td><\/td>\n<td><\/td>\n<td width=\"75%\">\u00a0Sala Graus Eduard Fontser\u00e8<\/td>\n<\/tr>\n<tr>\n<td width=\"20%\"><strong>Lloc<\/strong><\/td>\n<td><\/td>\n<td><\/td>\n<td width=\"75%\"><em><br \/>\n<strong>\u00a0Institut de Nanoci\u00e8ncia i Nanotecnologia UB<\/strong><\/em><\/td>\n<\/tr>\n<tr>\n<td width=\"20%\"><strong>Informaci\u00f3<\/strong><\/td>\n<td><\/td>\n<td><\/td>\n<td width=\"75%\"><u>Conferenciant<\/u>: Mario Lanza, Ph.D. \u2013 IEEE Fellow.\u00a0 Associate Professor of Materials Science &amp; Engineering, Physical Sciences and Engineering Division,\u00a0<a href=\"https:\/\/www.kaust.edu.sa\/en\/\" target=\"_blank\" rel=\"noopener\">King Abdullah University of Science and Technology<\/a>\u00a0(KAUST), Saudi Arabia.<\/p>\n<p><u>Resum<\/u>: Abstract: Two-dimensional (2D) materials have outstanding physical, chemical and thermal properties that make them attractive for the fabrication of solid-state micro\/nano-electronic devices and circuits. However, synthesizing high-quality 2D materials at the wafer scale is difficult, and integrating them in silicon microchips brings associated multiple challenges. Nevertheless, in the past few years substantial progress has been achieved and leading companies like TSMC, Intel and Samsung have started to work in this direction too. In this talk I will discuss how to integrate 2D materials in micro\/nano-electronic devices, circuits, and microchips, giving a general overview of the global progress achieved in the field and presenting our last developments in hybrid 2D\/CMOS applications. I will put special emphasis on devices and circuits for memristive technologies, including data storage, computation, encryption, and communication. I will also discuss the main technological challenges to face in the next years and provide some recommendations on how to solve them.<\/p>\n<p><u>Link<\/u>:\u00a0<a href=\"https:\/\/www.ub.edu\/in2ub\/research-seminar-hybrid-2d-cmos-microchips-for-memristive-applications-20-03-204\/\" target=\"_blank\" rel=\"noopener\">https:\/\/www.ub.edu\/in2ub\/research-seminar-hybrid-2d-cmos-microchips-for-memristive-applications-20-03-204\/<\/a>.<\/td>\n<\/tr>\n<\/tbody>\n<\/table>\n<\/div><\/div>\n<\/div><\/div><\/div><\/div>\t\t<\/div>\r\n\t\t\t<\/article>\r\n\t<article class=\"w-grid-item size_1x1 post-5224 post type-post status-publish format-standard has-post-thumbnail hentry category-esdeveniments-passats-organica-en\" data-id=\"5224\">\r\n\t\t<div class=\"w-grid-item-h\">\r\n\t\t\t\t\t\t<div class=\"w-hwrapper usg_hwrapper_1 align_none valign_top\"><div class=\"w-vwrapper usg_vwrapper_1 align_none valign_top\"><div class=\"w-hwrapper usg_hwrapper_2 align_none valign_top\"><div class=\"w-post-elm post_taxonomy usg_post_taxonomy_1 style_badge color_link_inherit\"><span class=\"w-btn us-btn-style_1 term-311 term-esdeveniments-passats-organica-en\">Organic Past Events<\/span><\/div><div class=\"w-html usg_html_1 has_text_color\">26 of January, 2024<\/div><\/div><div class=\"w-hwrapper usg_hwrapper_3 align_none valign_top stack_on_mobiles\"><div class=\"w-post-elm post_content usg_post_content_1 without_sections\"><h6 class=\"w-text\"><span class=\"w-text-h\"><span class=\"w-text-value\">Baixada del consum d\u2019energia i aigua el 2023 a les facultats de F\u00edsica i de Qu\u00edmica<\/span><\/span><\/h6><div class=\"wpb_text_column\"><div class=\"wpb_wrapper\"><p>Les xifres del consum d\u2019energia i agua a les facultats de F\u00edsica i de Qu\u00edmica de gener a desembre del 2023 han experimentat una davallada respecte a l&#8217;any 2022. Aix\u00ed, l\u2019evoluci\u00f3 del consum 2022-2023 suposa un descens en electricitat (\u20136,2 %), gas (\u201337,8 %) i aigua (\u20138,1 %). En conjunt s\u2019ha evitat una despesa global de 182.188 \u20ac.<\/p>\n<p>La infografia recull aquesta informaci\u00f3 aix\u00ed com equival\u00e8ncies num\u00e8riques amb altres situacions de la vida actual.<\/p>\n<p>\u00abEn som responsables!\u00bb \u00e9s l\u2019esl\u00f2gan de la campanya d\u2019estalvi energ\u00e8tic de la Universitat de Barcelona. \u00c9s una q\u00fcesti\u00f3 priorit\u00e0ria de la pol\u00edtica de la UB, que es va posar en marxa a principis de 2023 per part de l\u2019Oficina de Seguretat, Salut i Medi Ambient (OSSMA). M\u00e9s informaci\u00f3 a ub.edu\/estalvienergetic.<\/p>\n<\/div><\/div>\n<\/div><div class=\"w-post-elm post_image usg_post_image_1 has_width\"><img loading=\"lazy\" decoding=\"async\" width=\"1625\" height=\"1125\" src=\"https:\/\/dqio.ub.edu\/wp-content\/uploads\/2024\/04\/Consums-energia-2023_FiQ.jpg\" class=\"attachment-full size-full wp-post-image\" alt=\"\" srcset=\"https:\/\/dqio.ub.edu\/wp-content\/uploads\/2024\/04\/Consums-energia-2023_FiQ.jpg 1625w, https:\/\/dqio.ub.edu\/wp-content\/uploads\/2024\/04\/Consums-energia-2023_FiQ-300x208.jpg 300w, https:\/\/dqio.ub.edu\/wp-content\/uploads\/2024\/04\/Consums-energia-2023_FiQ-1024x709.jpg 1024w\" sizes=\"auto, (max-width: 1625px) 100vw, 1625px\" \/><\/div><\/div><\/div><\/div>\t\t<\/div>\r\n\t\t\t<\/article>\r\n<\/div><div class=\"w-grid-preloader\">\t<div class=\"g-preloader type_1\">\r\n\t\t<div><\/div>\r\n\t<\/div>\r\n\t<\/div>\t<div class=\"w-grid-json hidden\" onclick='return {&quot;action&quot;:&quot;us_ajax_grid&quot;,&quot;infinite_scroll&quot;:0,&quot;max_num_pages&quot;:1,&quot;pagination&quot;:&quot;none&quot;,&quot;template_vars&quot;:{&quot;columns&quot;:&quot;1&quot;,&quot;exclude_items&quot;:&quot;none&quot;,&quot;img_size&quot;:&quot;default&quot;,&quot;ignore_items_size&quot;:0,&quot;items_layout&quot;:&quot;4485&quot;,&quot;items_offset&quot;:&quot;1&quot;,&quot;load_animation&quot;:&quot;none&quot;,&quot;overriding_link&quot;:&quot;%7B%22url%22%3A%22%22%7D&quot;,&quot;post_id&quot;:0,&quot;query_args&quot;:{&quot;post_type&quot;:[&quot;post&quot;],&quot;tax_query&quot;:[{&quot;taxonomy&quot;:&quot;category&quot;,&quot;field&quot;:&quot;slug&quot;,&quot;terms&quot;:[&quot;esdeveniments-passats-organica-en&quot;,&quot;events-inorganic&quot;,&quot;inorganica-past-events&quot;,&quot;events-organic&quot;]}],&quot;post_status&quot;:[&quot;publish&quot;,&quot;acf-disabled&quot;],&quot;posts_per_page&quot;:999},&quot;orderby_query_args&quot;:{&quot;meta_query&quot;:{&quot;_orderby_custom_&quot;:{&quot;relation&quot;:&quot;OR&quot;,&quot;0&quot;:{&quot;compare&quot;:&quot;EXISTS&quot;,&quot;key&quot;:&quot;data&quot;,&quot;type&quot;:&quot;CHAR&quot;},&quot;1&quot;:{&quot;compare&quot;:&quot;NOT EXISTS&quot;,&quot;key&quot;:&quot;data&quot;,&quot;type&quot;:&quot;CHAR&quot;}}},&quot;orderby&quot;:&quot;data&quot;,&quot;order&quot;:&quot;DESC&quot;},&quot;type&quot;:&quot;grid&quot;,&quot;us_grid_ajax_index&quot;:1,&quot;us_grid_filter_params&quot;:[],&quot;us_grid_index&quot;:1,&quot;_us_grid_post_type&quot;:&quot;post&quot;,&quot;page_args&quot;:[],&quot;lang&quot;:&quot;en&quot;}}'><\/div>\r\n\t<\/div><\/div><\/div><\/div><\/div><\/div><\/div><\/div><\/section>\n","protected":false},"excerpt":{"rendered":"Baixada del consum d\u2019energia i aigua el 2023 a les facultats de F\u00edsica i de Qu\u00edmicaLes xifres del consum d\u2019energia i agua a les facultats de F\u00edsica i de Qu\u00edmica de gener a desembre del 2023 han experimentat una davallada respecte a l&#8217;any 2022. Aix\u00ed, l\u2019evoluci\u00f3 del consum 2022-2023 suposa un descens en electricitat (\u20136,2...","protected":false},"author":1,"featured_media":0,"parent":0,"menu_order":0,"comment_status":"closed","ping_status":"closed","template":"","meta":{"_acf_changed":false,"footnotes":""},"research_area":[],"class_list":["post-6138","page","type-page","status-publish","hentry"],"acf":[],"yoast_head":"<!-- This site is optimized with the Yoast SEO plugin v27.5 - https:\/\/yoast.com\/product\/yoast-seo-wordpress\/ -->\n<title>Events DQIO - Departament de Quimica Inorg\u00e0nica i Org\u00e0nica<\/title>\n<meta name=\"robots\" content=\"index, follow, max-snippet:-1, max-image-preview:large, max-video-preview:-1\" \/>\n<link rel=\"canonical\" href=\"https:\/\/dqio.ub.edu\/esdeveniments-dqio\/\" \/>\n<meta property=\"og:locale\" content=\"en_US\" \/>\n<meta property=\"og:type\" content=\"article\" \/>\n<meta property=\"og:title\" content=\"Events DQIO - Departament de Quimica Inorg\u00e0nica i Org\u00e0nica\" \/>\n<meta property=\"og:url\" content=\"https:\/\/dqio.ub.edu\/esdeveniments-dqio\/\" \/>\n<meta property=\"og:site_name\" content=\"Departament de Quimica Inorg\u00e0nica i Org\u00e0nica\" \/>\n<meta property=\"article:modified_time\" content=\"2024-06-04T08:46:39+00:00\" \/>\n<meta name=\"twitter:card\" content=\"summary_large_image\" \/>\n<meta name=\"twitter:label1\" content=\"Est. reading time\" \/>\n\t<meta name=\"twitter:data1\" content=\"1 minute\" \/>\n<script type=\"application\/ld+json\" class=\"yoast-schema-graph\">{\"@context\":\"https:\\\/\\\/schema.org\",\"@graph\":[{\"@type\":\"WebPage\",\"@id\":\"https:\\\/\\\/dqio.ub.edu\\\/esdeveniments-dqio\\\/\",\"url\":\"https:\\\/\\\/dqio.ub.edu\\\/esdeveniments-dqio\\\/\",\"name\":\"Events DQIO - Departament de Quimica Inorg\u00e0nica i Org\u00e0nica\",\"isPartOf\":{\"@id\":\"https:\\\/\\\/dqio.ub.edu\\\/#website\"},\"datePublished\":\"2024-04-15T14:47:42+00:00\",\"dateModified\":\"2024-06-04T08:46:39+00:00\",\"breadcrumb\":{\"@id\":\"https:\\\/\\\/dqio.ub.edu\\\/esdeveniments-dqio\\\/#breadcrumb\"},\"inLanguage\":\"en-US\",\"potentialAction\":[{\"@type\":\"ReadAction\",\"target\":[\"https:\\\/\\\/dqio.ub.edu\\\/esdeveniments-dqio\\\/\"]}]},{\"@type\":\"BreadcrumbList\",\"@id\":\"https:\\\/\\\/dqio.ub.edu\\\/esdeveniments-dqio\\\/#breadcrumb\",\"itemListElement\":[{\"@type\":\"ListItem\",\"position\":1,\"name\":\"Inici\",\"item\":\"https:\\\/\\\/dqio.ub.edu\\\/en\\\/\"},{\"@type\":\"ListItem\",\"position\":2,\"name\":\"Events DQIO\"}]},{\"@type\":\"WebSite\",\"@id\":\"https:\\\/\\\/dqio.ub.edu\\\/#website\",\"url\":\"https:\\\/\\\/dqio.ub.edu\\\/\",\"name\":\"Departament de Quimica Inorg\u00e0nica i Org\u00e0nica\",\"description\":\"\",\"potentialAction\":[{\"@type\":\"SearchAction\",\"target\":{\"@type\":\"EntryPoint\",\"urlTemplate\":\"https:\\\/\\\/dqio.ub.edu\\\/?s={search_term_string}\"},\"query-input\":{\"@type\":\"PropertyValueSpecification\",\"valueRequired\":true,\"valueName\":\"search_term_string\"}}],\"inLanguage\":\"en-US\"}]}<\/script>\n<!-- \/ Yoast SEO plugin. -->","yoast_head_json":{"title":"Events DQIO - Departament de Quimica Inorg\u00e0nica i Org\u00e0nica","robots":{"index":"index","follow":"follow","max-snippet":"max-snippet:-1","max-image-preview":"max-image-preview:large","max-video-preview":"max-video-preview:-1"},"canonical":"https:\/\/dqio.ub.edu\/esdeveniments-dqio\/","og_locale":"en_US","og_type":"article","og_title":"Events DQIO - Departament de Quimica Inorg\u00e0nica i Org\u00e0nica","og_url":"https:\/\/dqio.ub.edu\/esdeveniments-dqio\/","og_site_name":"Departament de Quimica Inorg\u00e0nica i Org\u00e0nica","article_modified_time":"2024-06-04T08:46:39+00:00","twitter_card":"summary_large_image","twitter_misc":{"Est. reading time":"1 minute"},"schema":{"@context":"https:\/\/schema.org","@graph":[{"@type":"WebPage","@id":"https:\/\/dqio.ub.edu\/esdeveniments-dqio\/","url":"https:\/\/dqio.ub.edu\/esdeveniments-dqio\/","name":"Events DQIO - Departament de Quimica Inorg\u00e0nica i Org\u00e0nica","isPartOf":{"@id":"https:\/\/dqio.ub.edu\/#website"},"datePublished":"2024-04-15T14:47:42+00:00","dateModified":"2024-06-04T08:46:39+00:00","breadcrumb":{"@id":"https:\/\/dqio.ub.edu\/esdeveniments-dqio\/#breadcrumb"},"inLanguage":"en-US","potentialAction":[{"@type":"ReadAction","target":["https:\/\/dqio.ub.edu\/esdeveniments-dqio\/"]}]},{"@type":"BreadcrumbList","@id":"https:\/\/dqio.ub.edu\/esdeveniments-dqio\/#breadcrumb","itemListElement":[{"@type":"ListItem","position":1,"name":"Inici","item":"https:\/\/dqio.ub.edu\/en\/"},{"@type":"ListItem","position":2,"name":"Events DQIO"}]},{"@type":"WebSite","@id":"https:\/\/dqio.ub.edu\/#website","url":"https:\/\/dqio.ub.edu\/","name":"Departament de Quimica Inorg\u00e0nica i Org\u00e0nica","description":"","potentialAction":[{"@type":"SearchAction","target":{"@type":"EntryPoint","urlTemplate":"https:\/\/dqio.ub.edu\/?s={search_term_string}"},"query-input":{"@type":"PropertyValueSpecification","valueRequired":true,"valueName":"search_term_string"}}],"inLanguage":"en-US"}]}},"_links":{"self":[{"href":"https:\/\/dqio.ub.edu\/en\/wp-json\/wp\/v2\/pages\/6138","targetHints":{"allow":["GET"]}}],"collection":[{"href":"https:\/\/dqio.ub.edu\/en\/wp-json\/wp\/v2\/pages"}],"about":[{"href":"https:\/\/dqio.ub.edu\/en\/wp-json\/wp\/v2\/types\/page"}],"author":[{"embeddable":true,"href":"https:\/\/dqio.ub.edu\/en\/wp-json\/wp\/v2\/users\/1"}],"replies":[{"embeddable":true,"href":"https:\/\/dqio.ub.edu\/en\/wp-json\/wp\/v2\/comments?post=6138"}],"version-history":[{"count":5,"href":"https:\/\/dqio.ub.edu\/en\/wp-json\/wp\/v2\/pages\/6138\/revisions"}],"predecessor-version":[{"id":6968,"href":"https:\/\/dqio.ub.edu\/en\/wp-json\/wp\/v2\/pages\/6138\/revisions\/6968"}],"wp:attachment":[{"href":"https:\/\/dqio.ub.edu\/en\/wp-json\/wp\/v2\/media?parent=6138"}],"wp:term":[{"taxonomy":"research_area","embeddable":true,"href":"https:\/\/dqio.ub.edu\/en\/wp-json\/wp\/v2\/research_area?post=6138"}],"curies":[{"name":"wp","href":"https:\/\/api.w.org\/{rel}","templated":true}]}}