{"id":1030,"date":"2023-10-18T07:31:24","date_gmt":"2023-10-18T05:31:24","guid":{"rendered":"http:\/\/10.101.240.49\/?page_id=1030"},"modified":"2025-01-02T13:04:26","modified_gmt":"2025-01-02T12:04:26","slug":"sample-page","status":"publish","type":"page","link":"https:\/\/dqio.ub.edu\/es\/","title":{"rendered":"Home"},"content":{"rendered":"<section class=\"l-section wpb_row height_auto width_full with_img parallax_ver\"><div class=\"l-section-img\" role=\"img\" data-img-width=\"2560\" data-img-height=\"1440\" style=\"background-image: url(https:\/\/dqio.ub.edu\/wp-content\/uploads\/2024\/02\/disposicion-cristaleria-microscopio-scaled.jpg);background-repeat: no-repeat;\"><\/div><div class=\"l-section-overlay\" style=\"background:linear-gradient(260deg,rgba(255,255,255,0),#ffffff)\"><\/div><div class=\"l-section-h i-cf\"><div class=\"g-cols vc_row via_grid cols_2 laptops-cols_inherit tablets-cols_inherit mobiles-cols_1 valign_middle type_default stacking_default\"><div class=\"wpb_column vc_column_container\"><div class=\"vc_column-inner\"><div class=\"g-cols wpb_row faculty via_grid cols_1 laptops-cols_inherit tablets-cols_inherit mobiles-cols_1 valign_middle type_boxes stacking_default\" style=\"--gap:3rem;\"><div class=\"wpb_column vc_column_container\"><div class=\"vc_column-inner\"><div class=\"wpb_text_column us_custom_d36548be titol has_text_color\"><div class=\"wpb_wrapper\"><h3>Departamento de Qu\u00edmica<br \/>\nInorg\u00e1nica y Org\u00e1nica<\/h3>\n<\/div><\/div><\/div><\/div><\/div><\/div><\/div><div class=\"wpb_column vc_column_container\"><div class=\"vc_column-inner\"><\/div><\/div><\/div><\/div><\/section><section class=\"l-section wpb_row us_custom_bc30bd95 sec height_small width_full parallax_ver parallax_xpos_right\"><div class=\"l-section-h i-cf\"><div class=\"g-cols vc_row via_grid cols_1 laptops-cols_inherit tablets-cols_inherit mobiles-cols_1 valign_top type_boxes stacking_default\" style=\"--gap:0rem;\"><div class=\"wpb_column vc_column_container\"><div class=\"vc_column-inner\"><div class=\"wpb_text_column us_custom_d36548be has_text_color\"><div class=\"wpb_wrapper\"><h4 style=\"text-align: center;\">Nuestras secciones<\/h4>\n<\/div><\/div><div class=\"w-separator size_medium with_line width_default thick_1 style_solid color_text align_center\"><div class=\"w-separator-h\"><\/div><\/div><div class=\"g-cols wpb_row us_custom_8665cf32 seccions via_grid cols_custom laptops-cols_inherit tablets-cols_inherit mobiles-cols_1 valign_top type_default stacking_default\" style=\"--gap:12px;--custom-columns:1fr 2fr 2fr 1fr \"><div class=\"wpb_column vc_column_container\"><div class=\"vc_column-inner\"><\/div><\/div><div class=\"wpb_column vc_column_container us_custom_0f68a4e5 has_bg_color has-link\"><div class=\"vc_column-inner\"><div class=\"wpb_text_column us_custom_e4c2944f has_text_color\"><div class=\"wpb_wrapper\"><p>Qu\u00edmica Inorg\u00e1nica<\/p>\n<p style=\"text-align: right;\">\u2794<\/p>\n<\/div><\/div><\/div><a href=\"https:\/\/dqio.ub.edu\/es\/inorganica\/\" class=\"vc_column-link smooth-scroll\" aria-label=\"Enlace\"><\/a><\/div><div class=\"wpb_column vc_column_container us_custom_3be396c0 has_bg_color has-link\"><div class=\"vc_column-inner\"><div class=\"wpb_text_column us_custom_e4c2944f has_text_color\"><div class=\"wpb_wrapper\"><p>Qu\u00edmica Org\u00e1nica<\/p>\n<p style=\"text-align: right;\">\u2794<\/p>\n<\/div><\/div><\/div><a href=\"https:\/\/dqio.ub.edu\/es\/organica\/\" class=\"vc_column-link smooth-scroll\" aria-label=\"Enlace\"><\/a><\/div><div class=\"wpb_column vc_column_container\"><div class=\"vc_column-inner\"><\/div><\/div><\/div><\/div><\/div><\/div><\/div><\/section><section class=\"l-section wpb_row us_custom_82abb717 height_auto width_custom with_img\" style=\"--site-content-width:1300px;\"><div class=\"l-section-img\" role=\"img\" data-img-width=\"7364\" data-img-height=\"2645\" style=\"background-image: url(https:\/\/dqio.ub.edu\/wp-content\/uploads\/2023\/10\/Group-144.png);\"><\/div><div class=\"l-section-h i-cf\"><div class=\"g-cols vc_row via_grid cols_1 laptops-cols_inherit tablets-cols_inherit mobiles-cols_1 valign_top type_default stacking_default\"><div class=\"wpb_column vc_column_container\"><div class=\"vc_column-inner\"><div class=\"g-cols wpb_row via_grid cols_1 laptops-cols_inherit tablets-cols_inherit mobiles-cols_1 valign_top type_boxes stacking_default\" style=\"--gap:3rem;\"><div class=\"wpb_column vc_column_container\"><div class=\"vc_column-inner\"><div class=\"wpb_text_column us_custom_d36548be has_text_color\"><div class=\"wpb_wrapper\"><h3 style=\"text-align: center;\">Eventos<\/h3>\n<\/div><\/div><div class=\"w-separator size_medium with_line width_default thick_1 style_solid color_primary align_center\"><div class=\"w-separator-h\"><\/div><\/div><div class=\"w-grid type_grid layout_4485\" id=\"us_grid_1\" style=\"--gap:1.5rem;\" data-filterable=\"true\"><style>.layout_4485 .w-grid-item-h{}.layout_4485 .usg_hwrapper_1{width:100%!important;background:#ffffff!important}.layout_4485 .usg_vwrapper_1{width:100%!important}.layout_4485 .usg_post_content_1{font-size:15px!important;width:100%!important;padding:29px!important}.layout_4485 .usg_post_taxonomy_1{width:120%!important;padding-left:25px!important;padding-top:25px!important;padding-bottom:0px!important}.layout_4485 .usg_hwrapper_2{width:100%!important}.layout_4485 .usg_html_1{color:#ffffff!important;text-align:center!important;font-size:20px!important;max-width:280px!important;min-width:200px!important;position:relative!important;top:0!important;right:0!important;padding:10px!important;background:#2e6da4!important}.layout_4485 .usg_post_image_1{width:30%!important;min-width:200px!important;padding:29px!important}@media (min-width:1025px) and (max-width:1440px){.layout_4485 .usg_html_1{color:#ffffff!important;text-align:center!important;font-size:20px!important;width:12%!important;max-width:20%!important}}@media (min-width:601px) and (max-width:1024px){.layout_4485 .usg_html_1{color:#ffffff!important;text-align:center!important;font-size:10px!important;width:24%!important;max-width:24%!important}}@media (max-width:600px){.layout_4485 .usg_html_1{color:#ffffff!important;text-align:center!important;font-size:10px!important;min-width:176px!important}}<\/style><div class=\"w-grid-list\">\t<article class=\"w-grid-item size_1x1 post-8296 post type-post status-publish format-standard hentry category-eventos-inorganica\" data-id=\"8296\">\r\n\t\t<div class=\"w-grid-item-h\">\r\n\t\t\t\t\t\t<div class=\"w-hwrapper usg_hwrapper_1 align_none valign_top\"><div class=\"w-vwrapper usg_vwrapper_1 align_none valign_top\"><div class=\"w-hwrapper usg_hwrapper_2 align_none valign_top\"><div class=\"w-post-elm post_taxonomy usg_post_taxonomy_1 style_badge color_link_inherit\"><span class=\"w-btn us-btn-style_1 term-225 term-eventos-inorganica\">Eventos Inorg\u00e1nica<\/span><\/div><div class=\"w-html usg_html_1 has_text_color\">22 de mayo, 2026<\/div><\/div><div class=\"w-hwrapper usg_hwrapper_3 align_none valign_top stack_on_mobiles\"><div class=\"w-post-elm post_content usg_post_content_1 without_sections\"><h5>Seminaris del M\u00e0ster de Qu\u00edmica de Materials Aplicada Curs 2025\/2026<\/h5>\n<p><strong>Lloc<\/strong>: Aula Enric Casassas o Aula Eduard Fontser\u00e9 segons disponibilitat (consultar les pantalles de difusi\u00f3 de la Facultat de Qu\u00edmica per cada seminari concret).<\/p>\n<p><strong>Hora<\/strong>: 12h00-13h00<\/p>\n<h5><strong>Dia\u00a0 \u00a0 \u00a0 \u00a0 \u00a0 \u00a0 \u00a0 \u00a0 \u00a0 \u00a0 \u00a0 \u00a0 \u00a0 Ponent i Instituci\u00f3<\/strong><\/h5>\n<p><strong>17\/10\/25\u00a0 \u00a0 \u00a0 \u00a0 <\/strong>Richard Spontak, \u00a0North Carolina State University (USA)<\/p>\n<p><strong>24\/10\/25\u00a0 \u00a0 \u00a0 \u00a0 <\/strong>Elaine Armelin, \u00a0Universitat Polit\u00e8cnica de Catalunya<\/p>\n<p><strong>07\/11\/25\u00a0 \u00a0 \u00a0 \u00a0 <\/strong>Mar\u00eda Escudero, \u00a0Institut Catal\u00e0 de Nanoci\u00e8ncia i Nanotecnologia (ICN2)<\/p>\n<p><strong>21\/11\/25\u00a0 \u00a0 \u00a0 \u00a0 <\/strong>Francesc Illes, \u00a0Universitat de Barcelona<\/p>\n<p><strong>05\/12\/25\u00a0 \u00a0 \u00a0 \u00a0 <\/strong>Manel Mart\u00ednez, Universitat de Barcelona<\/p>\n<p><strong>19\/12\/25\u00a0 \u00a0 \u00a0 \u00a0 <\/strong>Pablo Guardia, Institut de Ci\u00e8ncia de Materials de Barcelona (ICMAB-CSIC)<\/p>\n<p><strong>20\/02\/26\u00a0 \u00a0 \u00a0 <\/strong>Beatriu Escuder, \u00a0Universitat Jaume I<\/p>\n<p><strong>06\/03\/26\u00a0 \u00a0 \u00a0 <\/strong>Jordi Fern\u00e1ndez, \u00a0Vibrantz<\/p>\n<p><strong>13\/03\/26\u00a0 \u00a0 \u00a0 \u00a0<\/strong>Sergi Cuesta, Vitsolc<\/p>\n<p><strong>27\/03\/26\u00a0 \u00a0 \u00a0 \u00a0<\/strong>M\u00f3nica Gim\u00e9nez-Marqu\u00e9s, \u00a0Institut de Ci\u00e8ncia Molecular (ICMOL)<\/p>\n<p><strong>10\/04\/26\u00a0 \u00a0 \u00a0 \u00a0<\/strong>Neus Bast\u00fas, Institut Catal\u00e0 de Nanoci\u00e8ncia i Nanotecnologia (ICN2)<\/p>\n<p><strong>24\/04\/26 <\/strong>\u00a0 \u00a0 \u00a0 TBA<\/p>\n<p><strong>08\/05\/26\u00a0 \u00a0 \u00a0 \u00a0<\/strong>Sara Rojas Mac\u00edas, \u00a0Universidad de Granada<\/p>\n<p><strong>22\/05\/26\u00a0 \u00a0 \u00a0 \u00a0<\/strong>Matteo Mannini, \u00a0Universit\u00e0 degli Studi di Firenze (Italia)<\/p>\n<\/div><\/div><\/div><\/div>\t\t<\/div>\r\n\t\t\t<\/article>\r\n\t<article class=\"w-grid-item size_1x1 post-8544 post type-post status-publish format-standard has-post-thumbnail hentry category-eventos-inorganica\" data-id=\"8544\">\r\n\t\t<div class=\"w-grid-item-h\">\r\n\t\t\t\t\t\t<div class=\"w-hwrapper usg_hwrapper_1 align_none valign_top\"><div class=\"w-vwrapper usg_vwrapper_1 align_none valign_top\"><div class=\"w-hwrapper usg_hwrapper_2 align_none valign_top\"><div class=\"w-post-elm post_taxonomy usg_post_taxonomy_1 style_badge color_link_inherit\"><span class=\"w-btn us-btn-style_1 term-225 term-eventos-inorganica\">Eventos Inorg\u00e1nica<\/span><\/div><div class=\"w-html usg_html_1 has_text_color\">30 de junio, 2026<\/div><\/div><div class=\"w-hwrapper usg_hwrapper_3 align_none valign_top stack_on_mobiles\"><div class=\"w-post-elm post_content usg_post_content_1 without_sections\"><h5 class=\"mt-3 mt-xl-0 title\">Exposici\u00f3n \u00ab100 a\u00f1os de la mec\u00e1nica cu\u00e1ntica\u00bb,\u00a0, 12\/11\/25 &#8211; 30\/06\/26<\/h5>\n<div class=\"grayband-detail__basic-info\">\n<div class=\"grayband-detail__basic-info\">\n<p>El Fondo Hist\u00f3rico del CRAI Biblioteca de F\u00edsica y Qu\u00edmica organiza cada a\u00f1o una muestra, dedicada a\u00a0un tema espec\u00edfico. Este a\u00f1o, conmemora el centenario del establecimiento de las bases de la mec\u00e1nica cu\u00e1ntica.<\/p>\n<p>En verano de 1925, Werner Heisenberg propuso la primera formulaci\u00f3n de la teor\u00eda cu\u00e1ntica \u2014completada en oto\u00f1o de ese mismo a\u00f1o por Max Born, Pascual Jordan y el propio Heisenberg, y de manera independiente por Paul Dirac\u2014, conocida como mec\u00e1nica de matrices. A partir de enero de 1926, Erwin Schr\u00f6dinger estableci\u00f3 una formulaci\u00f3n alternativa: la mec\u00e1nica ondulatoria.<\/p>\n<p>&nbsp;<\/p>\n<\/div>\n<div class=\"detail\">\n<div class=\"row detail-info mb-2 mb-lg-0\">\n<div class=\"col-12 col-lg-3 col-xl-2 detail-column\"><span class=\"detail-title\">Lugar: <\/span><span class=\"detail-text\">CRAI Biblioteca de F\u00edsica y Qu\u00edmica<\/span><\/div>\n<\/div>\n<div class=\"row detail-info\">\n<div class=\"col-12 col-lg-3 col-xl-2\"><span class=\"detail-title\">Organiza: <\/span><span class=\"detail-text\">Fondo Hist\u00f3rico del CRAI Biblioteca de F\u00edsica y Qu\u00edmica\u00a0<\/span><\/div>\n<div>Enlace: <a href=\"https:\/\/web.ub.edu\/es\/web\/actualitat\/w\/100-anys-mecanica-quantica?referer=agenda\">https:\/\/web.ub.edu\/es\/web\/actualitat\/w\/100-anys-mecanica-quantica?referer=agenda<\/a><\/div>\n<\/div>\n<\/div>\n<\/div>\n<\/div><div class=\"w-post-elm post_image usg_post_image_1 has_width\"><img loading=\"lazy\" decoding=\"async\" width=\"325\" height=\"325\" src=\"https:\/\/dqio.ub.edu\/wp-content\/uploads\/2026\/03\/expoCRAI2026.png\" class=\"attachment-full size-full wp-post-image\" alt=\"\" srcset=\"https:\/\/dqio.ub.edu\/wp-content\/uploads\/2026\/03\/expoCRAI2026.png 325w, https:\/\/dqio.ub.edu\/wp-content\/uploads\/2026\/03\/expoCRAI2026-300x300.png 300w, https:\/\/dqio.ub.edu\/wp-content\/uploads\/2026\/03\/expoCRAI2026-150x150.png 150w\" sizes=\"auto, (max-width: 325px) 100vw, 325px\" \/><\/div><\/div><\/div><\/div>\t\t<\/div>\r\n\t\t\t<\/article>\r\n<\/div><div class=\"w-grid-preloader\">\t<div class=\"g-preloader type_1\">\r\n\t\t<div><\/div>\r\n\t<\/div>\r\n\t<\/div>\t<div class=\"w-grid-json hidden\" onclick='return {&quot;action&quot;:&quot;us_ajax_grid&quot;,&quot;infinite_scroll&quot;:0,&quot;max_num_pages&quot;:1,&quot;pagination&quot;:&quot;none&quot;,&quot;template_vars&quot;:{&quot;columns&quot;:&quot;1&quot;,&quot;exclude_items&quot;:&quot;none&quot;,&quot;img_size&quot;:&quot;default&quot;,&quot;ignore_items_size&quot;:0,&quot;items_layout&quot;:&quot;4485&quot;,&quot;items_offset&quot;:&quot;1&quot;,&quot;load_animation&quot;:&quot;none&quot;,&quot;overriding_link&quot;:&quot;%7B%22url%22%3A%22%22%7D&quot;,&quot;post_id&quot;:0,&quot;query_args&quot;:{&quot;post_type&quot;:[&quot;post&quot;],&quot;tax_query&quot;:[{&quot;taxonomy&quot;:&quot;category&quot;,&quot;field&quot;:&quot;slug&quot;,&quot;terms&quot;:[&quot;eventos-inorganica&quot;,&quot;eventos-organica&quot;]}],&quot;post_status&quot;:[&quot;publish&quot;,&quot;acf-disabled&quot;],&quot;posts_per_page&quot;:999},&quot;orderby_query_args&quot;:{&quot;meta_query&quot;:{&quot;_orderby_custom_&quot;:{&quot;relation&quot;:&quot;OR&quot;,&quot;0&quot;:{&quot;compare&quot;:&quot;EXISTS&quot;,&quot;key&quot;:&quot;data&quot;,&quot;type&quot;:&quot;CHAR&quot;},&quot;1&quot;:{&quot;compare&quot;:&quot;NOT EXISTS&quot;,&quot;key&quot;:&quot;data&quot;,&quot;type&quot;:&quot;CHAR&quot;}}},&quot;orderby&quot;:&quot;data&quot;,&quot;order&quot;:&quot;ASC&quot;},&quot;type&quot;:&quot;grid&quot;,&quot;us_grid_ajax_index&quot;:1,&quot;us_grid_filter_params&quot;:[],&quot;us_grid_index&quot;:1,&quot;_us_grid_post_type&quot;:&quot;post&quot;,&quot;page_args&quot;:[],&quot;lang&quot;:&quot;es&quot;}}'><\/div>\r\n\t<\/div><div class=\"wpb_text_column\"><div class=\"wpb_wrapper\">\n<\/div><\/div><\/div><\/div><\/div><div class=\"w-separator size_small\"><\/div><div class=\"w-btn-wrapper align_center\"><a class=\"w-btn us-btn-style_7\" target=\"_blank\" href=\"https:\/\/dqio.ub.edu\/es\/eventos-dqio\/\"><span class=\"w-btn-label\">Ver todo<\/span><\/a><\/div><div class=\"w-separator size_small\"><\/div><div class=\"g-cols wpb_row via_grid cols_1 laptops-cols_inherit tablets-cols_inherit mobiles-cols_1 valign_top type_boxes stacking_default\" style=\"--gap:3rem;\"><div class=\"wpb_column vc_column_container\"><div class=\"vc_column-inner\"><div class=\"wpb_text_column us_custom_d36548be has_text_color\"><div class=\"wpb_wrapper\"><h3 style=\"text-align: center;\">Noticias<\/h3>\n<\/div><\/div><div class=\"w-separator size_medium with_line width_default thick_1 style_solid color_primary align_center\"><div class=\"w-separator-h\"><\/div><\/div><div class=\"w-grid type_grid layout_4485\" id=\"us_grid_2\" style=\"--gap:1.5rem;\" data-filterable=\"true\"><div class=\"w-grid-list\">\t<article class=\"w-grid-item size_1x1 post-8494 post type-post status-publish format-standard has-post-thumbnail hentry category-noticias-inorganica-es\" data-id=\"8494\">\r\n\t\t<div class=\"w-grid-item-h\">\r\n\t\t\t\t\t\t<div class=\"w-hwrapper usg_hwrapper_1 align_none valign_top\"><div class=\"w-vwrapper usg_vwrapper_1 align_none valign_top\"><div class=\"w-hwrapper usg_hwrapper_2 align_none valign_top\"><div class=\"w-post-elm post_taxonomy usg_post_taxonomy_1 style_badge color_link_inherit\"><span class=\"w-btn us-btn-style_1 term-229 term-noticias-inorganica-es\">Noticias Inorg\u00e1nica<\/span><\/div><div class=\"w-html usg_html_1 has_text_color\">9 de febrero, 2026<\/div><\/div><div class=\"w-hwrapper usg_hwrapper_3 align_none valign_top stack_on_mobiles\"><div class=\"w-post-elm post_content usg_post_content_1 without_sections\"><p><strong>Quantum Tycoon, un videojuego educativo para descubrir la computaci\u00f3n cu\u00e1ntica<\/strong><\/p>\n<p>El Instituto de Ciencias del Cosmos (ICCUB) y el Instituto de Nanociencia y Nanotecnolog\u00eda (IN2UB) de la Universidad de Barcelona han publicado\u00a0<a href=\"https:\/\/serviparticules.ub.edu\/materials\/aplicacions\/quantum-tycoon\">Quantum Tycoon<\/a>, una aplicaci\u00f3n educativa que combina entretenimiento y divulgaci\u00f3n cient\u00edfica para acercar la computaci\u00f3n cu\u00e1ntica al p\u00fablico general de forma interactiva y accesible.<\/p>\n<p>M\u00e9s informaci\u00f3: <a href=\"https:\/\/web.ub.edu\/es\/web\/actualitat\/w\/quantum-tycoon-videojuego-educativo?referer=noticies\" target=\"_blank\" rel=\"noopener\">https:\/\/web.ub.edu\/web\/actualitat\/w\/quantum-tycoon-videojoc-educatiu?referer=noticies<\/a><\/p>\n<\/div><div class=\"w-post-elm post_image usg_post_image_1 has_width\"><img loading=\"lazy\" decoding=\"async\" width=\"720\" height=\"510\" src=\"https:\/\/dqio.ub.edu\/wp-content\/uploads\/2026\/02\/quantumtycoonweb1.jpg\" class=\"attachment-full size-full wp-post-image\" alt=\"\" srcset=\"https:\/\/dqio.ub.edu\/wp-content\/uploads\/2026\/02\/quantumtycoonweb1.jpg 720w, https:\/\/dqio.ub.edu\/wp-content\/uploads\/2026\/02\/quantumtycoonweb1-300x213.jpg 300w\" sizes=\"auto, (max-width: 720px) 100vw, 720px\" \/><\/div><\/div><\/div><\/div>\t\t<\/div>\r\n\t\t\t<\/article>\r\n\t<article class=\"w-grid-item size_1x1 post-8280 post type-post status-publish format-standard hentry category-noticias-organica\" data-id=\"8280\">\r\n\t\t<div class=\"w-grid-item-h\">\r\n\t\t\t\t\t\t<div class=\"w-hwrapper usg_hwrapper_1 align_none valign_top\"><div class=\"w-vwrapper usg_vwrapper_1 align_none valign_top\"><div class=\"w-hwrapper usg_hwrapper_2 align_none valign_top\"><div class=\"w-post-elm post_taxonomy usg_post_taxonomy_1 style_badge color_link_inherit\"><span class=\"w-btn us-btn-style_1 term-233 term-noticias-organica\">Noticias Org\u00e1nica<\/span><\/div><div class=\"w-html usg_html_1 has_text_color\">10 de noviembre, 2025<\/div><\/div><div class=\"w-hwrapper usg_hwrapper_3 align_none valign_top stack_on_mobiles\"><div class=\"w-post-elm post_content usg_post_content_1 without_sections\"><p><strong>VIII Tesimarat\u00f3 de la Facultat de Qu\u00edmica<\/strong><\/p>\n<p>El proper <strong>dimarts 25 de novembre<\/strong> tindr\u00e0 lloc la setena edici\u00f3 de la Tesimarat\u00f3 de la Facultat de Qu\u00edmica, organitzada en el marc de la festivitat de Sant Albert per la Comissi\u00f3 de Dinamitzaci\u00f3 Ling\u00fc\u00edstica del centre. Es tracta d\u2019una jornada adre\u00e7ada a joves investigadors en la que els doctorands de la Facultat exposen en intervencions molt breus, de 4 minuts, el tema i els objectius del seu treball de tesi doctoral en catal\u00e0. Aquesta iniciativa vol fomentar i promoure la comunicaci\u00f3 cient\u00edfica entre els joves investigadors en un format divulgatiu i din\u00e0mic, que alhora permet donar a con\u00e8ixer la recerca que es fa en els diferents \u00e0mbits i programes de doctorat en qu\u00e8 participa la Facultat de Qu\u00edmica. El llibre de resums derivat d\u2019aquesta jornada es publicar\u00e0 en acc\u00e9s obert en el Dip\u00f2sit Digital de la UB.<\/p>\n<p>La sessi\u00f3 de presentacions tindr\u00e0 lloc <strong>a partir de les 11 h a l\u2019Aula Magna Enric Casassas<\/strong>.<\/p>\n<p>Els diplomes a tots els participants i les distincions es lliuraran el mateix dia a la tarda, tamb\u00e9 a <strong>l\u2019Aula Magna Enric Casassas, a partir de les 17 h<\/strong>, en un acte en el que tamb\u00e9 se celebrar\u00e0 la nova promoci\u00f3 de Doctors en Qu\u00edmica del curs 2024-2025.<\/p>\n<p><strong>Requisits:<\/strong> estar matriculat durant el curs 2025-2026 en algun programa de doctorat en qu\u00e8 participa la Facultat de Qu\u00edmica i no haver defensat la tesi abans del 25 de novembre de 2025.<\/p>\n<p><strong>Termini i inscripcions:<\/strong> fins el 20 de novembre de 2025 a <a href=\"mailto:cdl.quimica@ub.edu\">cdl.quimica@ub.edu<\/a><\/p>\n<p><strong>M\u00e9s informaci\u00f3:<\/strong> <a href=\"https:\/\/www.ub.edu\/portal\/web\/quimica\/foment-catala\">https:\/\/www.ub.edu\/portal\/web\/quimica\/foment-catala<\/a><\/p>\n<p><img loading=\"lazy\" decoding=\"async\" class=\"wp-image-8272 aligncenter\" src=\"https:\/\/dqio.ub.edu\/wp-content\/uploads\/2025\/11\/Picture2-300x169.png\" alt=\"\" width=\"377\" height=\"252\" \/><\/p>\n<\/div><\/div><\/div><\/div>\t\t<\/div>\r\n\t\t\t<\/article>\r\n\t<article class=\"w-grid-item size_1x1 post-8143 post type-post status-publish format-standard hentry category-noticias-organica\" data-id=\"8143\">\r\n\t\t<div class=\"w-grid-item-h\">\r\n\t\t\t\t\t\t<div class=\"w-hwrapper usg_hwrapper_1 align_none valign_top\"><div class=\"w-vwrapper usg_vwrapper_1 align_none valign_top\"><div class=\"w-hwrapper usg_hwrapper_2 align_none valign_top\"><div class=\"w-post-elm post_taxonomy usg_post_taxonomy_1 style_badge color_link_inherit\"><span class=\"w-btn us-btn-style_1 term-233 term-noticias-organica\">Noticias Org\u00e1nica<\/span><\/div><div class=\"w-html usg_html_1 has_text_color\">29 de septiembre, 2025<\/div><\/div><div class=\"w-hwrapper usg_hwrapper_3 align_none valign_top stack_on_mobiles\"><div class=\"w-post-elm post_content usg_post_content_1 without_sections\"><p class=\"x_MsoNormal\"><b data-olk-copy-source=\"MessageBody\">Carme Rovira recibe el Premio Nacional de Investigaci\u00f3n 2025<\/b><\/p>\n<p class=\"x_MsoNormal\">Nos complace anunciar que la Dra. Carme Rovira, profesora ICREA de nuestra Secci\u00f3n, ha sido galardonada con el Premio Nacional de Investigaci\u00f3n, uno de los reconocimientos m\u00e1s prestigiosos a la investigaci\u00f3n cient\u00edfica a nivel estatal.<\/p>\n<p class=\"x_MsoNormal\">Este galard\u00f3n pone de manifiesto la excelencia y el impacto del trabajo de la Dra. Rovira, as\u00ed como el liderazgo cient\u00edfico de nuestra Secci\u00f3n y Universidad.<\/p>\n<p class=\"x_MsoNormal\">Desde aqu\u00ed queremos transmitir a Carme nuestra m\u00e1s sincera enhorabuena por este logro tan merecido.<\/p>\n<\/div><\/div><\/div><\/div>\t\t<\/div>\r\n\t\t\t<\/article>\r\n\t<article class=\"w-grid-item size_1x1 post-7871 post type-post status-publish format-standard hentry category-noticias-organica\" data-id=\"7871\">\r\n\t\t<div class=\"w-grid-item-h\">\r\n\t\t\t\t\t\t<div class=\"w-hwrapper usg_hwrapper_1 align_none valign_top\"><div class=\"w-vwrapper usg_vwrapper_1 align_none valign_top\"><div class=\"w-hwrapper usg_hwrapper_2 align_none valign_top\"><div class=\"w-post-elm post_taxonomy usg_post_taxonomy_1 style_badge color_link_inherit\"><span class=\"w-btn us-btn-style_1 term-233 term-noticias-organica\">Noticias Org\u00e1nica<\/span><\/div><div class=\"w-html usg_html_1 has_text_color\">8 de abril, 2025<\/div><\/div><div class=\"w-hwrapper usg_hwrapper_3 align_none valign_top stack_on_mobiles\"><div class=\"w-post-elm post_content usg_post_content_1 without_sections\"><h5 data-start=\"54\" data-end=\"99\"><strong data-start=\"54\" data-end=\"99\">Plaza de Profesor Lector Serra H\u00fanter<\/strong><\/h5>\n<p class=\"\" data-start=\"101\" data-end=\"254\">La Secci\u00f3n de Qu\u00edmica Org\u00e1nica abre una plaza para incorporar a un Profesor Lector en el marco del Programa Serra H\u00fanter (ref. UB-LE-241-022).<\/p>\n<p class=\"\" data-start=\"256\" data-end=\"308\">Para m\u00e1s informaci\u00f3n, consultad el siguiente enlace: <a style=\"font-size: 16px;\" href=\"https:\/\/seu.ub.edu\/ofertaPublicaCategoriaPublic\/listPublicacionsAmbCategoria?categoria.id=684621\">https:\/\/seu.ub.edu\/ofertaPublicaCategoriaPublic\/listPublicacionsAmbCategoria?categoria.id=684621<\/a><\/p>\n<p>&nbsp;<\/p>\n<\/div><\/div><\/div><\/div>\t\t<\/div>\r\n\t\t\t<\/article>\r\n\t<article class=\"w-grid-item size_1x1 post-7620 post type-post status-publish format-standard hentry category-noticias-organica\" data-id=\"7620\">\r\n\t\t<div class=\"w-grid-item-h\">\r\n\t\t\t\t\t\t<div class=\"w-hwrapper usg_hwrapper_1 align_none valign_top\"><div class=\"w-vwrapper usg_vwrapper_1 align_none valign_top\"><div class=\"w-hwrapper usg_hwrapper_2 align_none valign_top\"><div class=\"w-post-elm post_taxonomy usg_post_taxonomy_1 style_badge color_link_inherit\"><span class=\"w-btn us-btn-style_1 term-233 term-noticias-organica\">Noticias Org\u00e1nica<\/span><\/div><div class=\"w-html usg_html_1 has_text_color\">3 de febrero, 2025<\/div><\/div><div class=\"w-hwrapper usg_hwrapper_3 align_none valign_top stack_on_mobiles\"><div class=\"w-post-elm post_content usg_post_content_1 without_sections\"><p class=\"x_MsoNormal\" data-olk-copy-source=\"MessageBody\">La Dra. Carme Rovira, Profesora d\u2019Investigaci\u00f3 ICREA de nuestra secci\u00f3n, ha sido nombrada miembro electo de la Secci\u00f3 de Qu\u00edmica de la Reial Acad\u00e8mia de les Ci\u00e8ncies i Arts de Barcelona.<\/p>\n<p class=\"x_MsoNormal\">\u00a1Felicidades, Carme!<\/p>\n<\/div><\/div><\/div><\/div>\t\t<\/div>\r\n\t\t\t<\/article>\r\n<\/div><div class=\"w-grid-preloader\">\t<div class=\"g-preloader type_1\">\r\n\t\t<div><\/div>\r\n\t<\/div>\r\n\t<\/div>\t<div class=\"w-grid-json hidden\" onclick='return {&quot;action&quot;:&quot;us_ajax_grid&quot;,&quot;infinite_scroll&quot;:0,&quot;max_num_pages&quot;:3,&quot;pagination&quot;:&quot;none&quot;,&quot;template_vars&quot;:{&quot;columns&quot;:&quot;1&quot;,&quot;exclude_items&quot;:&quot;none&quot;,&quot;img_size&quot;:&quot;default&quot;,&quot;ignore_items_size&quot;:0,&quot;items_layout&quot;:&quot;4485&quot;,&quot;items_offset&quot;:&quot;1&quot;,&quot;load_animation&quot;:&quot;none&quot;,&quot;overriding_link&quot;:&quot;%7B%22url%22%3A%22%22%7D&quot;,&quot;post_id&quot;:0,&quot;query_args&quot;:{&quot;post_type&quot;:[&quot;post&quot;],&quot;tax_query&quot;:[{&quot;taxonomy&quot;:&quot;category&quot;,&quot;field&quot;:&quot;slug&quot;,&quot;terms&quot;:[&quot;noticias-inorganica-es&quot;,&quot;noticias-organica&quot;]}],&quot;post_status&quot;:[&quot;publish&quot;,&quot;acf-disabled&quot;],&quot;posts_per_page&quot;:&quot;5&quot;},&quot;orderby_query_args&quot;:{&quot;meta_query&quot;:{&quot;_orderby_custom_&quot;:{&quot;relation&quot;:&quot;OR&quot;,&quot;0&quot;:{&quot;compare&quot;:&quot;EXISTS&quot;,&quot;key&quot;:&quot;data&quot;,&quot;type&quot;:&quot;CHAR&quot;},&quot;1&quot;:{&quot;compare&quot;:&quot;NOT EXISTS&quot;,&quot;key&quot;:&quot;data&quot;,&quot;type&quot;:&quot;CHAR&quot;}}},&quot;orderby&quot;:&quot;data&quot;,&quot;order&quot;:&quot;DESC&quot;},&quot;type&quot;:&quot;grid&quot;,&quot;us_grid_ajax_index&quot;:2,&quot;us_grid_filter_params&quot;:[],&quot;us_grid_index&quot;:2,&quot;_us_grid_post_type&quot;:&quot;post&quot;,&quot;page_args&quot;:[],&quot;lang&quot;:&quot;es&quot;}}'><\/div>\r\n\t<\/div><\/div><\/div><\/div><div class=\"w-separator size_small\"><\/div><div class=\"w-btn-wrapper align_center\"><a class=\"w-btn us-btn-style_7\" target=\"_blank\" href=\"https:\/\/dqio.ub.edu\/noticies\/\"><span class=\"w-btn-label\">Ver todo<\/span><\/a><\/div><div class=\"w-separator size_small\"><\/div><\/div><\/div><\/div><\/div><\/section><section class=\"l-section wpb_row height_medium with_img parallax_ver\"><div class=\"l-section-img\" role=\"img\" data-img-width=\"2560\" data-img-height=\"1707\" style=\"background-image: url(https:\/\/dqio.ub.edu\/wp-content\/uploads\/2024\/01\/equipo-laboratorio-quimica-quimica-fondo-analisis-abstracto-vaso-precipitados-bioquimica-scaled.jpg);\"><\/div><div class=\"l-section-overlay\" style=\"background:rgba(46,109,164,0.75)\"><\/div><div class=\"l-section-h i-cf\"><div class=\"g-cols vc_row via_grid cols_1 laptops-cols_inherit tablets-cols_inherit mobiles-cols_1 valign_middle type_default stacking_default\"><div class=\"wpb_column vc_column_container\"><div class=\"vc_column-inner\"><div class=\"w-separator hide_on_default hide_on_laptops hide_on_tablets size_huge\"><\/div><div class=\"wpb_text_column us_custom_6df4bc3a has_text_color\"><div class=\"wpb_wrapper\"><div class=\"section-title\">\n<div>\n<h2 id=\"no_scrollspy\" style=\"text-align: center;\">Contacta con nosotros<\/h2>\n<\/div>\n<\/div>\n<\/div><\/div><div class=\"w-separator size_small\"><\/div><div class=\"wpb_text_column us_custom_e50ce344 has_text_color\"><div class=\"wpb_wrapper\"><h6 style=\"text-align: center;\">Si tienes alguna duda, tenemos la respuesta<\/h6>\n<\/div><\/div><div class=\"w-separator us_custom_6df4bc3a has_text_color size_small with_line width_50 thick_2 style_solid color_primary align_center\"><div class=\"w-separator-h\"><\/div><\/div><div class=\"w-btn-wrapper align_center\"><a class=\"w-btn us-btn-style_3\" href=\"http:\/\/dqio.ub.edu\/es\/contacte\/\"><span class=\"w-btn-label\">CONTACTO<\/span><\/a><\/div><\/div><\/div><\/div><\/div><\/section>\n","protected":false},"excerpt":{"rendered":"La Dra. Carme Rovira, Profesora d\u2019Investigaci\u00f3 ICREA de nuestra secci\u00f3n, ha sido nombrada miembro electo de la Secci\u00f3 de Qu\u00edmica de la Reial Acad\u00e8mia de les Ci\u00e8ncies i Arts de Barcelona. \u00a1Felicidades, Carme!","protected":false},"author":1,"featured_media":0,"parent":0,"menu_order":0,"comment_status":"closed","ping_status":"closed","template":"","meta":{"_acf_changed":false,"footnotes":""},"research_area":[],"class_list":["post-1030","page","type-page","status-publish","hentry"],"acf":[],"yoast_head":"<!-- This site is optimized with the Yoast SEO plugin v27.4 - https:\/\/yoast.com\/product\/yoast-seo-wordpress\/ -->\n<title>Home - Departament de Quimica Inorg\u00e0nica i Org\u00e0nica<\/title>\n<meta name=\"robots\" content=\"index, follow, max-snippet:-1, max-image-preview:large, max-video-preview:-1\" \/>\n<link rel=\"canonical\" href=\"https:\/\/dqio.ub.edu\/es\/\" \/>\n<meta property=\"og:locale\" content=\"es_ES\" \/>\n<meta property=\"og:type\" content=\"article\" \/>\n<meta property=\"og:title\" content=\"Home - Departament de Quimica Inorg\u00e0nica i Org\u00e0nica\" \/>\n<meta property=\"og:url\" content=\"https:\/\/dqio.ub.edu\/es\/\" \/>\n<meta property=\"og:site_name\" content=\"Departament de Quimica Inorg\u00e0nica i Org\u00e0nica\" \/>\n<meta property=\"article:modified_time\" content=\"2025-01-02T12:04:26+00:00\" \/>\n<meta name=\"twitter:card\" content=\"summary_large_image\" \/>\n<meta name=\"twitter:label1\" content=\"Tiempo de lectura\" \/>\n\t<meta name=\"twitter:data1\" content=\"1 minuto\" \/>\n<script type=\"application\/ld+json\" class=\"yoast-schema-graph\">{\"@context\":\"https:\\\/\\\/schema.org\",\"@graph\":[{\"@type\":\"WebPage\",\"@id\":\"https:\\\/\\\/dqio.ub.edu\\\/es\\\/\",\"url\":\"https:\\\/\\\/dqio.ub.edu\\\/es\\\/\",\"name\":\"Home - Departament de Quimica Inorg\u00e0nica i Org\u00e0nica\",\"isPartOf\":{\"@id\":\"https:\\\/\\\/dqio.ub.edu\\\/#website\"},\"datePublished\":\"2023-10-18T05:31:24+00:00\",\"dateModified\":\"2025-01-02T12:04:26+00:00\",\"breadcrumb\":{\"@id\":\"https:\\\/\\\/dqio.ub.edu\\\/es\\\/#breadcrumb\"},\"inLanguage\":\"es\",\"potentialAction\":[{\"@type\":\"ReadAction\",\"target\":[\"https:\\\/\\\/dqio.ub.edu\\\/es\\\/\"]}]},{\"@type\":\"BreadcrumbList\",\"@id\":\"https:\\\/\\\/dqio.ub.edu\\\/es\\\/#breadcrumb\",\"itemListElement\":[{\"@type\":\"ListItem\",\"position\":1,\"name\":\"Inici\",\"item\":\"https:\\\/\\\/dqio.ub.edu\\\/es\\\/\"},{\"@type\":\"ListItem\",\"position\":2,\"name\":\"Home\"}]},{\"@type\":\"WebSite\",\"@id\":\"https:\\\/\\\/dqio.ub.edu\\\/#website\",\"url\":\"https:\\\/\\\/dqio.ub.edu\\\/\",\"name\":\"Departament de Quimica Inorg\u00e0nica i Org\u00e0nica\",\"description\":\"\",\"potentialAction\":[{\"@type\":\"SearchAction\",\"target\":{\"@type\":\"EntryPoint\",\"urlTemplate\":\"https:\\\/\\\/dqio.ub.edu\\\/?s={search_term_string}\"},\"query-input\":{\"@type\":\"PropertyValueSpecification\",\"valueRequired\":true,\"valueName\":\"search_term_string\"}}],\"inLanguage\":\"es\"}]}<\/script>\n<!-- \/ Yoast SEO plugin. -->","yoast_head_json":{"title":"Home - Departament de Quimica Inorg\u00e0nica i Org\u00e0nica","robots":{"index":"index","follow":"follow","max-snippet":"max-snippet:-1","max-image-preview":"max-image-preview:large","max-video-preview":"max-video-preview:-1"},"canonical":"https:\/\/dqio.ub.edu\/es\/","og_locale":"es_ES","og_type":"article","og_title":"Home - Departament de Quimica Inorg\u00e0nica i Org\u00e0nica","og_url":"https:\/\/dqio.ub.edu\/es\/","og_site_name":"Departament de Quimica Inorg\u00e0nica i Org\u00e0nica","article_modified_time":"2025-01-02T12:04:26+00:00","twitter_card":"summary_large_image","twitter_misc":{"Tiempo de lectura":"1 minuto"},"schema":{"@context":"https:\/\/schema.org","@graph":[{"@type":"WebPage","@id":"https:\/\/dqio.ub.edu\/es\/","url":"https:\/\/dqio.ub.edu\/es\/","name":"Home - Departament de Quimica Inorg\u00e0nica i Org\u00e0nica","isPartOf":{"@id":"https:\/\/dqio.ub.edu\/#website"},"datePublished":"2023-10-18T05:31:24+00:00","dateModified":"2025-01-02T12:04:26+00:00","breadcrumb":{"@id":"https:\/\/dqio.ub.edu\/es\/#breadcrumb"},"inLanguage":"es","potentialAction":[{"@type":"ReadAction","target":["https:\/\/dqio.ub.edu\/es\/"]}]},{"@type":"BreadcrumbList","@id":"https:\/\/dqio.ub.edu\/es\/#breadcrumb","itemListElement":[{"@type":"ListItem","position":1,"name":"Inici","item":"https:\/\/dqio.ub.edu\/es\/"},{"@type":"ListItem","position":2,"name":"Home"}]},{"@type":"WebSite","@id":"https:\/\/dqio.ub.edu\/#website","url":"https:\/\/dqio.ub.edu\/","name":"Departament de Quimica Inorg\u00e0nica i Org\u00e0nica","description":"","potentialAction":[{"@type":"SearchAction","target":{"@type":"EntryPoint","urlTemplate":"https:\/\/dqio.ub.edu\/?s={search_term_string}"},"query-input":{"@type":"PropertyValueSpecification","valueRequired":true,"valueName":"search_term_string"}}],"inLanguage":"es"}]}},"_links":{"self":[{"href":"https:\/\/dqio.ub.edu\/es\/wp-json\/wp\/v2\/pages\/1030","targetHints":{"allow":["GET"]}}],"collection":[{"href":"https:\/\/dqio.ub.edu\/es\/wp-json\/wp\/v2\/pages"}],"about":[{"href":"https:\/\/dqio.ub.edu\/es\/wp-json\/wp\/v2\/types\/page"}],"author":[{"embeddable":true,"href":"https:\/\/dqio.ub.edu\/es\/wp-json\/wp\/v2\/users\/1"}],"replies":[{"embeddable":true,"href":"https:\/\/dqio.ub.edu\/es\/wp-json\/wp\/v2\/comments?post=1030"}],"version-history":[{"count":49,"href":"https:\/\/dqio.ub.edu\/es\/wp-json\/wp\/v2\/pages\/1030\/revisions"}],"predecessor-version":[{"id":7576,"href":"https:\/\/dqio.ub.edu\/es\/wp-json\/wp\/v2\/pages\/1030\/revisions\/7576"}],"wp:attachment":[{"href":"https:\/\/dqio.ub.edu\/es\/wp-json\/wp\/v2\/media?parent=1030"}],"wp:term":[{"taxonomy":"research_area","embeddable":true,"href":"https:\/\/dqio.ub.edu\/es\/wp-json\/wp\/v2\/research_area?post=1030"}],"curies":[{"name":"wp","href":"https:\/\/api.w.org\/{rel}","templated":true}]}}