{"id":6139,"date":"2024-04-15T16:47:42","date_gmt":"2024-04-15T14:47:42","guid":{"rendered":"https:\/\/dqio.ub.edu\/esdeveniments-2\/"},"modified":"2024-04-18T10:43:11","modified_gmt":"2024-04-18T08:43:11","slug":"eventos-dqio","status":"publish","type":"page","link":"https:\/\/dqio.ub.edu\/es\/eventos-dqio\/","title":{"rendered":"Eventos  DQIO"},"content":{"rendered":"<section class=\"l-section wpb_row height_auto width_full with_img parallax_ver\"><div class=\"l-section-img\" role=\"img\" data-img-width=\"2560\" data-img-height=\"1440\" style=\"background-image: url(https:\/\/dqio.ub.edu\/wp-content\/uploads\/2024\/02\/disposicion-cristaleria-microscopio-scaled.jpg);background-repeat: no-repeat;\"><\/div><div class=\"l-section-overlay\" style=\"background:linear-gradient(260deg,rgba(255,255,255,0),#ffffff)\"><\/div><div class=\"l-section-h i-cf\"><div class=\"g-cols vc_row via_grid cols_2 laptops-cols_inherit tablets-cols_inherit mobiles-cols_1 valign_middle type_default stacking_default\"><div class=\"wpb_column vc_column_container\"><div class=\"vc_column-inner\"><div class=\"g-cols wpb_row faculty via_grid cols_1 laptops-cols_inherit tablets-cols_inherit mobiles-cols_1 valign_middle type_boxes stacking_default\" style=\"--gap:0rem;\"><div class=\"wpb_column vc_column_container\"><div class=\"vc_column-inner\"><div class=\"wpb_text_column us_custom_d36548be titol has_text_color\"><div class=\"wpb_wrapper\"><h3>Eventos<\/h3>\n<\/div><\/div><\/div><\/div><\/div><\/div><\/div><div class=\"wpb_column vc_column_container\"><div class=\"vc_column-inner\"><\/div><\/div><\/div><\/div><\/section><section class=\"l-section wpb_row us_custom_82abb717 height_auto width_custom with_img\" style=\"--site-content-width:1300px;\"><div class=\"l-section-img\" role=\"img\" data-img-width=\"7364\" data-img-height=\"2645\" style=\"background-image: url(https:\/\/dqio.ub.edu\/wp-content\/uploads\/2023\/10\/Group-144.png);\"><\/div><div class=\"l-section-h i-cf\"><div class=\"g-cols vc_row via_grid cols_1 laptops-cols_inherit tablets-cols_inherit mobiles-cols_1 valign_top type_default stacking_default\"><div class=\"wpb_column vc_column_container\"><div class=\"vc_column-inner\"><div class=\"g-cols wpb_row via_grid cols_1 laptops-cols_inherit tablets-cols_inherit mobiles-cols_1 valign_top type_boxes stacking_default\" style=\"--gap:0rem;\"><div class=\"wpb_column vc_column_container\"><div class=\"vc_column-inner\"><div class=\"wpb_text_column us_custom_d36548be has_text_color\"><div class=\"wpb_wrapper\"><h3 style=\"text-align: center;\">Eventos<\/h3>\n<\/div><\/div><div class=\"w-separator size_medium with_line width_default thick_1 style_solid color_primary align_center\"><div class=\"w-separator-h\"><\/div><\/div><div class=\"w-grid type_grid layout_4485 with_filters\" id=\"us_grid_1\" style=\"--gap:1.5rem;\"><style>.layout_4485 .w-grid-item-h{}.layout_4485 .usg_hwrapper_1{width:100%!important;background:#ffffff!important}.layout_4485 .usg_vwrapper_1{width:100%!important}.layout_4485 .usg_post_content_1{font-size:15px!important;width:100%!important;padding:29px!important}.layout_4485 .usg_post_taxonomy_1{width:120%!important;padding-left:25px!important;padding-top:25px!important;padding-bottom:0px!important}.layout_4485 .usg_hwrapper_2{width:100%!important}.layout_4485 .usg_html_1{color:#ffffff!important;text-align:center!important;font-size:20px!important;max-width:280px!important;min-width:200px!important;position:relative!important;top:0!important;right:0!important;padding:10px!important;background:#2e6da4!important}.layout_4485 .usg_post_image_1{width:30%!important;min-width:200px!important;padding:29px!important}@media (min-width:1025px) and (max-width:1440px){.layout_4485 .usg_html_1{color:#ffffff!important;text-align:center!important;font-size:20px!important;width:12%!important;max-width:20%!important}}@media (min-width:601px) and (max-width:1024px){.layout_4485 .usg_html_1{color:#ffffff!important;text-align:center!important;font-size:10px!important;width:24%!important;max-width:24%!important}}@media (max-width:600px){.layout_4485 .usg_html_1{color:#ffffff!important;text-align:center!important;font-size:10px!important;min-width:176px!important}}<\/style><div class=\"g-filters style_2 align_center\"><button class=\"g-filters-item active\" data-taxonomy=\"*\"><span>Todo<\/span><\/button><button class=\"g-filters-item\" data-taxonomy=\"eventos-inorganica\" data-amount=\"2\"><span>Eventos Inorg\u00e1nica<\/span><span class=\"g-filters-item-amount\">2<\/span><\/button><button class=\"g-filters-item\" data-taxonomy=\"eventos-organica\" data-amount=\"1\"><span>Eventos Org\u00e1nica<\/span><span class=\"g-filters-item-amount\">1<\/span><\/button><button class=\"g-filters-item\" data-taxonomy=\"eventos-pasados-inorganica\" data-amount=\"9\"><span>Eventos pasados inorg\u00e1nica<\/span><span class=\"g-filters-item-amount\">9<\/span><\/button><button class=\"g-filters-item\" data-taxonomy=\"eventos-pasados-organica\" data-amount=\"31\"><span>Eventos pasados org\u00e1nica<\/span><span class=\"g-filters-item-amount\">31<\/span><\/button><\/div><div class=\"w-grid-list\" data-filter_taxonomy_name=\"category\" data-filter_default_taxonomies=\"eventos-inorganica,eventos-organica,eventos-pasados-inorganica,eventos-pasados-organica\">\t<article class=\"w-grid-item size_1x1 post-8544 post type-post status-publish format-standard has-post-thumbnail hentry category-eventos-inorganica\" data-id=\"8544\">\r\n\t\t<div class=\"w-grid-item-h\">\r\n\t\t\t\t\t\t<div class=\"w-hwrapper usg_hwrapper_1 align_none valign_top\"><div class=\"w-vwrapper usg_vwrapper_1 align_none valign_top\"><div class=\"w-hwrapper usg_hwrapper_2 align_none valign_top\"><div class=\"w-post-elm post_taxonomy usg_post_taxonomy_1 style_badge color_link_inherit\"><span class=\"w-btn us-btn-style_1 term-225 term-eventos-inorganica\">Eventos Inorg\u00e1nica<\/span><\/div><div class=\"w-html usg_html_1 has_text_color\">30 de junio, 2026<\/div><\/div><div class=\"w-hwrapper usg_hwrapper_3 align_none valign_top stack_on_mobiles\"><div class=\"w-post-elm post_content usg_post_content_1 without_sections\"><h5 class=\"mt-3 mt-xl-0 title\">Exposici\u00f3n \u00ab100 a\u00f1os de la mec\u00e1nica cu\u00e1ntica\u00bb,\u00a0, 12\/11\/25 &#8211; 30\/06\/26<\/h5>\n<div class=\"grayband-detail__basic-info\">\n<div class=\"grayband-detail__basic-info\">\n<p>El Fondo Hist\u00f3rico del CRAI Biblioteca de F\u00edsica y Qu\u00edmica organiza cada a\u00f1o una muestra, dedicada a\u00a0un tema espec\u00edfico. Este a\u00f1o, conmemora el centenario del establecimiento de las bases de la mec\u00e1nica cu\u00e1ntica.<\/p>\n<p>En verano de 1925, Werner Heisenberg propuso la primera formulaci\u00f3n de la teor\u00eda cu\u00e1ntica \u2014completada en oto\u00f1o de ese mismo a\u00f1o por Max Born, Pascual Jordan y el propio Heisenberg, y de manera independiente por Paul Dirac\u2014, conocida como mec\u00e1nica de matrices. A partir de enero de 1926, Erwin Schr\u00f6dinger estableci\u00f3 una formulaci\u00f3n alternativa: la mec\u00e1nica ondulatoria.<\/p>\n<p>&nbsp;<\/p>\n<\/div>\n<div class=\"detail\">\n<div class=\"row detail-info mb-2 mb-lg-0\">\n<div class=\"col-12 col-lg-3 col-xl-2 detail-column\"><span class=\"detail-title\">Lugar: <\/span><span class=\"detail-text\">CRAI Biblioteca de F\u00edsica y Qu\u00edmica<\/span><\/div>\n<\/div>\n<div class=\"row detail-info\">\n<div class=\"col-12 col-lg-3 col-xl-2\"><span class=\"detail-title\">Organiza: <\/span><span class=\"detail-text\">Fondo Hist\u00f3rico del CRAI Biblioteca de F\u00edsica y Qu\u00edmica\u00a0<\/span><\/div>\n<div>Enlace: <a href=\"https:\/\/web.ub.edu\/es\/web\/actualitat\/w\/100-anys-mecanica-quantica?referer=agenda\">https:\/\/web.ub.edu\/es\/web\/actualitat\/w\/100-anys-mecanica-quantica?referer=agenda<\/a><\/div>\n<\/div>\n<\/div>\n<\/div>\n<\/div><div class=\"w-post-elm post_image usg_post_image_1 has_width\"><img loading=\"lazy\" decoding=\"async\" width=\"325\" height=\"325\" src=\"https:\/\/dqio.ub.edu\/wp-content\/uploads\/2026\/03\/expoCRAI2026.png\" class=\"attachment-full size-full wp-post-image\" alt=\"\" srcset=\"https:\/\/dqio.ub.edu\/wp-content\/uploads\/2026\/03\/expoCRAI2026.png 325w, https:\/\/dqio.ub.edu\/wp-content\/uploads\/2026\/03\/expoCRAI2026-300x300.png 300w, https:\/\/dqio.ub.edu\/wp-content\/uploads\/2026\/03\/expoCRAI2026-150x150.png 150w\" sizes=\"auto, (max-width: 325px) 100vw, 325px\" \/><\/div><\/div><\/div><\/div>\t\t<\/div>\r\n\t\t\t<\/article>\r\n\t<article class=\"w-grid-item size_1x1 post-8296 post type-post status-publish format-standard hentry category-eventos-inorganica\" data-id=\"8296\">\r\n\t\t<div class=\"w-grid-item-h\">\r\n\t\t\t\t\t\t<div class=\"w-hwrapper usg_hwrapper_1 align_none valign_top\"><div class=\"w-vwrapper usg_vwrapper_1 align_none valign_top\"><div class=\"w-hwrapper usg_hwrapper_2 align_none valign_top\"><div class=\"w-post-elm post_taxonomy usg_post_taxonomy_1 style_badge color_link_inherit\"><span class=\"w-btn us-btn-style_1 term-225 term-eventos-inorganica\">Eventos Inorg\u00e1nica<\/span><\/div><div class=\"w-html usg_html_1 has_text_color\">22 de mayo, 2026<\/div><\/div><div class=\"w-hwrapper usg_hwrapper_3 align_none valign_top stack_on_mobiles\"><div class=\"w-post-elm post_content usg_post_content_1 without_sections\"><h5>Seminaris del M\u00e0ster de Qu\u00edmica de Materials Aplicada Curs 2025\/2026<\/h5>\n<p><strong>Lloc<\/strong>: Aula Enric Casassas o Aula Eduard Fontser\u00e9 segons disponibilitat (consultar les pantalles de difusi\u00f3 de la Facultat de Qu\u00edmica per cada seminari concret).<\/p>\n<p><strong>Hora<\/strong>: 12h00-13h00<\/p>\n<h5><strong>Dia\u00a0 \u00a0 \u00a0 \u00a0 \u00a0 \u00a0 \u00a0 \u00a0 \u00a0 \u00a0 \u00a0 \u00a0 \u00a0 Ponent i Instituci\u00f3<\/strong><\/h5>\n<p><strong>17\/10\/25\u00a0 \u00a0 \u00a0 \u00a0 <\/strong>Richard Spontak, \u00a0North Carolina State University (USA)<\/p>\n<p><strong>24\/10\/25\u00a0 \u00a0 \u00a0 \u00a0 <\/strong>Elaine Armelin, \u00a0Universitat Polit\u00e8cnica de Catalunya<\/p>\n<p><strong>07\/11\/25\u00a0 \u00a0 \u00a0 \u00a0 <\/strong>Mar\u00eda Escudero, \u00a0Institut Catal\u00e0 de Nanoci\u00e8ncia i Nanotecnologia (ICN2)<\/p>\n<p><strong>21\/11\/25\u00a0 \u00a0 \u00a0 \u00a0 <\/strong>Francesc Illes, \u00a0Universitat de Barcelona<\/p>\n<p><strong>05\/12\/25\u00a0 \u00a0 \u00a0 \u00a0 <\/strong>Manel Mart\u00ednez, Universitat de Barcelona<\/p>\n<p><strong>19\/12\/25\u00a0 \u00a0 \u00a0 \u00a0 <\/strong>Pablo Guardia, Institut de Ci\u00e8ncia de Materials de Barcelona (ICMAB-CSIC)<\/p>\n<p><strong>20\/02\/26\u00a0 \u00a0 \u00a0 <\/strong>Beatriu Escuder, \u00a0Universitat Jaume I<\/p>\n<p><strong>06\/03\/26\u00a0 \u00a0 \u00a0 <\/strong>Jordi Fern\u00e1ndez, \u00a0Vibrantz<\/p>\n<p><strong>13\/03\/26\u00a0 \u00a0 \u00a0 \u00a0<\/strong>Sergi Cuesta, Vitsolc<\/p>\n<p><strong>27\/03\/26\u00a0 \u00a0 \u00a0 \u00a0<\/strong>M\u00f3nica Gim\u00e9nez-Marqu\u00e9s, \u00a0Institut de Ci\u00e8ncia Molecular (ICMOL)<\/p>\n<p><strong>10\/04\/26\u00a0 \u00a0 \u00a0 \u00a0<\/strong>Neus Bast\u00fas, Institut Catal\u00e0 de Nanoci\u00e8ncia i Nanotecnologia (ICN2)<\/p>\n<p><strong>24\/04\/26 <\/strong>\u00a0 \u00a0 \u00a0 TBA<\/p>\n<p><strong>08\/05\/26\u00a0 \u00a0 \u00a0 \u00a0<\/strong>Sara Rojas Mac\u00edas, \u00a0Universidad de Granada<\/p>\n<p><strong>22\/05\/26\u00a0 \u00a0 \u00a0 \u00a0<\/strong>Matteo Mannini, \u00a0Universit\u00e0 degli Studi di Firenze (Italia)<\/p>\n<\/div><\/div><\/div><\/div>\t\t<\/div>\r\n\t\t\t<\/article>\r\n\t<article class=\"w-grid-item size_1x1 post-8416 post type-post status-publish format-standard hentry category-eventos-pasados-organica\" data-id=\"8416\">\r\n\t\t<div class=\"w-grid-item-h\">\r\n\t\t\t\t\t\t<div class=\"w-hwrapper usg_hwrapper_1 align_none valign_top\"><div class=\"w-vwrapper usg_vwrapper_1 align_none valign_top\"><div class=\"w-hwrapper usg_hwrapper_2 align_none valign_top\"><div class=\"w-post-elm post_taxonomy usg_post_taxonomy_1 style_badge color_link_inherit\"><span class=\"w-btn us-btn-style_1 term-304 term-eventos-pasados-organica\">Eventos pasados org\u00e1nica<\/span><\/div><div class=\"w-html usg_html_1 has_text_color\">15 de diciembre, 2025<\/div><\/div><div class=\"w-hwrapper usg_hwrapper_3 align_none valign_top stack_on_mobiles\"><div class=\"w-post-elm post_content usg_post_content_1 without_sections\"><h4><strong>Confer\u00e8ncia del Programa de Doctorat en Qu\u00edmica Org\u00e0nica<\/strong><\/h4>\n<h5><img loading=\"lazy\" decoding=\"async\" class=\"alignnone wp-image-8401 alignright\" src=\"https:\/\/dqio.ub.edu\/wp-content\/uploads\/2025\/12\/JavierReaddeAlaniz-300x300.jpg\" alt=\"\" width=\"194\" height=\"194\" srcset=\"https:\/\/dqio.ub.edu\/wp-content\/uploads\/2025\/12\/JavierReaddeAlaniz-300x300.jpg 300w, https:\/\/dqio.ub.edu\/wp-content\/uploads\/2025\/12\/JavierReaddeAlaniz-1024x1022.jpg 1024w, https:\/\/dqio.ub.edu\/wp-content\/uploads\/2025\/12\/JavierReaddeAlaniz-150x150.jpg 150w, https:\/\/dqio.ub.edu\/wp-content\/uploads\/2025\/12\/JavierReaddeAlaniz.jpg 1920w\" sizes=\"auto, (max-width: 194px) 100vw, 194px\" \/><\/h5>\n<h5><strong>Exploration of light responsive materials<\/strong><\/h5>\n<p>A c\u00e0rrec del Dr. Javier Read de Alaniz, University of California Santa Barbara<\/p>\n<p>\ud83d\uddd3 <strong>Data:<\/strong> Dilluns, 15 de desembre de 2025<br \/>\n\ud83d\udd5b <strong>Hora:<\/strong> 12:00<br \/>\n\ud83d\udccd <strong>Lloc:<\/strong> Aula 105 de la Facultat de Qu\u00edmica (UB)<\/p>\n<\/div><\/div><\/div><\/div>\t\t<\/div>\r\n\t\t\t<\/article>\r\n\t<article class=\"w-grid-item size_1x1 post-8361 post type-post status-publish format-standard hentry category-eventos-pasados-organica\" data-id=\"8361\">\r\n\t\t<div class=\"w-grid-item-h\">\r\n\t\t\t\t\t\t<div class=\"w-hwrapper usg_hwrapper_1 align_none valign_top\"><div class=\"w-vwrapper usg_vwrapper_1 align_none valign_top\"><div class=\"w-hwrapper usg_hwrapper_2 align_none valign_top\"><div class=\"w-post-elm post_taxonomy usg_post_taxonomy_1 style_badge color_link_inherit\"><span class=\"w-btn us-btn-style_1 term-304 term-eventos-pasados-organica\">Eventos pasados org\u00e1nica<\/span><\/div><div class=\"w-html usg_html_1 has_text_color\">10 de diciembre, 2025<\/div><\/div><div class=\"w-hwrapper usg_hwrapper_3 align_none valign_top stack_on_mobiles\"><div class=\"w-post-elm post_content usg_post_content_1 without_sections\"><h4><span style=\"color: #3366ff\">Pr\u00f3xima defensa de Tesis Doctoral<\/span><\/h4>\n<p><img loading=\"lazy\" decoding=\"async\" class=\"alignnone  wp-image-8357 alignright\" src=\"https:\/\/dqio.ub.edu\/wp-content\/uploads\/2025\/12\/Clara_Fabregat-225x300.jpg\" alt=\"\" width=\"146\" height=\"195\" srcset=\"https:\/\/dqio.ub.edu\/wp-content\/uploads\/2025\/12\/Clara_Fabregat-225x300.jpg 225w, https:\/\/dqio.ub.edu\/wp-content\/uploads\/2025\/12\/Clara_Fabregat-768x1024.jpg 768w, https:\/\/dqio.ub.edu\/wp-content\/uploads\/2025\/12\/Clara_Fabregat.jpg 1536w\" sizes=\"auto, (max-width: 146px) 100vw, 146px\" \/><\/p>\n<p>El pr\u00f3ximo mi\u00e9rcoles 10 de diciembre, a las 11:00 h, en el Aula Magna Enric Casassas, nuestra compa\u00f1era Clara Fabregat defender\u00e1 su tesis doctoral titulada \u00ab<em>Development of Novel Carbazole and Dibenzothiophene-based Organic Semiconductors and its application in Organic Field-Effect Transistors<\/em>\u00ab, dirigida por la Dra. Dolors Velasco y el Dr. Jaume Garc\u00eda.<\/p>\n<p>\u00a1Felicidades por todo el trabajo realizado! \u00a1Le deseamos lo mejor en su futuro profesional!<\/p>\n<\/div><\/div><\/div><\/div>\t\t<\/div>\r\n\t\t\t<\/article>\r\n\t<article class=\"w-grid-item size_1x1 post-8343 post type-post status-publish format-standard hentry category-eventos-pasados-organica\" data-id=\"8343\">\r\n\t\t<div class=\"w-grid-item-h\">\r\n\t\t\t\t\t\t<div class=\"w-hwrapper usg_hwrapper_1 align_none valign_top\"><div class=\"w-vwrapper usg_vwrapper_1 align_none valign_top\"><div class=\"w-hwrapper usg_hwrapper_2 align_none valign_top\"><div class=\"w-post-elm post_taxonomy usg_post_taxonomy_1 style_badge color_link_inherit\"><span class=\"w-btn us-btn-style_1 term-304 term-eventos-pasados-organica\">Eventos pasados org\u00e1nica<\/span><\/div><div class=\"w-html usg_html_1 has_text_color\">28 de noviembre, 2025<\/div><\/div><div class=\"w-hwrapper usg_hwrapper_3 align_none valign_top stack_on_mobiles\"><div class=\"w-post-elm post_content usg_post_content_1 without_sections\"><h4><strong>Conferencia del Programa de Doctorado en Qu\u00edmica Org\u00e1nica<img loading=\"lazy\" decoding=\"async\" class=\" wp-image-8336 alignright\" src=\"https:\/\/dqio.ub.edu\/wp-content\/uploads\/2025\/11\/Lennox-208x300.png\" alt=\"\" width=\"147\" height=\"212\" srcset=\"https:\/\/dqio.ub.edu\/wp-content\/uploads\/2025\/11\/Lennox-208x300.png 208w, https:\/\/dqio.ub.edu\/wp-content\/uploads\/2025\/11\/Lennox.png 427w\" sizes=\"auto, (max-width: 147px) 100vw, 147px\" \/><\/strong><\/h4>\n<h5><strong>Electrochemical hypervalent iodine-mediated alkene and alkyne fluorination <\/strong><\/h5>\n<p>A cargo del Dr. Alastair Lennox, University of Bristol<\/p>\n<p>\ud83d\uddd3 <strong>Fecha:<\/strong> Viernes, 28 de noviembre de 2025<br \/>\n\ud83d\udd5b <strong>Hora:<\/strong> 12:00<br \/>\n\ud83d\udccd <strong>Lugar<\/strong> Aula Magna Enric Casassas de la Facultad de Qu\u00edmica (UB)<\/p>\n<\/div><\/div><\/div><\/div>\t\t<\/div>\r\n\t\t\t<\/article>\r\n\t<article class=\"w-grid-item size_1x1 post-8244 post type-post status-publish format-standard hentry category-eventos-pasados-organica\" data-id=\"8244\">\r\n\t\t<div class=\"w-grid-item-h\">\r\n\t\t\t\t\t\t<div class=\"w-hwrapper usg_hwrapper_1 align_none valign_top\"><div class=\"w-vwrapper usg_vwrapper_1 align_none valign_top\"><div class=\"w-hwrapper usg_hwrapper_2 align_none valign_top\"><div class=\"w-post-elm post_taxonomy usg_post_taxonomy_1 style_badge color_link_inherit\"><span class=\"w-btn us-btn-style_1 term-304 term-eventos-pasados-organica\">Eventos pasados org\u00e1nica<\/span><\/div><div class=\"w-html usg_html_1 has_text_color\">30 de octubre, 2025<\/div><\/div><div class=\"w-hwrapper usg_hwrapper_3 align_none valign_top stack_on_mobiles\"><div class=\"w-post-elm post_content usg_post_content_1 without_sections\"><h4><strong>Conferencia del Programa de Doctorado en Qu\u00edmica Org\u00e1nica<\/strong><\/h4>\n<h5><img loading=\"lazy\" decoding=\"async\" class=\"alignnone  wp-image-8236 alignright\" src=\"https:\/\/dqio.ub.edu\/wp-content\/uploads\/2025\/10\/Foto_CMuller-233x300.jpeg\" alt=\"\" width=\"182\" height=\"234\" srcset=\"https:\/\/dqio.ub.edu\/wp-content\/uploads\/2025\/10\/Foto_CMuller-233x300.jpeg 233w, https:\/\/dqio.ub.edu\/wp-content\/uploads\/2025\/10\/Foto_CMuller.jpeg 306w\" sizes=\"auto, (max-width: 182px) 100vw, 182px\" \/><\/h5>\n<h5><em>The di-\u03c0-methane rearrangement in phosphabarrelenes<\/em><\/h5>\n<h5>A cargo del Dr. Christian M\u00fcller, Freie Universit\u00e4t Berlin<\/h5>\n<h5>\ud83d\uddd3 <strong>Fecha:<\/strong> Jueves, 30 de octubre de 2025<br \/>\n\ud83d\udd5b <strong>Hora:<\/strong> 12:00<br \/>\n\ud83d\udccd <strong>Lugar<\/strong> Aula Magna Enric Casassas de la Facultad de Qu\u00edmica (UB)<\/h5>\n<\/div><\/div><\/div><\/div>\t\t<\/div>\r\n\t\t\t<\/article>\r\n\t<article class=\"w-grid-item size_1x1 post-8202 post type-post status-publish format-standard hentry category-eventos-pasados-organica\" data-id=\"8202\">\r\n\t\t<div class=\"w-grid-item-h\">\r\n\t\t\t\t\t\t<div class=\"w-hwrapper usg_hwrapper_1 align_none valign_top\"><div class=\"w-vwrapper usg_vwrapper_1 align_none valign_top\"><div class=\"w-hwrapper usg_hwrapper_2 align_none valign_top\"><div class=\"w-post-elm post_taxonomy usg_post_taxonomy_1 style_badge color_link_inherit\"><span class=\"w-btn us-btn-style_1 term-304 term-eventos-pasados-organica\">Eventos pasados org\u00e1nica<\/span><\/div><div class=\"w-html usg_html_1 has_text_color\">17 de octubre, 2025<\/div><\/div><div class=\"w-hwrapper usg_hwrapper_3 align_none valign_top stack_on_mobiles\"><div class=\"w-post-elm post_content usg_post_content_1 without_sections\"><h4><strong>Conferencia del Programa de Doctorado en Qu\u00edmica Org\u00e1nica<\/strong><\/h4>\n<h5><img loading=\"lazy\" decoding=\"async\" class=\"size-full wp-image-8196 alignright\" src=\"https:\/\/dqio.ub.edu\/wp-content\/uploads\/2025\/10\/Foto_KMP2.jpg\" alt=\"\" width=\"181\" height=\"229\" \/><\/h5>\n<h5><strong><em>Solar Energy Conversion and Energy Storage Materials<\/em><\/strong><\/h5>\n<h5>A cargo del Dr. Kasper Moth\u2013Poulsen, Universitat Polit\u00e8cnica de Catalunya<\/h5>\n<h5>\ud83d\uddd3 <strong>Fecha:<\/strong> Viernes, 17 de octubre de 2025<br \/>\n\ud83d\udd5b <strong>Hora:<\/strong> 12:00<br \/>\n\ud83d\udccd <strong>Lugar<\/strong> Aula Magna Enric Casassas de la Facultad de Qu\u00edmica (UB)<\/h5>\n<\/div><\/div><\/div><\/div>\t\t<\/div>\r\n\t\t\t<\/article>\r\n\t<article class=\"w-grid-item size_1x1 post-8172 post type-post status-publish format-standard hentry category-eventos-pasados-organica\" data-id=\"8172\">\r\n\t\t<div class=\"w-grid-item-h\">\r\n\t\t\t\t\t\t<div class=\"w-hwrapper usg_hwrapper_1 align_none valign_top\"><div class=\"w-vwrapper usg_vwrapper_1 align_none valign_top\"><div class=\"w-hwrapper usg_hwrapper_2 align_none valign_top\"><div class=\"w-post-elm post_taxonomy usg_post_taxonomy_1 style_badge color_link_inherit\"><span class=\"w-btn us-btn-style_1 term-304 term-eventos-pasados-organica\">Eventos pasados org\u00e1nica<\/span><\/div><div class=\"w-html usg_html_1 has_text_color\">10 de octubre, 2025<\/div><\/div><div class=\"w-hwrapper usg_hwrapper_3 align_none valign_top stack_on_mobiles\"><div class=\"w-post-elm post_content usg_post_content_1 without_sections\"><h4><span style=\"color: #333399\">Pr\u00f3xima defensa de Tesis Doctoral<\/span><\/h4>\n<p><img loading=\"lazy\" decoding=\"async\" class=\"alignnone size-medium wp-image-8164 alignright\" src=\"https:\/\/dqio.ub.edu\/wp-content\/uploads\/2025\/10\/Marta_Lopez-220x300.jpg\" alt=\"\" width=\"220\" height=\"300\" srcset=\"https:\/\/dqio.ub.edu\/wp-content\/uploads\/2025\/10\/Marta_Lopez-220x300.jpg 220w, https:\/\/dqio.ub.edu\/wp-content\/uploads\/2025\/10\/Marta_Lopez-750x1024.jpg 750w, https:\/\/dqio.ub.edu\/wp-content\/uploads\/2025\/10\/Marta_Lopez-scaled.jpg 1876w\" sizes=\"auto, (max-width: 220px) 100vw, 220px\" \/><\/p>\n<p>El pr\u00f3ximo viernes 10 de octubre, a las 11:30 h, en el Aula Magna Enric Casassas, nuestra compa\u00f1era Marta L\u00f3pez defender\u00e1 su tesis doctoral titulada <em>New visible-light activated caging groups based on COUPY dyes for anticancer phototherapeutic applications<\/em>, dirigida por el Dr. Vicente March\u00e1n.<\/p>\n<p>\u00a1Felicidades por todo el trabajo realizado! \u00a1Le deseamos lo mejor en su futuro profesional!<\/p>\n<\/div><\/div><\/div><\/div>\t\t<\/div>\r\n\t\t\t<\/article>\r\n\t<article class=\"w-grid-item size_1x1 post-8064 post type-post status-publish format-standard has-post-thumbnail hentry category-eventos-pasados-inorganica\" data-id=\"8064\">\r\n\t\t<div class=\"w-grid-item-h\">\r\n\t\t\t\t\t\t<div class=\"w-hwrapper usg_hwrapper_1 align_none valign_top\"><div class=\"w-vwrapper usg_vwrapper_1 align_none valign_top\"><div class=\"w-hwrapper usg_hwrapper_2 align_none valign_top\"><div class=\"w-post-elm post_taxonomy usg_post_taxonomy_1 style_badge color_link_inherit\"><span class=\"w-btn us-btn-style_1 term-303 term-eventos-pasados-inorganica\">Eventos pasados inorg\u00e1nica<\/span><\/div><div class=\"w-html usg_html_1 has_text_color\">8 de julio, 2025<\/div><\/div><div class=\"w-hwrapper usg_hwrapper_3 align_none valign_top stack_on_mobiles\"><div class=\"w-post-elm post_content usg_post_content_1 without_sections\"><h5><strong>Premios del Grupo Especializado de Qu\u00edmica Organomet\u00e1lica de la Real Sociedad Espa\u00f1ola de Qu\u00edmica, GEQO 2025<\/strong><\/h5>\n<p>La comisi\u00f3n evaluadora de los premios GEQO 2025, ha concedido el premio GEQO a la Excelencia Investigadora en la <strong>Dra. Laura Rodr\u00edguez Raurell<\/strong> por sus recientes contribuciones al uso de compuestos de metales de transici\u00f3n en la creaci\u00f3n de materiales con propiedades luminiscentes.<\/p>\n<p>\u00a1Enhorabuena, Laura!<\/p>\n<p>Pod\u00e9is encontrar toda la informaci\u00f3n clicando el enlace <a href=\"https:\/\/geqo.rseq.org\/premios-geqo-2025\/\">https:\/\/geqo.rseq.org\/premios-geqo-2025\/<\/a><\/p>\n<\/div><div class=\"w-post-elm post_image usg_post_image_1 has_width\"><img loading=\"lazy\" decoding=\"async\" width=\"867\" height=\"867\" src=\"https:\/\/dqio.ub.edu\/wp-content\/uploads\/2024\/03\/IMG-20230329-WA0001_1.jpg\" class=\"attachment-full size-full wp-post-image\" alt=\"\" srcset=\"https:\/\/dqio.ub.edu\/wp-content\/uploads\/2024\/03\/IMG-20230329-WA0001_1.jpg 867w, https:\/\/dqio.ub.edu\/wp-content\/uploads\/2024\/03\/IMG-20230329-WA0001_1-300x300.jpg 300w, https:\/\/dqio.ub.edu\/wp-content\/uploads\/2024\/03\/IMG-20230329-WA0001_1-150x150.jpg 150w\" sizes=\"auto, (max-width: 867px) 100vw, 867px\" \/><\/div><\/div><\/div><\/div>\t\t<\/div>\r\n\t\t\t<\/article>\r\n\t<article class=\"w-grid-item size_1x1 post-8034 post type-post status-publish format-standard hentry category-eventos-pasados-organica\" data-id=\"8034\">\r\n\t\t<div class=\"w-grid-item-h\">\r\n\t\t\t\t\t\t<div class=\"w-hwrapper usg_hwrapper_1 align_none valign_top\"><div class=\"w-vwrapper usg_vwrapper_1 align_none valign_top\"><div class=\"w-hwrapper usg_hwrapper_2 align_none valign_top\"><div class=\"w-post-elm post_taxonomy usg_post_taxonomy_1 style_badge color_link_inherit\"><span class=\"w-btn us-btn-style_1 term-304 term-eventos-pasados-organica\">Eventos pasados org\u00e1nica<\/span><\/div><div class=\"w-html usg_html_1 has_text_color\">13 de junio, 2025<\/div><\/div><div class=\"w-hwrapper usg_hwrapper_3 align_none valign_top stack_on_mobiles\"><div class=\"w-post-elm post_content usg_post_content_1 without_sections\"><h4><strong>Ceremonia de entrega de los premios Josep Castells y Marcial Moreno Ma\u00f1as<\/strong><\/h4>\n<p>\ud83d\uddd3 <strong>Fecha:<\/strong> Viernes, 13 de junio de 2025<br \/>\n\ud83d\udd5b <strong>Hora:<\/strong> de 11:00 a 13:00<br \/>\n\ud83d\udccd <strong>Lugar<\/strong> Aula Magna Enric Casassas de la Facultad de Qu\u00edmica (UB)<\/p>\n<\/div><\/div><\/div><\/div>\t\t<\/div>\r\n\t\t\t<\/article>\r\n\t<article class=\"w-grid-item size_1x1 post-8019 post type-post status-publish format-standard hentry category-eventos-pasados-organica\" data-id=\"8019\">\r\n\t\t<div class=\"w-grid-item-h\">\r\n\t\t\t\t\t\t<div class=\"w-hwrapper usg_hwrapper_1 align_none valign_top\"><div class=\"w-vwrapper usg_vwrapper_1 align_none valign_top\"><div class=\"w-hwrapper usg_hwrapper_2 align_none valign_top\"><div class=\"w-post-elm post_taxonomy usg_post_taxonomy_1 style_badge color_link_inherit\"><span class=\"w-btn us-btn-style_1 term-304 term-eventos-pasados-organica\">Eventos pasados org\u00e1nica<\/span><\/div><div class=\"w-html usg_html_1 has_text_color\">5 de junio, 2025<\/div><\/div><div class=\"w-hwrapper usg_hwrapper_3 align_none valign_top stack_on_mobiles\"><div class=\"w-post-elm post_content usg_post_content_1 without_sections\"><h4><strong>Conferencia del Programa de Doctorado en Qu\u00edmica Org\u00e1nica<\/strong><\/h4>\n<p><img loading=\"lazy\" decoding=\"async\" class=\"wp-image-8012 alignright\" src=\"https:\/\/dqio.ub.edu\/wp-content\/uploads\/2025\/05\/Wiktor2-300x300.jpg\" alt=\"\" width=\"227\" height=\"227\" srcset=\"https:\/\/dqio.ub.edu\/wp-content\/uploads\/2025\/05\/Wiktor2-300x300.jpg 300w, https:\/\/dqio.ub.edu\/wp-content\/uploads\/2025\/05\/Wiktor2-150x150.jpg 150w, https:\/\/dqio.ub.edu\/wp-content\/uploads\/2025\/05\/Wiktor2.jpg 738w\" sizes=\"auto, (max-width: 227px) 100vw, 227px\" \/><\/p>\n<h5><strong>Photopharmacology: Towards Image-Guided Pharmacotherapy<\/strong><\/h5>\n<p>A cargo del Dr. Wiktor Szymanski, Groningen Research Institute of Pharmacy, University of Groningen<\/p>\n<p>\ud83d\uddd3 <strong>Fecha:<\/strong> Jueves, 5 de junio de 2025<br \/>\n\ud83d\udd5b <strong>Hora:<\/strong> 11:00<br \/>\n\ud83d\udccd <strong>Lugar<\/strong> Sala de Grados Eduard Fonser\u00e8 de la Facultad de F\u00edsica (UB)<\/p>\n<\/div><\/div><\/div><\/div>\t\t<\/div>\r\n\t\t\t<\/article>\r\n\t<article class=\"w-grid-item size_1x1 post-8005 post type-post status-publish format-standard hentry category-eventos-pasados-organica\" data-id=\"8005\">\r\n\t\t<div class=\"w-grid-item-h\">\r\n\t\t\t\t\t\t<div class=\"w-hwrapper usg_hwrapper_1 align_none valign_top\"><div class=\"w-vwrapper usg_vwrapper_1 align_none valign_top\"><div class=\"w-hwrapper usg_hwrapper_2 align_none valign_top\"><div class=\"w-post-elm post_taxonomy usg_post_taxonomy_1 style_badge color_link_inherit\"><span class=\"w-btn us-btn-style_1 term-304 term-eventos-pasados-organica\">Eventos pasados org\u00e1nica<\/span><\/div><div class=\"w-html usg_html_1 has_text_color\">28 de mayo, 2025<\/div><\/div><div class=\"w-hwrapper usg_hwrapper_3 align_none valign_top stack_on_mobiles\"><div class=\"w-post-elm post_content usg_post_content_1 without_sections\"><h4><strong>Conferencia del Programa de Doctorado en Qu\u00edmica Org\u00e1nica<\/strong><\/h4>\n<p><img loading=\"lazy\" decoding=\"async\" class=\"alignnone  wp-image-7999 alignright\" src=\"https:\/\/dqio.ub.edu\/wp-content\/uploads\/2025\/05\/FotoCV-226x300.png\" alt=\"\" width=\"142\" height=\"188\" srcset=\"https:\/\/dqio.ub.edu\/wp-content\/uploads\/2025\/05\/FotoCV-226x300.png 226w, https:\/\/dqio.ub.edu\/wp-content\/uploads\/2025\/05\/FotoCV.png 331w\" sizes=\"auto, (max-width: 142px) 100vw, 142px\" \/><\/p>\n<h5><strong>The Challenge of Discovering New Multifunctional Drug Candidate Prototypes for Neurodegenerative Diseases<\/strong><\/h5>\n<p>A cargo del Dr. Claudio Viegas, Universidade Federal de Alfenas (Brasil)<\/p>\n<p>\ud83d\uddd3 <strong>Fecha:<\/strong> Mi\u00e9rcoles, 28 de mayo de 2025<br \/>\n\ud83d\udd5b <strong>Hora:<\/strong> 12:00<br \/>\n\ud83d\udccd <strong>Lugar<\/strong> Aula Magna Enric Casassas de la Facultad de Qu\u00edmica (UB)<\/p>\n<\/div><\/div><\/div><\/div>\t\t<\/div>\r\n\t\t\t<\/article>\r\n\t<article class=\"w-grid-item size_1x1 post-7993 post type-post status-publish format-standard hentry category-eventos-pasados-organica\" data-id=\"7993\">\r\n\t\t<div class=\"w-grid-item-h\">\r\n\t\t\t\t\t\t<div class=\"w-hwrapper usg_hwrapper_1 align_none valign_top\"><div class=\"w-vwrapper usg_vwrapper_1 align_none valign_top\"><div class=\"w-hwrapper usg_hwrapper_2 align_none valign_top\"><div class=\"w-post-elm post_taxonomy usg_post_taxonomy_1 style_badge color_link_inherit\"><span class=\"w-btn us-btn-style_1 term-304 term-eventos-pasados-organica\">Eventos pasados org\u00e1nica<\/span><\/div><div class=\"w-html usg_html_1 has_text_color\">23 de mayo, 2025<\/div><\/div><div class=\"w-hwrapper usg_hwrapper_3 align_none valign_top stack_on_mobiles\"><div class=\"w-post-elm post_content usg_post_content_1 without_sections\"><h4><strong>Conferencia del Programa de Doctorado en Qu\u00edmica Org\u00e1nica<\/strong><\/h4>\n<h5><strong>Smart Nanocarriers by Design<\/strong><\/h5>\n<p><img loading=\"lazy\" decoding=\"async\" class=\"wp-image-7987 alignright\" src=\"https:\/\/dqio.ub.edu\/wp-content\/uploads\/2025\/05\/Foto_BP-233x300.jpg\" alt=\"\" width=\"165\" height=\"212\" srcset=\"https:\/\/dqio.ub.edu\/wp-content\/uploads\/2025\/05\/Foto_BP-233x300.jpg 233w, https:\/\/dqio.ub.edu\/wp-content\/uploads\/2025\/05\/Foto_BP.jpg 429w\" sizes=\"auto, (max-width: 165px) 100vw, 165px\" \/><\/p>\n<p>A cargo de la Dra. Beatriz Pelaz, CiQUS-Universidad Santiago de Compostela<\/p>\n<p>\ud83d\uddd3 <strong>Fecha:<\/strong> Viernes, 23 de mayo de 2025<br \/>\n\ud83d\udd5b <strong>Hora:<\/strong> 12:00<br \/>\n\ud83d\udccd <strong>Lugar<\/strong> Aula Magna Enric Casassas de la Facultad de Qu\u00edmica (UB)<\/p>\n<\/div><\/div><\/div><\/div>\t\t<\/div>\r\n\t\t\t<\/article>\r\n\t<article class=\"w-grid-item size_1x1 post-7929 post type-post status-publish format-standard hentry category-eventos-pasados-organica\" data-id=\"7929\">\r\n\t\t<div class=\"w-grid-item-h\">\r\n\t\t\t\t\t\t<div class=\"w-hwrapper usg_hwrapper_1 align_none valign_top\"><div class=\"w-vwrapper usg_vwrapper_1 align_none valign_top\"><div class=\"w-hwrapper usg_hwrapper_2 align_none valign_top\"><div class=\"w-post-elm post_taxonomy usg_post_taxonomy_1 style_badge color_link_inherit\"><span class=\"w-btn us-btn-style_1 term-304 term-eventos-pasados-organica\">Eventos pasados org\u00e1nica<\/span><\/div><div class=\"w-html usg_html_1 has_text_color\">9 de mayo, 2025<\/div><\/div><div class=\"w-hwrapper usg_hwrapper_3 align_none valign_top stack_on_mobiles\"><div class=\"w-post-elm post_content usg_post_content_1 without_sections\"><h4><strong>Conferencia del Programa de Doctorado en Qu\u00edmica Org\u00e1nica<\/strong><\/h4>\n<h5><strong>Peptides and peptidomimetics as chemical tools to harness cell behavior and tissue regeneration on biomaterials<\/strong><\/h5>\n<p><img loading=\"lazy\" decoding=\"async\" class=\"size-medium wp-image-7923 alignright\" src=\"https:\/\/dqio.ub.edu\/wp-content\/uploads\/2025\/05\/m3sqwo2d-1-266x300.jpg\" alt=\"\" width=\"266\" height=\"300\" srcset=\"https:\/\/dqio.ub.edu\/wp-content\/uploads\/2025\/05\/m3sqwo2d-1-266x300.jpg 266w, https:\/\/dqio.ub.edu\/wp-content\/uploads\/2025\/05\/m3sqwo2d-1-906x1024.jpg 906w, https:\/\/dqio.ub.edu\/wp-content\/uploads\/2025\/05\/m3sqwo2d-1.jpg 1202w\" sizes=\"auto, (max-width: 266px) 100vw, 266px\" \/><\/p>\n<p>A cargo del Dr. Carles Mas-Moruno, Universitat Polit\u00e8cnica de Catalunya (UPC)<\/p>\n<p>\ud83d\uddd3 <strong data-start=\"54\" data-end=\"64\">Fecha:<\/strong> Viernes, 9 de mayo de 2025<br data-start=\"91\" data-end=\"94\" \/>\ud83d\udd5b <strong data-start=\"97\" data-end=\"106\">Hora:<\/strong> 12:00 h<br data-start=\"114\" data-end=\"117\" data-is-only-node=\"\" \/>\ud83d\udccd <strong data-start=\"120\" data-end=\"130\">Lugar:<\/strong> Aula Enric Casassas, Facultad de Qu\u00edmica, Universidad de Barcelona (UB)<\/p>\n<\/div><\/div><\/div><\/div>\t\t<\/div>\r\n\t\t\t<\/article>\r\n\t<article class=\"w-grid-item size_1x1 post-7861 post type-post status-publish format-standard hentry category-eventos-pasados-organica\" data-id=\"7861\">\r\n\t\t<div class=\"w-grid-item-h\">\r\n\t\t\t\t\t\t<div class=\"w-hwrapper usg_hwrapper_1 align_none valign_top\"><div class=\"w-vwrapper usg_vwrapper_1 align_none valign_top\"><div class=\"w-hwrapper usg_hwrapper_2 align_none valign_top\"><div class=\"w-post-elm post_taxonomy usg_post_taxonomy_1 style_badge color_link_inherit\"><span class=\"w-btn us-btn-style_1 term-304 term-eventos-pasados-organica\">Eventos pasados org\u00e1nica<\/span><\/div><div class=\"w-html usg_html_1 has_text_color\">11 de abril, 2025<\/div><\/div><div class=\"w-hwrapper usg_hwrapper_3 align_none valign_top stack_on_mobiles\"><div class=\"w-post-elm post_content usg_post_content_1 without_sections\"><h4><b><span data-contrast=\"auto\">Conferencia del Programa de Doctorado en Qu\u00edmica Org\u00e1nica<\/span><\/b><span data-ccp-props=\"{}\"> <img loading=\"lazy\" decoding=\"async\" class=\" wp-image-7858 alignright\" src=\"https:\/\/dqio.ub.edu\/wp-content\/uploads\/2025\/04\/Screenshot-2023-12-22-at-09.43.12-200x300.png\" alt=\"\" width=\"159\" height=\"239\" srcset=\"https:\/\/dqio.ub.edu\/wp-content\/uploads\/2025\/04\/Screenshot-2023-12-22-at-09.43.12-200x300.png 200w, https:\/\/dqio.ub.edu\/wp-content\/uploads\/2025\/04\/Screenshot-2023-12-22-at-09.43.12.png 595w\" sizes=\"auto, (max-width: 159px) 100vw, 159px\" \/><\/span><\/h4>\n<h5><b><span data-contrast=\"auto\">Novel\u00a0Synthetic\u00a0Methods\u00a0in\u00a0Photochemistry\u00a0and\u00a0Photocatalysis<\/span><\/b><span data-ccp-props=\"{&quot;134233117&quot;:false,&quot;134233118&quot;:false,&quot;201341983&quot;:0,&quot;335551550&quot;:1,&quot;335551620&quot;:1,&quot;335559685&quot;:0,&quot;335559737&quot;:0,&quot;335559738&quot;:0,&quot;335559739&quot;:160,&quot;335559740&quot;:259}\">\u00a0<\/span><\/h5>\n<p><span data-contrast=\"auto\">A cargo del Dr. Daniele Leonori, <\/span><span data-contrast=\"auto\">RWTH Aachen University<\/span><span data-ccp-props=\"{}\">\u00a0<\/span><\/p>\n<p><span data-contrast=\"auto\">Fecha y lugar: viernes, 11 de abril de 2025 a las 12:00; Aula Magna Enric Casassas de la Facultad de Qu\u00edmica (UB)<\/span><span data-ccp-props=\"{}\">\u00a0<\/span><\/p>\n<p><span data-ccp-props=\"{}\">\u00a0<\/span><\/p>\n<\/div><\/div><\/div><\/div>\t\t<\/div>\r\n\t\t\t<\/article>\r\n\t<article class=\"w-grid-item size_1x1 post-7818 post type-post status-publish format-standard hentry category-eventos-pasados-organica\" data-id=\"7818\">\r\n\t\t<div class=\"w-grid-item-h\">\r\n\t\t\t\t\t\t<div class=\"w-hwrapper usg_hwrapper_1 align_none valign_top\"><div class=\"w-vwrapper usg_vwrapper_1 align_none valign_top\"><div class=\"w-hwrapper usg_hwrapper_2 align_none valign_top\"><div class=\"w-post-elm post_taxonomy usg_post_taxonomy_1 style_badge color_link_inherit\"><span class=\"w-btn us-btn-style_1 term-304 term-eventos-pasados-organica\">Eventos pasados org\u00e1nica<\/span><\/div><div class=\"w-html usg_html_1 has_text_color\">28 de marzo, 2025<\/div><\/div><div class=\"w-hwrapper usg_hwrapper_3 align_none valign_top stack_on_mobiles\"><div class=\"w-post-elm post_content usg_post_content_1 without_sections\"><h4><b><span data-contrast=\"auto\">Conferencia del Programa de Doctorado en Qu\u00edmica Org\u00e1nica<img loading=\"lazy\" decoding=\"async\" class=\" wp-image-7815 alignright\" src=\"https:\/\/dqio.ub.edu\/wp-content\/uploads\/2025\/03\/FOTO-240x300.jpeg\" alt=\"\" width=\"154\" height=\"193\" srcset=\"https:\/\/dqio.ub.edu\/wp-content\/uploads\/2025\/03\/FOTO-240x300.jpeg 240w, https:\/\/dqio.ub.edu\/wp-content\/uploads\/2025\/03\/FOTO.jpeg 781w\" sizes=\"auto, (max-width: 154px) 100vw, 154px\" \/><\/span><\/b><span data-ccp-props=\"{}\">\u00a0<\/span><\/h4>\n<h5><b><span data-contrast=\"auto\">Catalyst Control in Complex Molecule Synthesis<\/span><\/b><span data-ccp-props=\"{&quot;134233117&quot;:false,&quot;134233118&quot;:false,&quot;201341983&quot;:0,&quot;335551550&quot;:6,&quot;335551620&quot;:6,&quot;335559685&quot;:0,&quot;335559737&quot;:0,&quot;335559738&quot;:0,&quot;335559739&quot;:160,&quot;335559740&quot;:259}\">\u00a0<\/span><\/h5>\n<p><span data-contrast=\"auto\">A cargo del Dr. Darren J. Dixon, University of Oxford<\/span><span data-ccp-props=\"{}\">\u00a0<\/span><\/p>\n<p><span data-contrast=\"auto\">Fecha y lugar: 28 de marzo de 2025 a las 12:00; Sala de Grados Eduard Fontser\u00e8 de la Facultad de F\u00edsica (UB)<\/span><span data-ccp-props=\"{}\">\u00a0<\/span><\/p>\n<p><span data-ccp-props=\"{}\">\u00a0<\/span><\/p>\n<\/div><\/div><\/div><\/div>\t\t<\/div>\r\n\t\t\t<\/article>\r\n\t<article class=\"w-grid-item size_1x1 post-7746 post type-post status-publish format-standard hentry category-eventos-pasados-organica\" data-id=\"7746\">\r\n\t\t<div class=\"w-grid-item-h\">\r\n\t\t\t\t\t\t<div class=\"w-hwrapper usg_hwrapper_1 align_none valign_top\"><div class=\"w-vwrapper usg_vwrapper_1 align_none valign_top\"><div class=\"w-hwrapper usg_hwrapper_2 align_none valign_top\"><div class=\"w-post-elm post_taxonomy usg_post_taxonomy_1 style_badge color_link_inherit\"><span class=\"w-btn us-btn-style_1 term-304 term-eventos-pasados-organica\">Eventos pasados org\u00e1nica<\/span><\/div><div class=\"w-html usg_html_1 has_text_color\">21 de febrero, 2025<\/div><\/div><div class=\"w-hwrapper usg_hwrapper_3 align_none valign_top stack_on_mobiles\"><div class=\"w-post-elm post_content usg_post_content_1 without_sections\"><h4><strong>Conferencia del Programa de Doctorado en Qu\u00edmica Org\u00e1nica<\/strong><\/h4>\n<h5><strong>Chemigenetic Tools for Near-Infrared Imaging<img loading=\"lazy\" decoding=\"async\" class=\" wp-image-7742 alignright\" src=\"https:\/\/dqio.ub.edu\/wp-content\/uploads\/2025\/02\/pablo_web_250-1-230x300.jpg\" alt=\"\" width=\"152\" height=\"199\" srcset=\"https:\/\/dqio.ub.edu\/wp-content\/uploads\/2025\/02\/pablo_web_250-1-230x300.jpg 230w, https:\/\/dqio.ub.edu\/wp-content\/uploads\/2025\/02\/pablo_web_250-1.jpg 298w\" sizes=\"auto, (max-width: 152px) 100vw, 152px\" \/><\/strong><\/h5>\n<p>A cargo del Dr. Pablo Rivera-Fuentes, University of Zurich<\/p>\n<p>Fecha y lugar: 21 de febrero de 2025 a las 12:00; Aula Magna Enric Casassas de la Facultad de Qu\u00edmica (UB)<\/p>\n<\/div><\/div><\/div><\/div>\t\t<\/div>\r\n\t\t\t<\/article>\r\n\t<article class=\"w-grid-item size_1x1 post-7725 post type-post status-publish format-standard has-post-thumbnail hentry category-eventos-pasados-inorganica\" data-id=\"7725\">\r\n\t\t<div class=\"w-grid-item-h\">\r\n\t\t\t\t\t\t<div class=\"w-hwrapper usg_hwrapper_1 align_none valign_top\"><div class=\"w-vwrapper usg_vwrapper_1 align_none valign_top\"><div class=\"w-hwrapper usg_hwrapper_2 align_none valign_top\"><div class=\"w-post-elm post_taxonomy usg_post_taxonomy_1 style_badge color_link_inherit\"><span class=\"w-btn us-btn-style_1 term-303 term-eventos-pasados-inorganica\">Eventos pasados inorg\u00e1nica<\/span><\/div><div class=\"w-html usg_html_1 has_text_color\">11 de febrero, 2025<\/div><\/div><div class=\"w-hwrapper usg_hwrapper_3 align_none valign_top stack_on_mobiles\"><div class=\"w-post-elm post_content usg_post_content_1 without_sections\"><h5 class=\"novedad-title\">Lista de las investigadoras m\u00e1s destacadas<\/h5>\n<p>Un total de 402 investigadoras de la Universidad de Barcelona, incluyendo varias investigadoras de la Secci\u00f3n de Inorg\u00e1nica, figuran en la <a href=\"https:\/\/figshare.com\/articles\/preprint\/_b_RANKING_DE_MUJERES_INVESTIGADORAS_ESPA_OLAS_Y_EN_ESPA_A_FEBRERO_2025_b_\/28334765\/1?file=52104590\">lista\u00a0<\/a>que ha publicado el Consejo Superior de Investigaciones Cient\u00edficas (CSIC) con las 10.000 investigadoras m\u00e1s destacadas del Estado.<\/p>\n<p>Entre las investigadoras de la UB se encuentran, en los primeros puestos, Rosa Lamuela, de la Facultad de Farmacia y Ciencias de la Alimentaci\u00f3n; Licia Verde, de la Facultad de F\u00edsica, y Carme Junqu\u00e9, de la Facultad de Medicina y Ciencias de la Salud.<\/p>\n<p>Fuente: Universitat de Barcelona,\u00a0 <a href=\"https:\/\/web.ub.edu\/es\/web\/actualitat\/w\/investigadores-destacades\">https:\/\/web.ub.edu\/es\/web\/actualitat\/w\/investigadores-destacades<\/a><\/p>\n<p>&nbsp;<\/p>\n<\/div><div class=\"w-post-elm post_image usg_post_image_1 has_width\"><img loading=\"lazy\" decoding=\"async\" width=\"600\" height=\"337\" src=\"https:\/\/dqio.ub.edu\/wp-content\/uploads\/2025\/02\/ranquingcientifiquesnoticia.jpg_ca.jpg\" class=\"attachment-full size-full wp-post-image\" alt=\"\" srcset=\"https:\/\/dqio.ub.edu\/wp-content\/uploads\/2025\/02\/ranquingcientifiquesnoticia.jpg_ca.jpg 600w, https:\/\/dqio.ub.edu\/wp-content\/uploads\/2025\/02\/ranquingcientifiquesnoticia.jpg_ca-300x169.jpg 300w\" sizes=\"auto, (max-width: 600px) 100vw, 600px\" \/><\/div><\/div><\/div><\/div>\t\t<\/div>\r\n\t\t\t<\/article>\r\n\t<article class=\"w-grid-item size_1x1 post-7657 post type-post status-publish format-standard hentry category-eventos-pasados-organica\" data-id=\"7657\">\r\n\t\t<div class=\"w-grid-item-h\">\r\n\t\t\t\t\t\t<div class=\"w-hwrapper usg_hwrapper_1 align_none valign_top\"><div class=\"w-vwrapper usg_vwrapper_1 align_none valign_top\"><div class=\"w-hwrapper usg_hwrapper_2 align_none valign_top\"><div class=\"w-post-elm post_taxonomy usg_post_taxonomy_1 style_badge color_link_inherit\"><span class=\"w-btn us-btn-style_1 term-304 term-eventos-pasados-organica\">Eventos pasados org\u00e1nica<\/span><\/div><div class=\"w-html usg_html_1 has_text_color\">11 de febrero, 2025<\/div><\/div><div class=\"w-hwrapper usg_hwrapper_3 align_none valign_top stack_on_mobiles\"><div class=\"w-post-elm post_content usg_post_content_1 without_sections\"><h4 style=\"text-align: center;\"><strong>Conferencia F\u00e8lix Serratosa 2025<\/strong><\/h4>\n<p>El martes 11 de febrero en el Aula Magna Enric Casassas, el <strong>Profesor Ilan Marek<\/strong> (Technion-Israel Institute of Technology) impartir\u00e1 su segundo seminario sobre <strong>Remote Functionalization<\/strong> en el contexto de la Confer\u00e8ncia F\u00e8lix Serratosa 2025. Para m\u00e1s informaci\u00f3n ver <a href=\"https:\/\/dqio.ub.edu\/wp-content\/uploads\/2025\/02\/Programa-Serratosa-2025.pdf\">Programa Serratosa 2025<\/a><\/p>\n<p style=\"text-align: center;\"><img loading=\"lazy\" decoding=\"async\" class=\"alignnone size-medium wp-image-7652\" src=\"https:\/\/dqio.ub.edu\/wp-content\/uploads\/2025\/02\/ilan3-700x700-1-300x300.jpg\" alt=\"\" width=\"300\" height=\"300\" srcset=\"https:\/\/dqio.ub.edu\/wp-content\/uploads\/2025\/02\/ilan3-700x700-1-300x300.jpg 300w, https:\/\/dqio.ub.edu\/wp-content\/uploads\/2025\/02\/ilan3-700x700-1-150x150.jpg 150w, https:\/\/dqio.ub.edu\/wp-content\/uploads\/2025\/02\/ilan3-700x700-1.jpg 700w\" sizes=\"auto, (max-width: 300px) 100vw, 300px\" \/><\/p>\n<\/div><\/div><\/div><\/div>\t\t<\/div>\r\n\t\t\t<\/article>\r\n\t<article class=\"w-grid-item size_1x1 post-7644 post type-post status-publish format-standard hentry category-eventos-pasados-organica category-noticies-organica\" data-id=\"7644\">\r\n\t\t<div class=\"w-grid-item-h\">\r\n\t\t\t\t\t\t<div class=\"w-hwrapper usg_hwrapper_1 align_none valign_top\"><div class=\"w-vwrapper usg_vwrapper_1 align_none valign_top\"><div class=\"w-hwrapper usg_hwrapper_2 align_none valign_top\"><div class=\"w-post-elm post_taxonomy usg_post_taxonomy_1 style_badge color_link_inherit\"><div class=\"w-post-elm-list\"><span class=\"w-btn us-btn-style_1 term-304 term-eventos-pasados-organica\">Eventos pasados org\u00e1nica<\/span><span class=\"w-btn us-btn-style_1 term-2 term-noticies-organica\">Not\u00edcies Org\u00e0nica<\/span><\/div><\/div><div class=\"w-html usg_html_1 has_text_color\">7 de febrero, 2025<\/div><\/div><div class=\"w-hwrapper usg_hwrapper_3 align_none valign_top stack_on_mobiles\"><div class=\"w-post-elm post_content usg_post_content_1 without_sections\"><p><strong>Conferencia del Programa de Doctorado en Qu\u00edmica Org\u00e1nica<img loading=\"lazy\" decoding=\"async\" class=\"size-medium wp-image-7634 alignright\" src=\"https:\/\/dqio.ub.edu\/wp-content\/uploads\/2025\/02\/thumbnail_job_2023-1-300x300.jpg\" alt=\"\" width=\"300\" height=\"300\" srcset=\"https:\/\/dqio.ub.edu\/wp-content\/uploads\/2025\/02\/thumbnail_job_2023-1-300x300.jpg 300w, https:\/\/dqio.ub.edu\/wp-content\/uploads\/2025\/02\/thumbnail_job_2023-1-1024x1024.jpg 1024w, https:\/\/dqio.ub.edu\/wp-content\/uploads\/2025\/02\/thumbnail_job_2023-1-150x150.jpg 150w, https:\/\/dqio.ub.edu\/wp-content\/uploads\/2025\/02\/thumbnail_job_2023-1.jpg 1126w\" sizes=\"auto, (max-width: 300px) 100vw, 300px\" \/><\/strong><\/p>\n<p><strong>Regulating non-equilibrium self-assembly with chemical fuels\u2014Spinning ribbons, dissipative structures, and an approach towards synthetic life <\/strong><\/p>\n<p>A cargo del Dr. Job Boekhoven, Technical University of Munich<\/p>\n<p>Fecha y lugar: 7 de febrero de 2025 a las 12:00; Sala de Grados Eduard Fontser\u00e8 de la Facultad de F\u00edsica (UB)<\/p>\n<p>&nbsp;<\/p>\n<\/div><\/div><\/div><\/div>\t\t<\/div>\r\n\t\t\t<\/article>\r\n\t<article class=\"w-grid-item size_1x1 post-7701 post type-post status-publish format-standard has-post-thumbnail hentry category-eventos-pasados-inorganica\" data-id=\"7701\">\r\n\t\t<div class=\"w-grid-item-h\">\r\n\t\t\t\t\t\t<div class=\"w-hwrapper usg_hwrapper_1 align_none valign_top\"><div class=\"w-vwrapper usg_vwrapper_1 align_none valign_top\"><div class=\"w-hwrapper usg_hwrapper_2 align_none valign_top\"><div class=\"w-post-elm post_taxonomy usg_post_taxonomy_1 style_badge color_link_inherit\"><span class=\"w-btn us-btn-style_1 term-303 term-eventos-pasados-inorganica\">Eventos pasados inorg\u00e1nica<\/span><\/div><div class=\"w-html usg_html_1 has_text_color\">5 de febrero, 2025<\/div><\/div><div class=\"w-hwrapper usg_hwrapper_3 align_none valign_top stack_on_mobiles\"><div class=\"w-post-elm post_content usg_post_content_1 without_sections\"><h5 data-pm-slice=\"1 1 []\"><strong>\u00c9xito de la Segunda Reuni\u00f3n de Qu\u00edmica Inorg\u00e1nica y Organomet\u00e1lica en Tarragona<\/strong><\/h5>\n<p>Del 5 al 7 de febrero de 2025 se llev\u00f3 a cabo en Tarragona la <strong>Segunda Reuni\u00f3n de Qu\u00edmica Inorg\u00e1nica y Organomet\u00e1lica de la SCQ<\/strong>, <strong>RQIO 2025<\/strong>,\u00a0 un evento que reuni\u00f3 a investigadores y expertos en el \u00e1rea con el objetivo de compartir avances y fomentar la colaboraci\u00f3n cient\u00edfica. La reuni\u00f3n cont\u00f3 con una amplia participaci\u00f3n de especialistas de distintas instituciones, incluyendo varios miembros de nuestra <strong>Secci\u00f3n de Qu\u00edmica Inorg\u00e1nica de la Universidad de Barcelona (UB)<\/strong>.,<\/p>\n<p data-pm-slice=\"1 1 []\">Durante el evento, se presentaron 5 conferencias plenarias, 28 comunicaciones orales, 27 presentaciones flash\u00a0 y 20 comunicaciones en formato p\u00f3ster, dando protagonismo a estudiantes de doctorado y nuevos investigadores. Entre los participantes de la UB, destacaron las presentaciones sobre nuevos materiales, el dise\u00f1o de complejos met\u00e1licos con potencial en qu\u00edmica sostenible.<\/p>\n<p>Adem\u00e1s de las actividades cient\u00edficas, la reuni\u00f3n ofreci\u00f3 espacios para el intercambio de ideas y la generaci\u00f3n de futuras colaboraciones entre grupos de investigaci\u00f3n.<\/p>\n<p>En la foto adjunta, la mayor\u00eda de los asistentes a la Reuni\u00f3n y los organizadores del evento, entre ellos los miembros de nuestra Secci\u00f3n quienes han sido parte de la organizaci\u00f3n del evento,\u00a0 Dr. Guillem Arom\u00ed y Leon\u00ed A. Barrios (LabMolDesign), as\u00ed como\u00a0 miembros de los <strong>grupos de investigaci\u00f3n CATHOM, CIC, EE, MATCAT, LabMolDesign, LM2N, MagMol, Matheu Lab, MEC y SuNS<\/strong>.<\/p>\n<p>Agradecemos a los organizadores, Montse Dieguez, Mar\u00eda Biosca, Elisenda Mas (Universitat Rovira i Virgilli), M\u00f3nica H. P\u00e9rez-Temprano, Arjan W. Kleij (ICIQ),\u00a0 al Comit\u00e9 Cient\u00edfico y la Societat Catalana de Qu\u00edmica (SCQ) y a todos los participantes por la excelente acogida y esperamos seguir participando activamente en futuras ediciones de este evento clave para la comunidad qu\u00edmica.<\/p>\n<\/div><div class=\"w-post-elm post_image usg_post_image_1 has_width\"><img loading=\"lazy\" decoding=\"async\" width=\"1536\" height=\"864\" src=\"https:\/\/dqio.ub.edu\/wp-content\/uploads\/2025\/02\/RQIO-PARTICIPANTS-e1739180136201.jpg\" class=\"attachment-full size-full wp-post-image\" alt=\"\" srcset=\"https:\/\/dqio.ub.edu\/wp-content\/uploads\/2025\/02\/RQIO-PARTICIPANTS-e1739180136201.jpg 1536w, https:\/\/dqio.ub.edu\/wp-content\/uploads\/2025\/02\/RQIO-PARTICIPANTS-e1739180136201-300x169.jpg 300w, https:\/\/dqio.ub.edu\/wp-content\/uploads\/2025\/02\/RQIO-PARTICIPANTS-e1739180136201-1024x576.jpg 1024w\" sizes=\"auto, (max-width: 1536px) 100vw, 1536px\" \/><\/div><\/div><\/div><\/div>\t\t<\/div>\r\n\t\t\t<\/article>\r\n\t<article class=\"w-grid-item size_1x1 post-7595 post type-post status-publish format-standard hentry category-eventos-pasados-organica category-sin-categorizar\" data-id=\"7595\">\r\n\t\t<div class=\"w-grid-item-h\">\r\n\t\t\t\t\t\t<div class=\"w-hwrapper usg_hwrapper_1 align_none valign_top\"><div class=\"w-vwrapper usg_vwrapper_1 align_none valign_top\"><div class=\"w-hwrapper usg_hwrapper_2 align_none valign_top\"><div class=\"w-post-elm post_taxonomy usg_post_taxonomy_1 style_badge color_link_inherit\"><div class=\"w-post-elm-list\"><span class=\"w-btn us-btn-style_1 term-304 term-eventos-pasados-organica\">Eventos pasados org\u00e1nica<\/span><span class=\"w-btn us-btn-style_1 term-10 term-sin-categorizar\">Sin categorizar<\/span><\/div><\/div><div class=\"w-html usg_html_1 has_text_color\">25 de enero, 2025<\/div><\/div><div class=\"w-hwrapper usg_hwrapper_3 align_none valign_top stack_on_mobiles\"><div class=\"w-post-elm post_content usg_post_content_1 without_sections\"><h4><strong>Conferencia del Programa de Doctorado en Qu\u00edmica Org\u00e1nica<\/strong><\/h4>\n<h5><strong>A Structure-Based Approach to Tackle Protein Aggregation in Parkinson&#8217;s Disease<\/strong><\/h5>\n<p>A cargo del Dr. Salvador Ventura, Institut de Biotecnologia i de Biomedicina, UAB<\/p>\n<p>Fecha y lugar: 24 de enero de 2024 a las 12:00; Aula Magna Enric Casassas de la Facultad de Qu\u00edmica (UB)<\/p>\n<\/div><\/div><\/div><\/div>\t\t<\/div>\r\n\t\t\t<\/article>\r\n\t<article class=\"w-grid-item size_1x1 post-7535 post type-post status-publish format-standard hentry category-eventos-pasados-organica\" data-id=\"7535\">\r\n\t\t<div class=\"w-grid-item-h\">\r\n\t\t\t\t\t\t<div class=\"w-hwrapper usg_hwrapper_1 align_none valign_top\"><div class=\"w-vwrapper usg_vwrapper_1 align_none valign_top\"><div class=\"w-hwrapper usg_hwrapper_2 align_none valign_top\"><div class=\"w-post-elm post_taxonomy usg_post_taxonomy_1 style_badge color_link_inherit\"><span class=\"w-btn us-btn-style_1 term-304 term-eventos-pasados-organica\">Eventos pasados org\u00e1nica<\/span><\/div><div class=\"w-html usg_html_1 has_text_color\">13 de diciembre, 2024<\/div><\/div><div class=\"w-hwrapper usg_hwrapper_3 align_none valign_top stack_on_mobiles\"><div class=\"w-post-elm post_content usg_post_content_1 without_sections\"><p><strong><img loading=\"lazy\" decoding=\"async\" class=\"size-medium wp-image-7531 alignright\" src=\"https:\/\/dqio.ub.edu\/wp-content\/uploads\/2024\/12\/Imagen_Igor-240x300.jpg\" alt=\"\" width=\"240\" height=\"300\" srcset=\"https:\/\/dqio.ub.edu\/wp-content\/uploads\/2024\/12\/Imagen_Igor-240x300.jpg 240w, https:\/\/dqio.ub.edu\/wp-content\/uploads\/2024\/12\/Imagen_Igor.jpg 248w\" sizes=\"auto, (max-width: 240px) 100vw, 240px\" \/><\/strong><\/p>\n<p><strong>Conferencia del Programa de Doctorado en Qu\u00edmica Org\u00e1nica<\/strong><\/p>\n<p><strong>Mechanistic understanding-led transition metal catalyzed C-H functionalization<\/strong><\/p>\n<p>A cargo del Dr. Igor Larrosa, University of Manchester<\/p>\n<p>Fecha y lugar: 13 de diciembre de 2024 a las 12:00; Aula Magna Enric Casassas de la Facultad de Qu\u00edmica (UB)<\/p>\n<\/div><\/div><\/div><\/div>\t\t<\/div>\r\n\t\t\t<\/article>\r\n\t<article class=\"w-grid-item size_1x1 post-7503 post type-post status-publish format-standard hentry category-eventos-pasados-organica\" data-id=\"7503\">\r\n\t\t<div class=\"w-grid-item-h\">\r\n\t\t\t\t\t\t<div class=\"w-hwrapper usg_hwrapper_1 align_none valign_top\"><div class=\"w-vwrapper usg_vwrapper_1 align_none valign_top\"><div class=\"w-hwrapper usg_hwrapper_2 align_none valign_top\"><div class=\"w-post-elm post_taxonomy usg_post_taxonomy_1 style_badge color_link_inherit\"><span class=\"w-btn us-btn-style_1 term-304 term-eventos-pasados-organica\">Eventos pasados org\u00e1nica<\/span><\/div><div class=\"w-html usg_html_1 has_text_color\">12 de diciembre, 2024<\/div><\/div><div class=\"w-hwrapper usg_hwrapper_3 align_none valign_top stack_on_mobiles\"><div class=\"w-post-elm post_content usg_post_content_1 without_sections\"><div class=\"w-hwrapper usg_hwrapper_3 align_none valign_top stack_on_mobiles\">\n<div class=\"w-post-elm post_content usg_post_content_1 without_sections\">\n<p>Beatriz Piniello defender\u00e1 la Tesis que lleva por t\u00edtulo <em>Computational modeling of inverting glycosyltransferase reaction mechanisms<\/em><br \/>\n<img loading=\"lazy\" decoding=\"async\" class=\"size-medium wp-image-7500 alignright\" src=\"https:\/\/dqio.ub.edu\/wp-content\/uploads\/2024\/12\/Beatriz-Pinello-300x280.png\" alt=\"\" width=\"300\" height=\"280\" srcset=\"https:\/\/dqio.ub.edu\/wp-content\/uploads\/2024\/12\/Beatriz-Pinello-300x280.png 300w, https:\/\/dqio.ub.edu\/wp-content\/uploads\/2024\/12\/Beatriz-Pinello.png 567w\" sizes=\"auto, (max-width: 300px) 100vw, 300px\" \/> dirigida por la Dra. Carme Rovira Virgili, el jueves 12 de diciembre, a las 11.30 h en el Aula Magna Enric Casassas.<\/p>\n<p>Felicidades por el trabajo realizado y los mejores deseos para su futuro profesional !!!<\/p>\n<\/div>\n<\/div>\n<\/div><\/div><\/div><\/div>\t\t<\/div>\r\n\t\t\t<\/article>\r\n\t<article class=\"w-grid-item size_1x1 post-7547 post type-post status-publish format-standard hentry category-eventos-pasados-organica\" data-id=\"7547\">\r\n\t\t<div class=\"w-grid-item-h\">\r\n\t\t\t\t\t\t<div class=\"w-hwrapper usg_hwrapper_1 align_none valign_top\"><div class=\"w-vwrapper usg_vwrapper_1 align_none valign_top\"><div class=\"w-hwrapper usg_hwrapper_2 align_none valign_top\"><div class=\"w-post-elm post_taxonomy usg_post_taxonomy_1 style_badge color_link_inherit\"><span class=\"w-btn us-btn-style_1 term-304 term-eventos-pasados-organica\">Eventos pasados org\u00e1nica<\/span><\/div><div class=\"w-html usg_html_1 has_text_color\">12 de diciembre, 2024<\/div><\/div><div class=\"w-hwrapper usg_hwrapper_3 align_none valign_top stack_on_mobiles\"><div class=\"w-post-elm post_content usg_post_content_1 without_sections\"><p>El pr\u00f3ximo jueves, 12 de diciembre, a las 16:00 h, en el Aula Magna Enric Casassas, Oriol Galeote defender\u00e1 su tesis doctoral titulada <em>Metal catalysed asymmetric C\u2013C bond forming reactions<\/em>, dirigida por los Drs. Pere Romea y F\u00e8lix Urp\u00ed<img loading=\"lazy\" decoding=\"async\" class=\"size-medium wp-image-7541 alignright\" src=\"https:\/\/dqio.ub.edu\/wp-content\/uploads\/2024\/12\/IMG-20241210-WA0004-1-231x300.jpg\" alt=\"\" width=\"231\" height=\"300\" srcset=\"https:\/\/dqio.ub.edu\/wp-content\/uploads\/2024\/12\/IMG-20241210-WA0004-1-231x300.jpg 231w, https:\/\/dqio.ub.edu\/wp-content\/uploads\/2024\/12\/IMG-20241210-WA0004-1-788x1024.jpg 788w, https:\/\/dqio.ub.edu\/wp-content\/uploads\/2024\/12\/IMG-20241210-WA0004-1.jpg 953w\" sizes=\"auto, (max-width: 231px) 100vw, 231px\" \/>l.<\/p>\n<p>\u00a1Felicidades por el trabajo realizado y los mejores deseos para su futuro profesional!<\/p>\n<\/div><\/div><\/div><\/div>\t\t<\/div>\r\n\t\t\t<\/article>\r\n\t<article class=\"w-grid-item size_1x1 post-7489 post type-post status-publish format-standard hentry category-eventos-pasados-organica\" data-id=\"7489\">\r\n\t\t<div class=\"w-grid-item-h\">\r\n\t\t\t\t\t\t<div class=\"w-hwrapper usg_hwrapper_1 align_none valign_top\"><div class=\"w-vwrapper usg_vwrapper_1 align_none valign_top\"><div class=\"w-hwrapper usg_hwrapper_2 align_none valign_top\"><div class=\"w-post-elm post_taxonomy usg_post_taxonomy_1 style_badge color_link_inherit\"><span class=\"w-btn us-btn-style_1 term-304 term-eventos-pasados-organica\">Eventos pasados org\u00e1nica<\/span><\/div><div class=\"w-html usg_html_1 has_text_color\">5 de diciembre, 2024<\/div><\/div><div class=\"w-hwrapper usg_hwrapper_3 align_none valign_top stack_on_mobiles\"><div class=\"w-post-elm post_content usg_post_content_1 without_sections\"><p><img loading=\"lazy\" decoding=\"async\" class=\"size-medium wp-image-7523 alignright\" src=\"https:\/\/dqio.ub.edu\/wp-content\/uploads\/2024\/12\/foto_JG1-281x300.jpg\" alt=\"\" width=\"281\" height=\"300\" srcset=\"https:\/\/dqio.ub.edu\/wp-content\/uploads\/2024\/12\/foto_JG1-281x300.jpg 281w, https:\/\/dqio.ub.edu\/wp-content\/uploads\/2024\/12\/foto_JG1-959x1024.jpg 959w, https:\/\/dqio.ub.edu\/wp-content\/uploads\/2024\/12\/foto_JG1.jpg 1612w\" sizes=\"auto, (max-width: 281px) 100vw, 281px\" \/><\/p>\n<p>El pr\u00f3ximo viernes, 5 de diciembre, a las 12:00 h, en el Aula Magna Enric Casassas, J\u00falia Garcia defender\u00e1 su tesis doctoral titulada <em>Peptide-based approaches for the race against resistant bacteria<\/em>, dirigida por la Dra. Yolanda Cajal y el Dr. Francesc Rabanal.<\/p>\n<p>\u00a1Felicidades por el trabajo realizado y los mejores deseos para su futuro profesional!<\/p>\n<\/div><\/div><\/div><\/div>\t\t<\/div>\r\n\t\t\t<\/article>\r\n\t<article class=\"w-grid-item size_1x1 post-7476 post type-post status-publish format-standard hentry category-eventos-pasados-organica category-noticies-organica\" data-id=\"7476\">\r\n\t\t<div class=\"w-grid-item-h\">\r\n\t\t\t\t\t\t<div class=\"w-hwrapper usg_hwrapper_1 align_none valign_top\"><div class=\"w-vwrapper usg_vwrapper_1 align_none valign_top\"><div class=\"w-hwrapper usg_hwrapper_2 align_none valign_top\"><div class=\"w-post-elm post_taxonomy usg_post_taxonomy_1 style_badge color_link_inherit\"><div class=\"w-post-elm-list\"><span class=\"w-btn us-btn-style_1 term-304 term-eventos-pasados-organica\">Eventos pasados org\u00e1nica<\/span><span class=\"w-btn us-btn-style_1 term-2 term-noticies-organica\">Not\u00edcies Org\u00e0nica<\/span><\/div><\/div><div class=\"w-html usg_html_1 has_text_color\">4 de diciembre, 2024<\/div><\/div><div class=\"w-hwrapper usg_hwrapper_3 align_none valign_top stack_on_mobiles\"><div class=\"w-post-elm post_content usg_post_content_1 without_sections\"><p>Irene Cuxart defender\u00e1 la Tesis que lleva por t\u00edtulo <em>Simulations of glycoside hydrolase and phosphorylase reaction mechanisms: families GH20, GH29, GH129 and GH130<\/em>, dirigida por la Dra. Carme Rovira Virgili, el pr\u00f3ximo mi\u00e9rcoles, 4 de diciembre, a las 11 h en el Aula Magna Enric Casassas.<\/p>\n<p>Felicidades por<img loading=\"lazy\" decoding=\"async\" class=\"size-medium wp-image-7477 alignright\" src=\"https:\/\/dqio.ub.edu\/wp-content\/uploads\/2024\/12\/Irene-Cuxart-1-292x300.jpg\" alt=\"\" width=\"292\" height=\"300\" srcset=\"https:\/\/dqio.ub.edu\/wp-content\/uploads\/2024\/12\/Irene-Cuxart-1-292x300.jpg 292w, https:\/\/dqio.ub.edu\/wp-content\/uploads\/2024\/12\/Irene-Cuxart-1.jpg 713w\" sizes=\"auto, (max-width: 292px) 100vw, 292px\" \/> el trabajo realizado y los mejores deseos para su futuro profesional !!!<\/p>\n<\/div><\/div><\/div><\/div>\t\t<\/div>\r\n\t\t\t<\/article>\r\n\t<article class=\"w-grid-item size_1x1 post-7427 post type-post status-publish format-standard hentry category-eventos-pasados-organica\" data-id=\"7427\">\r\n\t\t<div class=\"w-grid-item-h\">\r\n\t\t\t\t\t\t<div class=\"w-hwrapper usg_hwrapper_1 align_none valign_top\"><div class=\"w-vwrapper usg_vwrapper_1 align_none valign_top\"><div class=\"w-hwrapper usg_hwrapper_2 align_none valign_top\"><div class=\"w-post-elm post_taxonomy usg_post_taxonomy_1 style_badge color_link_inherit\"><span class=\"w-btn us-btn-style_1 term-304 term-eventos-pasados-organica\">Eventos pasados org\u00e1nica<\/span><\/div><div class=\"w-html usg_html_1 has_text_color\">22 de noviembre, 2024<\/div><\/div><div class=\"w-hwrapper usg_hwrapper_3 align_none valign_top stack_on_mobiles\"><div class=\"w-post-elm post_content usg_post_content_1 without_sections\"><p><strong>Conferencia del Programa de Doctorado en Qu\u00edmica Org\u00e1nica<\/strong><\/p>\n<p><strong>Supramolecular chemistry of hybrid cyclophane-cyclopeptide receptors and mixed monolayer-protected gold nanoparticles in water<\/strong><\/p>\n<p>A cargo del Dr. Stefan Kubik, RPTU Kaiserslautern-Landau<\/p>\n<p>Fecha y lugar: 22 de noviembre de 2024 a las 12:00; Sala de Grados Eduard Fontser\u00e8 de la Facultad de F\u00edsica (UB)<\/p>\n<\/div><\/div><\/div><\/div>\t\t<\/div>\r\n\t\t\t<\/article>\r\n\t<article class=\"w-grid-item size_1x1 post-7280 post type-post status-publish format-standard hentry category-eventos-pasados-organica\" data-id=\"7280\">\r\n\t\t<div class=\"w-grid-item-h\">\r\n\t\t\t\t\t\t<div class=\"w-hwrapper usg_hwrapper_1 align_none valign_top\"><div class=\"w-vwrapper usg_vwrapper_1 align_none valign_top\"><div class=\"w-hwrapper usg_hwrapper_2 align_none valign_top\"><div class=\"w-post-elm post_taxonomy usg_post_taxonomy_1 style_badge color_link_inherit\"><span class=\"w-btn us-btn-style_1 term-304 term-eventos-pasados-organica\">Eventos pasados org\u00e1nica<\/span><\/div><div class=\"w-html usg_html_1 has_text_color\">25 de octubre, 2024<\/div><\/div><div class=\"w-hwrapper usg_hwrapper_3 align_none valign_top stack_on_mobiles\"><div class=\"w-post-elm post_content usg_post_content_1 without_sections\"><p><strong>Conferencia del Programa de Doctorado en Qu\u00edmica Org\u00e1nica<\/strong><\/p>\n<p><strong>New molecular systems towards targeted imaging and delivery<\/strong><\/p>\n<p>A cargo de la Dra. Ona Illa, Universitat Aut\u00f2noma de Barcelona (UAB)<\/p>\n<p>Fecha y lugar: 25 de octubre de 2024 a las 12:00; Sala de Grados de la Facultad de F\u00edsica (UB)<\/p>\n<\/div><\/div><\/div><\/div>\t\t<\/div>\r\n\t\t\t<\/article>\r\n\t<article class=\"w-grid-item size_1x1 post-7234 post type-post status-publish format-standard hentry category-eventos-pasados-inorganica\" data-id=\"7234\">\r\n\t\t<div class=\"w-grid-item-h\">\r\n\t\t\t\t\t\t<div class=\"w-hwrapper usg_hwrapper_1 align_none valign_top\"><div class=\"w-vwrapper usg_vwrapper_1 align_none valign_top\"><div class=\"w-hwrapper usg_hwrapper_2 align_none valign_top\"><div class=\"w-post-elm post_taxonomy usg_post_taxonomy_1 style_badge color_link_inherit\"><span class=\"w-btn us-btn-style_1 term-303 term-eventos-pasados-inorganica\">Eventos pasados inorg\u00e1nica<\/span><\/div><div class=\"w-html usg_html_1 has_text_color\">18 de octubre, 2024<\/div><\/div><div class=\"w-hwrapper usg_hwrapper_3 align_none valign_top stack_on_mobiles\"><div class=\"w-post-elm post_content usg_post_content_1 without_sections\"><h5>M\u00e0ster de Qu\u00edmica de Materials Aplicada<\/h5>\n<p>Confer\u00e8ncia a c\u00e0rrec de la Dra. In\u00e9s Fernandez\u00a0 del Departament de Qu\u00edmica F\u00edsica i Ci\u00e8ncia de Materials titulada:\u00a0 \u00abRecerca en materials per emmagatzematge d\u2019energia t\u00e8rmica\u00bb<\/p>\n<p>Lloc: Sala de Graus de F\u00edsica<\/p>\n<p>Dia i hora: Divendres, 18 d\u2019Octubre de 2024, 12:00 h.<\/p>\n<p>Us hi esperem!<\/p>\n<p>&nbsp;<\/p>\n<p>&nbsp;<\/p>\n<\/div><\/div><\/div><\/div>\t\t<\/div>\r\n\t\t\t<\/article>\r\n\t<article class=\"w-grid-item size_1x1 post-7247 post type-post status-publish format-standard has-post-thumbnail hentry category-eventos-pasados-inorganica\" data-id=\"7247\">\r\n\t\t<div class=\"w-grid-item-h\">\r\n\t\t\t\t\t\t<div class=\"w-hwrapper usg_hwrapper_1 align_none valign_top\"><div class=\"w-vwrapper usg_vwrapper_1 align_none valign_top\"><div class=\"w-hwrapper usg_hwrapper_2 align_none valign_top\"><div class=\"w-post-elm post_taxonomy usg_post_taxonomy_1 style_badge color_link_inherit\"><span class=\"w-btn us-btn-style_1 term-303 term-eventos-pasados-inorganica\">Eventos pasados inorg\u00e1nica<\/span><\/div><div class=\"w-html usg_html_1 has_text_color\">14 de octubre, 2024<\/div><\/div><div class=\"w-hwrapper usg_hwrapper_3 align_none valign_top stack_on_mobiles\"><div class=\"w-post-elm post_content usg_post_content_1 without_sections\"><h5>Archivo hist\u00f3rico de la Secci\u00f3n de Inorg\u00e1nica: 6\u00aa edici\u00f3n de la Conferencia Europea Mediterr\u00e1nea en Qu\u00edmica Inorg\u00e1nica <em>FIGIPS<\/em>, celebrada en Barcelona en el a\u00f1o 2001.<\/h5>\n<p>Invitamos a todos los miembros de nuestra Secci\u00f3n a consultar el archivo hist\u00f3rico de la conferencia <em>FIGIPS<\/em>, realizada en Barcelona el a\u00f1o 2001 y organizada por diferentes miembros de nuestra secci\u00f3n, entre ellos el Prof. Santiago \u00c1lvarez, que nos ha cedido esta magn\u00edfica colecci\u00f3n de im\u00e1genes.<br \/>\nEl \u00e1lbum est\u00e1 disponible en el despacho de direcci\u00f3n, tanto en formato impreso como digital.<\/p>\n<\/div><div class=\"w-post-elm post_image usg_post_image_1 has_width\"><img loading=\"lazy\" decoding=\"async\" width=\"700\" height=\"495\" src=\"https:\/\/dqio.ub.edu\/wp-content\/uploads\/2024\/10\/2001.07.16.FIGIPS.A26_Mesa_presidencial-e1729242345938.jpg\" class=\"attachment-full size-full wp-post-image\" alt=\"\" \/><\/div><\/div><\/div><\/div>\t\t<\/div>\r\n\t\t\t<\/article>\r\n\t<article class=\"w-grid-item size_1x1 post-7184 post type-post status-publish format-standard hentry category-eventos-pasados-organica\" data-id=\"7184\">\r\n\t\t<div class=\"w-grid-item-h\">\r\n\t\t\t\t\t\t<div class=\"w-hwrapper usg_hwrapper_1 align_none valign_top\"><div class=\"w-vwrapper usg_vwrapper_1 align_none valign_top\"><div class=\"w-hwrapper usg_hwrapper_2 align_none valign_top\"><div class=\"w-post-elm post_taxonomy usg_post_taxonomy_1 style_badge color_link_inherit\"><span class=\"w-btn us-btn-style_1 term-304 term-eventos-pasados-organica\">Eventos pasados org\u00e1nica<\/span><\/div><div class=\"w-html usg_html_1 has_text_color\">11 de octubre, 2024<\/div><\/div><div class=\"w-hwrapper usg_hwrapper_3 align_none valign_top stack_on_mobiles\"><div class=\"w-post-elm post_content usg_post_content_1 without_sections\"><p><strong>Conferencia del Programa de Doctorado en Qu\u00edmica Org\u00e1nica<\/strong><\/p>\n<p><strong>Catalytic Carbyne Transfer in Organic Synthesis<\/strong><\/p>\n<p>A cargo del Prof. Marcos Garc\u00eda Suero, Institut Catal\u00e0 d\u2019Investigaci\u00f3 Qu\u00edmica (ICIQ) (<a href=\"https:\/\/www.iciq.org\/research\/research_group\/dr-marcos-g-suero\/\">P\u00e1gina web<\/a>)<\/p>\n<p>Fecha y lugar: 11 de octubre de 2024 a las 12:00; Aula Enric Casassas de la Facultad de Qu\u00edmica (UB)<\/p>\n<\/div><\/div><\/div><\/div>\t\t<\/div>\r\n\t\t\t<\/article>\r\n\t<article class=\"w-grid-item size_1x1 post-7170 post type-post status-publish format-standard hentry category-eventos-pasados-organica\" data-id=\"7170\">\r\n\t\t<div class=\"w-grid-item-h\">\r\n\t\t\t\t\t\t<div class=\"w-hwrapper usg_hwrapper_1 align_none valign_top\"><div class=\"w-vwrapper usg_vwrapper_1 align_none valign_top\"><div class=\"w-hwrapper usg_hwrapper_2 align_none valign_top\"><div class=\"w-post-elm post_taxonomy usg_post_taxonomy_1 style_badge color_link_inherit\"><span class=\"w-btn us-btn-style_1 term-304 term-eventos-pasados-organica\">Eventos pasados org\u00e1nica<\/span><\/div><div class=\"w-html usg_html_1 has_text_color\">3 de octubre, 2024<\/div><\/div><div class=\"w-hwrapper usg_hwrapper_3 align_none valign_top stack_on_mobiles\"><div class=\"w-post-elm post_content usg_post_content_1 without_sections\"><p><strong>Conferencia del Programa de Doctorado de Qu\u00edmica Org\u00e1nica<\/strong><\/p>\n<p><strong>Biomimetic Spirocyclizations for the Synthesis of Indole Alkaloids<\/strong><img loading=\"lazy\" decoding=\"async\" class=\"size-full wp-image-7162 alignright\" src=\"https:\/\/dqio.ub.edu\/wp-content\/uploads\/2024\/10\/Orru.jpg\" alt=\"\" width=\"200\" height=\"200\" srcset=\"https:\/\/dqio.ub.edu\/wp-content\/uploads\/2024\/10\/Orru.jpg 200w, https:\/\/dqio.ub.edu\/wp-content\/uploads\/2024\/10\/Orru-150x150.jpg 150w\" sizes=\"auto, (max-width: 200px) 100vw, 200px\" \/><\/p>\n<p>A cargo del Prof. Romano V.A. Orru, Aachen-Maastricht Institute for Biobased Materials (AMIBM)<\/p>\n<p>Lugar y fecha: 3 de octubre de 2024 a las 12:00; Aula Magna de la Facultad de Farmacia (UB)<\/p>\n<p>ABSTRACT: In the past 10 years we worked on a number of Tandem- and Multi Component Reaction strategies that involve a spirocyclization process. Especially, the spirocyclizations leading to spiroindelenine scaffolds proved very rewarding. Our one-pot spirocyclizations can be considered a bio-mimetic approach to synthesize indole alkaloid natural products and their derivatives in a concise, atom- and step efficient manner. This opens opportunities for total synthesis, but also for medicinal chemistry studies of these privileged heterocyclic molecules. In this presentation, I will highlight our work in this area over the years in detail discussing both scope and limitations of the methodology, fundamental mechanistic aspects and synthetic its applications.<\/p>\n<\/div><\/div><\/div><\/div>\t\t<\/div>\r\n\t\t\t<\/article>\r\n\t<article class=\"w-grid-item size_1x1 post-7285 post type-post status-publish format-standard has-post-thumbnail hentry category-eventos-pasados-inorganica\" data-id=\"7285\">\r\n\t\t<div class=\"w-grid-item-h\">\r\n\t\t\t\t\t\t<div class=\"w-hwrapper usg_hwrapper_1 align_none valign_top\"><div class=\"w-vwrapper usg_vwrapper_1 align_none valign_top\"><div class=\"w-hwrapper usg_hwrapper_2 align_none valign_top\"><div class=\"w-post-elm post_taxonomy usg_post_taxonomy_1 style_badge color_link_inherit\"><span class=\"w-btn us-btn-style_1 term-303 term-eventos-pasados-inorganica\">Eventos pasados inorg\u00e1nica<\/span><\/div><div class=\"w-html usg_html_1 has_text_color\">30 de septiembre, 2024<\/div><\/div><div class=\"w-hwrapper usg_hwrapper_3 align_none valign_top stack_on_mobiles\"><div class=\"w-post-elm post_content usg_post_content_1 without_sections\"><h5><strong>Acte de Jubilaci\u00f3 dels nostres companys Amparo Caubet, Jaume Granell, Margarita Crespo i Ram\u00f3n Vicente Castillo<\/strong><\/h5>\n<p>El passat dilluns 30 de setembre va ser el darrer dia de feina dels nostres companys Amparo Caubet, Jaume Granell, Margarita Crespo i Ram\u00f3n Vicente Castillo despr\u00e9s de diverses d\u00e8cades a la nostra Secci\u00f3.<\/p>\n<p>Us desitgem tot el millor en aquesta nova etapa i sempre sereu benvinguts, aix\u00f2 \u00e9s casa vostra!<\/p>\n<p>&nbsp;<\/p>\n<\/div><div class=\"w-post-elm post_image usg_post_image_1 has_width\"><img loading=\"lazy\" decoding=\"async\" width=\"554\" height=\"634\" src=\"https:\/\/dqio.ub.edu\/wp-content\/uploads\/2024\/10\/Imagen1-e1729500024751.png\" class=\"attachment-full size-full wp-post-image\" alt=\"\" \/><\/div><\/div><\/div><\/div>\t\t<\/div>\r\n\t\t\t<\/article>\r\n\t<article class=\"w-grid-item size_1x1 post-7142 post type-post status-publish format-standard has-post-thumbnail hentry category-eventos-pasados-inorganica\" data-id=\"7142\">\r\n\t\t<div class=\"w-grid-item-h\">\r\n\t\t\t\t\t\t<div class=\"w-hwrapper usg_hwrapper_1 align_none valign_top\"><div class=\"w-vwrapper usg_vwrapper_1 align_none valign_top\"><div class=\"w-hwrapper usg_hwrapper_2 align_none valign_top\"><div class=\"w-post-elm post_taxonomy usg_post_taxonomy_1 style_badge color_link_inherit\"><span class=\"w-btn us-btn-style_1 term-303 term-eventos-pasados-inorganica\">Eventos pasados inorg\u00e1nica<\/span><\/div><div class=\"w-html usg_html_1 has_text_color\">13 de septiembre, 2024<\/div><\/div><div class=\"w-hwrapper usg_hwrapper_3 align_none valign_top stack_on_mobiles\"><div class=\"w-post-elm post_content usg_post_content_1 without_sections\"><p><strong>El Consejo Europeo de Innovaci\u00f3n financia dos proyectos de la UB para desarrollar tecnolog\u00edas de vanguardia<\/strong><\/p>\n<p>Dos proyectos de la Universidad de Barcelona han sido seleccionados por el Consejo Europeo de Innovaci\u00f3n para desarrollar tecnolog\u00edas de vanguardia dentro de la convocatoria Pathfinder Open del a\u00f1o 2024. Los investigadores de la Facultad de Qu\u00edmica Marta Estrader y Josep Puigmart\u00ed Luis encabezan dos consorcios para promover avances en la detecci\u00f3n remota de contaminaci\u00f3n acu\u00e1tica y en el alineamiento celular en la bioimpresi\u00f3n de tejidos respectivamente.<\/p>\n<p>La investigadora Ram\u00f3n y Cajal de la Facultad de Qu\u00edmica\u00a0<strong>Marta Estrader<\/strong>, miembro del Instituto de Nanociencia y Nanotecnolog\u00eda de la UB (<a href=\"https:\/\/www.ub.edu\/in2ub\/ca\/\" target=\"_blank\" rel=\"noreferrer noopener\">IN2UB<\/a>), coordina el proyecto WATERsense, financiado con tres millones de euros durante cuatro a\u00f1os. El objetivo es \u00abdetectar de forma remota y en cualquier momento la presencia de contaminantes en el agua\u00bb, explica Estrader. \u00abPor eso, vamos a desarrollar nanosensores magneto\u00f3pticos que podr\u00e1n encapsular en la superficie, previamente funcionalizada, unos determinados contaminantes (desde pesticidas hasta productos derivados de la industria qu\u00edmica y farmac\u00e9utica). Estas sustancias podr\u00e1n identificarse mediante la espectroscopia vibracional de Raman\u00bb, a\u00f1ade la investigadora.<\/p>\n<p>La innovaci\u00f3n de la tecnolog\u00eda WATERsense radica en que \u00aba trav\u00e9s de un peque\u00f1o aparato que se instalar\u00e1 en r\u00edos, lagos o cualquier punto de agua ser\u00e1 posible detectar de forma \u00e1gil la presencia de contaminaci\u00f3n, y los resultados se enviar\u00e1n de forma inmediata a trav\u00e9s de internet, lo que reducir\u00e1 el coste global en comparaci\u00f3n con la metodolog\u00eda que se utiliza hoy\u00bb, afirma Estrader.<\/p>\n<p>Con el tiempo, WATERsense permitir\u00e1 poder llevar a cabo an\u00e1lisis cuidadosos de variaciones en la calidad del agua en relaci\u00f3n con cambios en la actividad socioecon\u00f3mica o en la demograf\u00eda de un cierto lugar o regi\u00f3n. En el proyecto participan investigadores de la Universidad de Vigo, el Instituto Austr\u00edaco de Tecnolog\u00eda, el Instituto de F\u00edsica de la Academia de Ciencias de la Rep\u00fablica Checa, el Instituto de Hidrodin\u00e1mica de la Academia de Ciencias de la Rep\u00fablica Checa, y Lightnovo.<\/p>\n<p>M\u00e1s informaci\u00f3n:<a href=\"https:\/\/web.ub.edu\/es\/web\/actualitat\/w\/eic-pathfinder-2024\" target=\"_blank\" rel=\"noopener\"> https:\/\/web.ub.edu\/es\/web\/actualitat\/w\/eic-pathfinder-2024<\/a><\/p>\n<\/div><div class=\"w-post-elm post_image usg_post_image_1 has_width\"><img loading=\"lazy\" decoding=\"async\" width=\"800\" height=\"534\" src=\"https:\/\/dqio.ub.edu\/wp-content\/uploads\/2024\/09\/martaestrader-e1729242468765.jpg\" class=\"attachment-full size-full wp-post-image\" alt=\"\" \/><\/div><\/div><\/div><\/div>\t\t<\/div>\r\n\t\t\t<\/article>\r\n\t<article class=\"w-grid-item size_1x1 post-6979 post type-post status-publish format-standard hentry category-eventos-pasados-inorganica category-eventos-pasados-organica\" data-id=\"6979\">\r\n\t\t<div class=\"w-grid-item-h\">\r\n\t\t\t\t\t\t<div class=\"w-hwrapper usg_hwrapper_1 align_none valign_top\"><div class=\"w-vwrapper usg_vwrapper_1 align_none valign_top\"><div class=\"w-hwrapper usg_hwrapper_2 align_none valign_top\"><div class=\"w-post-elm post_taxonomy usg_post_taxonomy_1 style_badge color_link_inherit\"><div class=\"w-post-elm-list\"><span class=\"w-btn us-btn-style_1 term-303 term-eventos-pasados-inorganica\">Eventos pasados inorg\u00e1nica<\/span><span class=\"w-btn us-btn-style_1 term-304 term-eventos-pasados-organica\">Eventos pasados org\u00e1nica<\/span><\/div><\/div><div class=\"w-html usg_html_1 has_text_color\">18 de junio, 2024<\/div><\/div><div class=\"w-hwrapper usg_hwrapper_3 align_none valign_top stack_on_mobiles\"><div class=\"w-post-elm post_content usg_post_content_1 without_sections\"><div class=\"x_elementToProof\"><b>Nueva Convocatoria de Becas de Colaboraci\u00f3n en el Departamento para el curso 2024-2025<\/b>.<\/div>\n<div><\/div>\n<div class=\"x_elementToProof\">El plazo de presentaci\u00f3n de solicitudes finaliza el 17 de septiembre del 2024.<\/div>\n<div class=\"x_elementToProof\">Para m\u00e1s informaci\u00f3n, mirar\u00a0<a href=\"https:\/\/www.ub.edu\/beques\/grausimasters\/beca_collaboracio\/beca_col_departament\/index.html\">aqu\u00ed<\/a>.<\/div>\n<\/div><\/div><\/div><\/div>\t\t<\/div>\r\n\t\t\t<\/article>\r\n\t<article class=\"w-grid-item size_1x1 post-4535 post type-post status-publish format-standard hentry category-eventos-pasados-organica\" data-id=\"4535\">\r\n\t\t<div class=\"w-grid-item-h\">\r\n\t\t\t\t\t\t<div class=\"w-hwrapper usg_hwrapper_1 align_none valign_top\"><div class=\"w-vwrapper usg_vwrapper_1 align_none valign_top\"><div class=\"w-hwrapper usg_hwrapper_2 align_none valign_top\"><div class=\"w-post-elm post_taxonomy usg_post_taxonomy_1 style_badge color_link_inherit\"><span class=\"w-btn us-btn-style_1 term-304 term-eventos-pasados-organica\">Eventos pasados org\u00e1nica<\/span><\/div><div class=\"w-html usg_html_1 has_text_color\">12 de abril, 2024<\/div><\/div><div class=\"w-hwrapper usg_hwrapper_3 align_none valign_top stack_on_mobiles\"><div class=\"w-post-elm post_content usg_post_content_1 without_sections\"><div class=\"wpb_text_column\"><div class=\"wpb_wrapper\"><table width=\"100%\">\n<tbody>\n<tr>\n<td width=\"20%\"><strong>Dia<\/strong><\/td>\n<td><\/td>\n<td><\/td>\n<td width=\"75%\">\u00a012\/04\/2024<\/td>\n<\/tr>\n<tr>\n<td width=\"20%\"><strong>Hora<\/strong><\/td>\n<td><\/td>\n<td><\/td>\n<td width=\"75%\">\u00a012:00<\/td>\n<\/tr>\n<tr>\n<td width=\"20%\"><strong>Aula<\/strong><\/td>\n<td><\/td>\n<td><\/td>\n<td width=\"75%\">\u00a0Aula Enric Casassas<\/td>\n<\/tr>\n<tr>\n<td width=\"20%\"><strong>Confer\u00e8ncia<\/strong><\/td>\n<td><\/td>\n<td><\/td>\n<td width=\"75%\"><em>\u2013<\/em><\/td>\n<\/tr>\n<tr>\n<td width=\"20%\"><\/td>\n<td><\/td>\n<td><\/td>\n<td width=\"75%\"><strong>Omar Botureira (Universitat Rovira i Virgili)<\/strong><\/td>\n<\/tr>\n<\/tbody>\n<\/table>\n<\/div><\/div>\n<\/div><\/div><\/div><\/div>\t\t<\/div>\r\n\t\t\t<\/article>\r\n\t<article class=\"w-grid-item size_1x1 post-4729 post type-post status-publish format-standard hentry category-eventos-pasados-organica\" data-id=\"4729\">\r\n\t\t<div class=\"w-grid-item-h\">\r\n\t\t\t\t\t\t<div class=\"w-hwrapper usg_hwrapper_1 align_none valign_top\"><div class=\"w-vwrapper usg_vwrapper_1 align_none valign_top\"><div class=\"w-hwrapper usg_hwrapper_2 align_none valign_top\"><div class=\"w-post-elm post_taxonomy usg_post_taxonomy_1 style_badge color_link_inherit\"><span class=\"w-btn us-btn-style_1 term-304 term-eventos-pasados-organica\">Eventos pasados org\u00e1nica<\/span><\/div><div class=\"w-html usg_html_1 has_text_color\">5 de abril, 2024<\/div><\/div><div class=\"w-hwrapper usg_hwrapper_3 align_none valign_top stack_on_mobiles\"><div class=\"w-post-elm post_content usg_post_content_1 without_sections\"><div class=\"wpb_text_column\"><div class=\"wpb_wrapper\"><table width=\"100%\">\n<tbody>\n<tr>\n<td width=\"20%\"><strong>Dia<\/strong><\/td>\n<td><\/td>\n<td><\/td>\n<td width=\"75%\">\u00a05\/04\/2024<\/td>\n<\/tr>\n<tr>\n<td width=\"20%\"><strong>Hora<\/strong><\/td>\n<td><\/td>\n<td><\/td>\n<td width=\"75%\">\u00a012:00<\/td>\n<\/tr>\n<tr>\n<td width=\"20%\"><strong>Aula<\/strong><\/td>\n<td><\/td>\n<td><\/td>\n<td width=\"75%\">\u00a0Aula Enric Casassas<\/td>\n<\/tr>\n<tr>\n<td width=\"20%\"><strong>Confer\u00e8ncia<\/strong><\/td>\n<td><\/td>\n<td><\/td>\n<td width=\"75%\"><u><span lang=\"EN-US\">C\u2013C and C\u2013N Bond Formation Through 1- and 2-Electron Processes<\/span><\/u><\/td>\n<\/tr>\n<tr>\n<td width=\"20%\"><\/td>\n<td><\/td>\n<td><\/td>\n<td width=\"75%\"><strong>Patrick J. Walsh (University of Pennsylvania)<\/strong><\/td>\n<\/tr>\n<\/tbody>\n<\/table>\n<\/div><\/div>\n<\/div><\/div><\/div><\/div>\t\t<\/div>\r\n\t\t\t<\/article>\r\n\t<article class=\"w-grid-item size_1x1 post-4539 post type-post status-publish format-standard hentry category-eventos-pasados-inorganica\" data-id=\"4539\">\r\n\t\t<div class=\"w-grid-item-h\">\r\n\t\t\t\t\t\t<div class=\"w-hwrapper usg_hwrapper_1 align_none valign_top\"><div class=\"w-vwrapper usg_vwrapper_1 align_none valign_top\"><div class=\"w-hwrapper usg_hwrapper_2 align_none valign_top\"><div class=\"w-post-elm post_taxonomy usg_post_taxonomy_1 style_badge color_link_inherit\"><span class=\"w-btn us-btn-style_1 term-303 term-eventos-pasados-inorganica\">Eventos pasados inorg\u00e1nica<\/span><\/div><div class=\"w-html usg_html_1 has_text_color\">20 de marzo, 2024<\/div><\/div><div class=\"w-hwrapper usg_hwrapper_3 align_none valign_top stack_on_mobiles\"><div class=\"w-post-elm post_content usg_post_content_1 without_sections\"><h6 class=\"w-text\"><span class=\"w-text-h\"><span class=\"w-text-value\">Seminari: \u201cHybrid 2D\/CMOS microchips for memristive Applications\u201d<\/span><\/span><\/h6><div class=\"wpb_text_column\"><div class=\"wpb_wrapper\"><table width=\"100%\">\n<tbody>\n<tr>\n<td width=\"20%\"><strong>Dia<\/strong><\/td>\n<td><\/td>\n<td><\/td>\n<td width=\"75%\">\u00a020-03-2024<\/td>\n<\/tr>\n<tr>\n<td width=\"20%\"><strong>Hora<\/strong><\/td>\n<td><\/td>\n<td><\/td>\n<td width=\"75%\">\u00a012:00<\/td>\n<\/tr>\n<tr>\n<td width=\"20%\"><strong>Aula<\/strong><\/td>\n<td><\/td>\n<td><\/td>\n<td width=\"75%\">\u00a0Sala Graus Eduard Fontser\u00e8<\/td>\n<\/tr>\n<tr>\n<td width=\"20%\"><strong>Lloc<\/strong><\/td>\n<td><\/td>\n<td><\/td>\n<td width=\"75%\"><em><br \/>\n<strong>\u00a0Institut de Nanoci\u00e8ncia i Nanotecnologia UB<\/strong><\/em><\/td>\n<\/tr>\n<tr>\n<td width=\"20%\"><strong>Informaci\u00f3<\/strong><\/td>\n<td><\/td>\n<td><\/td>\n<td width=\"75%\"><u>Conferenciant<\/u>: Mario Lanza, Ph.D. \u2013 IEEE Fellow.\u00a0 Associate Professor of Materials Science &amp; Engineering, Physical Sciences and Engineering Division,\u00a0<a href=\"https:\/\/www.kaust.edu.sa\/en\/\" target=\"_blank\" rel=\"noopener\">King Abdullah University of Science and Technology<\/a>\u00a0(KAUST), Saudi Arabia.<\/p>\n<p><u>Resum<\/u>: Abstract: Two-dimensional (2D) materials have outstanding physical, chemical and thermal properties that make them attractive for the fabrication of solid-state micro\/nano-electronic devices and circuits. However, synthesizing high-quality 2D materials at the wafer scale is difficult, and integrating them in silicon microchips brings associated multiple challenges. Nevertheless, in the past few years substantial progress has been achieved and leading companies like TSMC, Intel and Samsung have started to work in this direction too. In this talk I will discuss how to integrate 2D materials in micro\/nano-electronic devices, circuits, and microchips, giving a general overview of the global progress achieved in the field and presenting our last developments in hybrid 2D\/CMOS applications. I will put special emphasis on devices and circuits for memristive technologies, including data storage, computation, encryption, and communication. I will also discuss the main technological challenges to face in the next years and provide some recommendations on how to solve them.<\/p>\n<p><u>Link<\/u>:\u00a0<a href=\"https:\/\/www.ub.edu\/in2ub\/research-seminar-hybrid-2d-cmos-microchips-for-memristive-applications-20-03-204\/\" target=\"_blank\" rel=\"noopener\">https:\/\/www.ub.edu\/in2ub\/research-seminar-hybrid-2d-cmos-microchips-for-memristive-applications-20-03-204\/<\/a>.<\/td>\n<\/tr>\n<\/tbody>\n<\/table>\n<\/div><\/div>\n<\/div><\/div><\/div><\/div>\t\t<\/div>\r\n\t\t\t<\/article>\r\n\t<article class=\"w-grid-item size_1x1 post-5225 post type-post status-publish format-standard has-post-thumbnail hentry category-eventos-pasados-organica\" data-id=\"5225\">\r\n\t\t<div class=\"w-grid-item-h\">\r\n\t\t\t\t\t\t<div class=\"w-hwrapper usg_hwrapper_1 align_none valign_top\"><div class=\"w-vwrapper usg_vwrapper_1 align_none valign_top\"><div class=\"w-hwrapper usg_hwrapper_2 align_none valign_top\"><div class=\"w-post-elm post_taxonomy usg_post_taxonomy_1 style_badge color_link_inherit\"><span class=\"w-btn us-btn-style_1 term-304 term-eventos-pasados-organica\">Eventos pasados org\u00e1nica<\/span><\/div><div class=\"w-html usg_html_1 has_text_color\">26 de enero, 2024<\/div><\/div><div class=\"w-hwrapper usg_hwrapper_3 align_none valign_top stack_on_mobiles\"><div class=\"w-post-elm post_content usg_post_content_1 without_sections\"><h6 class=\"w-text\"><span class=\"w-text-h\"><span class=\"w-text-value\">Baixada del consum d\u2019energia i aigua el 2023 a les facultats de F\u00edsica i de Qu\u00edmica<\/span><\/span><\/h6><div class=\"wpb_text_column\"><div class=\"wpb_wrapper\"><p>Les xifres del consum d\u2019energia i agua a les facultats de F\u00edsica i de Qu\u00edmica de gener a desembre del 2023 han experimentat una davallada respecte a l&#8217;any 2022. Aix\u00ed, l\u2019evoluci\u00f3 del consum 2022-2023 suposa un descens en electricitat (\u20136,2 %), gas (\u201337,8 %) i aigua (\u20138,1 %). En conjunt s\u2019ha evitat una despesa global de 182.188 \u20ac.<\/p>\n<p>La infografia recull aquesta informaci\u00f3 aix\u00ed com equival\u00e8ncies num\u00e8riques amb altres situacions de la vida actual.<\/p>\n<p>\u00abEn som responsables!\u00bb \u00e9s l\u2019esl\u00f2gan de la campanya d\u2019estalvi energ\u00e8tic de la Universitat de Barcelona. \u00c9s una q\u00fcesti\u00f3 priorit\u00e0ria de la pol\u00edtica de la UB, que es va posar en marxa a principis de 2023 per part de l\u2019Oficina de Seguretat, Salut i Medi Ambient (OSSMA). M\u00e9s informaci\u00f3 a ub.edu\/estalvienergetic.<\/p>\n<\/div><\/div>\n<\/div><div class=\"w-post-elm post_image usg_post_image_1 has_width\"><img loading=\"lazy\" decoding=\"async\" width=\"1625\" height=\"1125\" src=\"https:\/\/dqio.ub.edu\/wp-content\/uploads\/2024\/04\/Consums-energia-2023_FiQ.jpg\" class=\"attachment-full size-full wp-post-image\" alt=\"\" srcset=\"https:\/\/dqio.ub.edu\/wp-content\/uploads\/2024\/04\/Consums-energia-2023_FiQ.jpg 1625w, https:\/\/dqio.ub.edu\/wp-content\/uploads\/2024\/04\/Consums-energia-2023_FiQ-300x208.jpg 300w, https:\/\/dqio.ub.edu\/wp-content\/uploads\/2024\/04\/Consums-energia-2023_FiQ-1024x709.jpg 1024w\" sizes=\"auto, (max-width: 1625px) 100vw, 1625px\" \/><\/div><\/div><\/div><\/div>\t\t<\/div>\r\n\t\t\t<\/article>\r\n<\/div><div class=\"w-grid-preloader\">\t<div class=\"g-preloader type_1\">\r\n\t\t<div><\/div>\r\n\t<\/div>\r\n\t<\/div>\t<div class=\"w-grid-json hidden\" onclick='return {&quot;action&quot;:&quot;us_ajax_grid&quot;,&quot;infinite_scroll&quot;:0,&quot;max_num_pages&quot;:1,&quot;pagination&quot;:&quot;none&quot;,&quot;template_vars&quot;:{&quot;columns&quot;:&quot;1&quot;,&quot;exclude_items&quot;:&quot;none&quot;,&quot;img_size&quot;:&quot;default&quot;,&quot;ignore_items_size&quot;:0,&quot;items_layout&quot;:&quot;4485&quot;,&quot;items_offset&quot;:&quot;1&quot;,&quot;load_animation&quot;:&quot;none&quot;,&quot;overriding_link&quot;:&quot;%7B%22url%22%3A%22%22%7D&quot;,&quot;post_id&quot;:0,&quot;query_args&quot;:{&quot;post_type&quot;:[&quot;post&quot;],&quot;tax_query&quot;:[{&quot;taxonomy&quot;:&quot;category&quot;,&quot;field&quot;:&quot;slug&quot;,&quot;terms&quot;:[&quot;eventos-inorganica&quot;,&quot;eventos-organica&quot;,&quot;eventos-pasados-inorganica&quot;,&quot;eventos-pasados-organica&quot;]}],&quot;post_status&quot;:[&quot;publish&quot;,&quot;acf-disabled&quot;],&quot;posts_per_page&quot;:999},&quot;orderby_query_args&quot;:{&quot;meta_query&quot;:{&quot;_orderby_custom_&quot;:{&quot;relation&quot;:&quot;OR&quot;,&quot;0&quot;:{&quot;compare&quot;:&quot;EXISTS&quot;,&quot;key&quot;:&quot;data&quot;,&quot;type&quot;:&quot;CHAR&quot;},&quot;1&quot;:{&quot;compare&quot;:&quot;NOT EXISTS&quot;,&quot;key&quot;:&quot;data&quot;,&quot;type&quot;:&quot;CHAR&quot;}}},&quot;orderby&quot;:&quot;data&quot;,&quot;order&quot;:&quot;DESC&quot;},&quot;type&quot;:&quot;grid&quot;,&quot;us_grid_ajax_index&quot;:1,&quot;us_grid_filter_params&quot;:[],&quot;us_grid_index&quot;:1,&quot;_us_grid_post_type&quot;:&quot;post&quot;,&quot;page_args&quot;:[],&quot;lang&quot;:&quot;es&quot;}}'><\/div>\r\n\t<\/div><\/div><\/div><\/div><\/div><\/div><\/div><\/div><\/section>\n","protected":false},"excerpt":{"rendered":"Baixada del consum d\u2019energia i aigua el 2023 a les facultats de F\u00edsica i de Qu\u00edmicaLes xifres del consum d\u2019energia i agua a les facultats de F\u00edsica i de Qu\u00edmica de gener a desembre del 2023 han experimentat una davallada respecte a l&#8217;any 2022. Aix\u00ed, l\u2019evoluci\u00f3 del consum 2022-2023 suposa un descens en electricitat (\u20136,2...","protected":false},"author":1,"featured_media":0,"parent":0,"menu_order":0,"comment_status":"closed","ping_status":"closed","template":"","meta":{"_acf_changed":false,"footnotes":""},"research_area":[],"class_list":["post-6139","page","type-page","status-publish","hentry"],"acf":[],"yoast_head":"<!-- This site is optimized with the Yoast SEO plugin v27.4 - https:\/\/yoast.com\/product\/yoast-seo-wordpress\/ -->\n<title>Eventos DQIO - Departament de Quimica Inorg\u00e0nica i Org\u00e0nica<\/title>\n<meta name=\"robots\" content=\"index, follow, max-snippet:-1, max-image-preview:large, max-video-preview:-1\" \/>\n<link rel=\"canonical\" href=\"https:\/\/dqio.ub.edu\/esdeveniments-dqio\/\" \/>\n<meta property=\"og:locale\" content=\"es_ES\" \/>\n<meta property=\"og:type\" content=\"article\" \/>\n<meta property=\"og:title\" content=\"Eventos DQIO - Departament de Quimica Inorg\u00e0nica i Org\u00e0nica\" \/>\n<meta property=\"og:url\" content=\"https:\/\/dqio.ub.edu\/esdeveniments-dqio\/\" \/>\n<meta property=\"og:site_name\" content=\"Departament de Quimica Inorg\u00e0nica i Org\u00e0nica\" \/>\n<meta property=\"article:modified_time\" content=\"2024-04-18T08:43:11+00:00\" \/>\n<meta name=\"twitter:card\" content=\"summary_large_image\" \/>\n<meta name=\"twitter:label1\" content=\"Tiempo de lectura\" \/>\n\t<meta name=\"twitter:data1\" content=\"1 minuto\" \/>\n<script type=\"application\/ld+json\" class=\"yoast-schema-graph\">{\"@context\":\"https:\\\/\\\/schema.org\",\"@graph\":[{\"@type\":\"WebPage\",\"@id\":\"https:\\\/\\\/dqio.ub.edu\\\/esdeveniments-dqio\\\/\",\"url\":\"https:\\\/\\\/dqio.ub.edu\\\/esdeveniments-dqio\\\/\",\"name\":\"Eventos DQIO - Departament de Quimica Inorg\u00e0nica i Org\u00e0nica\",\"isPartOf\":{\"@id\":\"https:\\\/\\\/dqio.ub.edu\\\/#website\"},\"datePublished\":\"2024-04-15T14:47:42+00:00\",\"dateModified\":\"2024-04-18T08:43:11+00:00\",\"breadcrumb\":{\"@id\":\"https:\\\/\\\/dqio.ub.edu\\\/esdeveniments-dqio\\\/#breadcrumb\"},\"inLanguage\":\"es\",\"potentialAction\":[{\"@type\":\"ReadAction\",\"target\":[\"https:\\\/\\\/dqio.ub.edu\\\/esdeveniments-dqio\\\/\"]}]},{\"@type\":\"BreadcrumbList\",\"@id\":\"https:\\\/\\\/dqio.ub.edu\\\/esdeveniments-dqio\\\/#breadcrumb\",\"itemListElement\":[{\"@type\":\"ListItem\",\"position\":1,\"name\":\"Inici\",\"item\":\"https:\\\/\\\/dqio.ub.edu\\\/es\\\/\"},{\"@type\":\"ListItem\",\"position\":2,\"name\":\"Eventos DQIO\"}]},{\"@type\":\"WebSite\",\"@id\":\"https:\\\/\\\/dqio.ub.edu\\\/#website\",\"url\":\"https:\\\/\\\/dqio.ub.edu\\\/\",\"name\":\"Departament de Quimica Inorg\u00e0nica i Org\u00e0nica\",\"description\":\"\",\"potentialAction\":[{\"@type\":\"SearchAction\",\"target\":{\"@type\":\"EntryPoint\",\"urlTemplate\":\"https:\\\/\\\/dqio.ub.edu\\\/?s={search_term_string}\"},\"query-input\":{\"@type\":\"PropertyValueSpecification\",\"valueRequired\":true,\"valueName\":\"search_term_string\"}}],\"inLanguage\":\"es\"}]}<\/script>\n<!-- \/ Yoast SEO plugin. -->","yoast_head_json":{"title":"Eventos DQIO - Departament de Quimica Inorg\u00e0nica i Org\u00e0nica","robots":{"index":"index","follow":"follow","max-snippet":"max-snippet:-1","max-image-preview":"max-image-preview:large","max-video-preview":"max-video-preview:-1"},"canonical":"https:\/\/dqio.ub.edu\/esdeveniments-dqio\/","og_locale":"es_ES","og_type":"article","og_title":"Eventos DQIO - Departament de Quimica Inorg\u00e0nica i Org\u00e0nica","og_url":"https:\/\/dqio.ub.edu\/esdeveniments-dqio\/","og_site_name":"Departament de Quimica Inorg\u00e0nica i Org\u00e0nica","article_modified_time":"2024-04-18T08:43:11+00:00","twitter_card":"summary_large_image","twitter_misc":{"Tiempo de lectura":"1 minuto"},"schema":{"@context":"https:\/\/schema.org","@graph":[{"@type":"WebPage","@id":"https:\/\/dqio.ub.edu\/esdeveniments-dqio\/","url":"https:\/\/dqio.ub.edu\/esdeveniments-dqio\/","name":"Eventos DQIO - Departament de Quimica Inorg\u00e0nica i Org\u00e0nica","isPartOf":{"@id":"https:\/\/dqio.ub.edu\/#website"},"datePublished":"2024-04-15T14:47:42+00:00","dateModified":"2024-04-18T08:43:11+00:00","breadcrumb":{"@id":"https:\/\/dqio.ub.edu\/esdeveniments-dqio\/#breadcrumb"},"inLanguage":"es","potentialAction":[{"@type":"ReadAction","target":["https:\/\/dqio.ub.edu\/esdeveniments-dqio\/"]}]},{"@type":"BreadcrumbList","@id":"https:\/\/dqio.ub.edu\/esdeveniments-dqio\/#breadcrumb","itemListElement":[{"@type":"ListItem","position":1,"name":"Inici","item":"https:\/\/dqio.ub.edu\/es\/"},{"@type":"ListItem","position":2,"name":"Eventos DQIO"}]},{"@type":"WebSite","@id":"https:\/\/dqio.ub.edu\/#website","url":"https:\/\/dqio.ub.edu\/","name":"Departament de Quimica Inorg\u00e0nica i Org\u00e0nica","description":"","potentialAction":[{"@type":"SearchAction","target":{"@type":"EntryPoint","urlTemplate":"https:\/\/dqio.ub.edu\/?s={search_term_string}"},"query-input":{"@type":"PropertyValueSpecification","valueRequired":true,"valueName":"search_term_string"}}],"inLanguage":"es"}]}},"_links":{"self":[{"href":"https:\/\/dqio.ub.edu\/es\/wp-json\/wp\/v2\/pages\/6139","targetHints":{"allow":["GET"]}}],"collection":[{"href":"https:\/\/dqio.ub.edu\/es\/wp-json\/wp\/v2\/pages"}],"about":[{"href":"https:\/\/dqio.ub.edu\/es\/wp-json\/wp\/v2\/types\/page"}],"author":[{"embeddable":true,"href":"https:\/\/dqio.ub.edu\/es\/wp-json\/wp\/v2\/users\/1"}],"replies":[{"embeddable":true,"href":"https:\/\/dqio.ub.edu\/es\/wp-json\/wp\/v2\/comments?post=6139"}],"version-history":[{"count":8,"href":"https:\/\/dqio.ub.edu\/es\/wp-json\/wp\/v2\/pages\/6139\/revisions"}],"predecessor-version":[{"id":6393,"href":"https:\/\/dqio.ub.edu\/es\/wp-json\/wp\/v2\/pages\/6139\/revisions\/6393"}],"wp:attachment":[{"href":"https:\/\/dqio.ub.edu\/es\/wp-json\/wp\/v2\/media?parent=6139"}],"wp:term":[{"taxonomy":"research_area","embeddable":true,"href":"https:\/\/dqio.ub.edu\/es\/wp-json\/wp\/v2\/research_area?post=6139"}],"curies":[{"name":"wp","href":"https:\/\/api.w.org\/{rel}","templated":true}]}}